{"id":5748,"date":"2023-02-01T14:30:45","date_gmt":"2023-02-01T13:30:45","guid":{"rendered":"http:\/\/kathleenferrier.be\/fdlm\/?page_id=5748"},"modified":"2024-01-25T14:25:19","modified_gmt":"2024-01-25T13:25:19","slug":"patrimoine","status":"publish","type":"page","link":"https:\/\/www.lesfilmsdelamemoire.be\/fr\/patrimoine\/","title":{"rendered":"Patrimoine"},"content":{"rendered":"\t\t<div data-elementor-type=\"wp-page\" data-elementor-id=\"5748\" class=\"elementor elementor-5748\">\n\t\t\t\t\t\t\t\t\t<section class=\"elementor-section elementor-top-section elementor-element elementor-element-fcd6bb3 elementor-section-full_width elementor-section-stretched elementor-section-height-default elementor-section-height-default qodef-elementor-content-no\" data-id=\"fcd6bb3\" data-element_type=\"section\" data-settings=\"{&quot;stretch_section&quot;:&quot;section-stretched&quot;}\">\n\t\t\t\t\t\t<div class=\"elementor-container elementor-column-gap-wide\">\n\t\t\t\t\t<div class=\"elementor-column elementor-col-100 elementor-top-column elementor-element elementor-element-9af3e3f\" data-id=\"9af3e3f\" data-element_type=\"column\">\n\t\t\t<div class=\"elementor-widget-wrap elementor-element-populated\">\n\t\t\t\t\t\t\t\t<section class=\"elementor-section elementor-inner-section elementor-element elementor-element-2de1a2d elementor-section-boxed elementor-section-height-default elementor-section-height-default qodef-elementor-content-no\" data-id=\"2de1a2d\" data-element_type=\"section\">\n\t\t\t\t\t\t<div class=\"elementor-container elementor-column-gap-default\">\n\t\t\t\t\t<div class=\"elementor-column elementor-col-100 elementor-inner-column elementor-element elementor-element-8d246d2\" data-id=\"8d246d2\" data-element_type=\"column\">\n\t\t\t<div class=\"elementor-widget-wrap elementor-element-populated\">\n\t\t\t\t\t\t\t\t<div class=\"elementor-element elementor-element-c95f499 elementor-widget elementor-widget-image\" data-id=\"c95f499\" data-element_type=\"widget\" data-widget_type=\"image.default\">\n\t\t\t\t<div class=\"elementor-widget-container\">\n\t\t\t\t\t\t\t\t\t\t\t\t\t\t\t<img loading=\"lazy\" decoding=\"async\" width=\"980\" height=\"200\" src=\"https:\/\/www.lesfilmsdelamemoire.be\/wp-content\/uploads\/2023\/02\/Patrimoine-Titre.jpg\" class=\"attachment-large size-large wp-image-6007\" alt=\"\" srcset=\"https:\/\/www.lesfilmsdelamemoire.be\/wp-content\/uploads\/2023\/02\/Patrimoine-Titre.jpg 980w, https:\/\/www.lesfilmsdelamemoire.be\/wp-content\/uploads\/2023\/02\/Patrimoine-Titre-300x61.jpg 300w, https:\/\/www.lesfilmsdelamemoire.be\/wp-content\/uploads\/2023\/02\/Patrimoine-Titre-768x157.jpg 768w, https:\/\/www.lesfilmsdelamemoire.be\/wp-content\/uploads\/2023\/02\/Patrimoine-Titre-600x122.jpg 600w\" sizes=\"auto, (max-width: 980px) 100vw, 980px\" \/>\t\t\t\t\t\t\t\t\t\t\t\t\t\t\t<\/div>\n\t\t\t\t<\/div>\n\t\t\t\t\t<\/div>\n\t\t<\/div>\n\t\t\t\t\t\t\t<\/div>\n\t\t<\/section>\n\t\t\t\t\t<\/div>\n\t\t<\/div>\n\t\t\t\t\t\t\t<\/div>\n\t\t<\/section>\n\t\t\t\t<section class=\"elementor-section elementor-top-section elementor-element elementor-element-c427da0 elementor-section-full_width elementor-section-stretched elementor-section-height-default elementor-section-height-default qodef-elementor-content-no\" data-id=\"c427da0\" data-element_type=\"section\" data-settings=\"{&quot;stretch_section&quot;:&quot;section-stretched&quot;}\">\n\t\t\t\t\t\t<div class=\"elementor-container elementor-column-gap-wide\">\n\t\t\t\t\t<div class=\"elementor-column elementor-col-100 elementor-top-column elementor-element elementor-element-ead4034\" data-id=\"ead4034\" data-element_type=\"column\">\n\t\t\t<div class=\"elementor-widget-wrap elementor-element-populated\">\n\t\t\t\t\t\t\t\t<section class=\"elementor-section elementor-inner-section elementor-element elementor-element-b6e940c elementor-section-boxed elementor-section-height-default elementor-section-height-default qodef-elementor-content-no\" data-id=\"b6e940c\" data-element_type=\"section\">\n\t\t\t\t\t\t<div class=\"elementor-container elementor-column-gap-default\">\n\t\t\t\t\t<div class=\"elementor-column elementor-col-50 elementor-inner-column elementor-element elementor-element-8dba312\" data-id=\"8dba312\" data-element_type=\"column\">\n\t\t\t<div class=\"elementor-widget-wrap elementor-element-populated\">\n\t\t\t\t\t\t\t\t<div class=\"elementor-element elementor-element-22ba687 elementor-widget elementor-widget-image\" data-id=\"22ba687\" data-element_type=\"widget\" data-widget_type=\"image.default\">\n\t\t\t\t<div class=\"elementor-widget-container\">\n\t\t\t\t\t\t\t\t\t\t\t\t\t\t\t<img loading=\"lazy\" decoding=\"async\" width=\"557\" height=\"788\" src=\"https:\/\/www.lesfilmsdelamemoire.be\/wp-content\/uploads\/2023\/02\/Patrimoine-Affiche.jpg\" class=\"attachment-large size-large wp-image-6022\" alt=\"\" srcset=\"https:\/\/www.lesfilmsdelamemoire.be\/wp-content\/uploads\/2023\/02\/Patrimoine-Affiche.jpg 557w, https:\/\/www.lesfilmsdelamemoire.be\/wp-content\/uploads\/2023\/02\/Patrimoine-Affiche-212x300.jpg 212w\" sizes=\"auto, (max-width: 557px) 100vw, 557px\" \/>\t\t\t\t\t\t\t\t\t\t\t\t\t\t\t<\/div>\n\t\t\t\t<\/div>\n\t\t\t\t\t<\/div>\n\t\t<\/div>\n\t\t\t\t<div class=\"elementor-column elementor-col-50 elementor-inner-column elementor-element elementor-element-6a36161\" data-id=\"6a36161\" data-element_type=\"column\">\n\t\t\t<div class=\"elementor-widget-wrap elementor-element-populated\">\n\t\t\t\t\t\t\t\t<div class=\"elementor-element elementor-element-4c47799 elementor-widget elementor-widget-heading\" data-id=\"4c47799\" data-element_type=\"widget\" data-widget_type=\"heading.default\">\n\t\t\t\t<div class=\"elementor-widget-container\">\n\t\t\t<h4 class=\"elementor-heading-title elementor-size-default\">Pr\u00e9sentation<\/h4>\t\t<\/div>\n\t\t\t\t<\/div>\n\t\t\t\t<div class=\"elementor-element elementor-element-22499db elementor-widget elementor-widget-text-editor\" data-id=\"22499db\" data-element_type=\"widget\" data-widget_type=\"text-editor.default\">\n\t\t\t\t<div class=\"elementor-widget-container\">\n\t\t\t\t\t\t\t<p>ZAKHOR ! SOUVIENS TOI !<\/p>\n<p>Le travail de m\u00e9moire est un socle essentiel de la substance de notre d\u00e9mocratie, de l\u2019\u00e9ducation \u00e0 la citoyennet\u00e9. C\u2019est pourquoi avec les Films de la M\u00e9moire, Willy Perelsztejn, et sa s\u0153ur Diane y ont consacr\u00e9 leur vie professionnelle.<\/p>\n<p>En plus de 30 ans de production audiovisuelle, le groupe Les Films de la M\u00e9moire \u2013 Cr\u00e9ation &amp; M\u00e9moire \u2013 Nowhere Land Productions a cr\u00e9\u00e9 un PATRIMOINE de films d\u00e9di\u00e9s \u00e0 la m\u00e9moire de la Shoah, de la r\u00e9sistance, aux survivants. C\u2019est une part essentielle de notre travail de m\u00e9moire.<\/p>\n<p>Notre ambition est de doter dans un premier temps l\u2019ensemble du corps enseignant et d\u2019\u00e9ducation permanente de cet outil de qualit\u00e9 pour aborder de mani\u00e8re compr\u00e9hensive, p\u00e9dagogique et relativement exhaustive la Shoah et son contexte \u00e0 partir de la Belgique et du Luxembourg. Ensuite de l\u2019ouvrir le plus possible \u00e0 toute la population dans sa diversit\u00e9. Mais \u00e9galement le fournir \u00e0 toute personne ou organisme qui y trouverait une utilit\u00e9&nbsp;!<\/p>\n<p>PATRIMOINE, c\u2019est actuellement 16 films disponibles dans leur meilleure qualit\u00e9, pr\u00eats \u00e0 \u00eatre projet\u00e9s dans les meilleures conditions. Les 16 films sont gratuitement mis \u00e0 disposition des enseignants sur <a style=\"color: #0072bc; text-decoration: underline;\" href=\"https:\/\/laplateforme.be\" target=\"_blank\" rel=\"noopener\">La Plateforme.be<\/a> du Centre du Cin\u00e9ma et de l\u2019Audiovisuel de Belgique ainsi que le catalogue reprenant notamment les fiches p\u00e9dagogiques et th\u00e9matiques, outils pour les enseignants.<\/p>\n<p>Nous ne sommes \u00e9videmment pas les seuls \u00e0 avoir travaill\u00e9 sur ces mati\u00e8res. Nous esp\u00e9rons qu\u2019\u00e0 terme nous aurons l\u2019occasion d\u2019inclure dans notre outil les films d\u2019autres r\u00e9alisateurs, d\u2019autres maisons de production audiovisuelle.<\/p>\t\t\t\t\t\t<\/div>\n\t\t\t\t<\/div>\n\t\t\t\t\t<\/div>\n\t\t<\/div>\n\t\t\t\t\t\t\t<\/div>\n\t\t<\/section>\n\t\t\t\t\t<\/div>\n\t\t<\/div>\n\t\t\t\t\t\t\t<\/div>\n\t\t<\/section>\n\t\t\t\t<section class=\"elementor-section elementor-top-section elementor-element elementor-element-4da80a2 elementor-section-full_width elementor-section-stretched elementor-section-height-default elementor-section-height-default qodef-elementor-content-no\" data-id=\"4da80a2\" data-element_type=\"section\" data-settings=\"{&quot;stretch_section&quot;:&quot;section-stretched&quot;}\">\n\t\t\t\t\t\t<div class=\"elementor-container elementor-column-gap-wide\">\n\t\t\t\t\t<div class=\"elementor-column elementor-col-100 elementor-top-column elementor-element elementor-element-fd8162e\" data-id=\"fd8162e\" data-element_type=\"column\">\n\t\t\t<div class=\"elementor-widget-wrap elementor-element-populated\">\n\t\t\t\t\t\t\t\t<section class=\"elementor-section elementor-inner-section elementor-element elementor-element-a227e4a elementor-section-boxed elementor-section-height-default elementor-section-height-default qodef-elementor-content-no\" data-id=\"a227e4a\" data-element_type=\"section\">\n\t\t\t\t\t\t<div class=\"elementor-container elementor-column-gap-default\">\n\t\t\t\t\t<div class=\"elementor-column elementor-col-50 elementor-inner-column elementor-element elementor-element-f06c56f\" data-id=\"f06c56f\" data-element_type=\"column\">\n\t\t\t<div class=\"elementor-widget-wrap elementor-element-populated\">\n\t\t\t\t\t\t\t\t<div class=\"elementor-element elementor-element-e6de1b3 elementor-widget elementor-widget-heading\" data-id=\"e6de1b3\" data-element_type=\"widget\" data-widget_type=\"heading.default\">\n\t\t\t\t<div class=\"elementor-widget-container\">\n\t\t\t<h4 class=\"elementor-heading-title elementor-size-default\">OBJECTIF<\/h4>\t\t<\/div>\n\t\t\t\t<\/div>\n\t\t\t\t<div class=\"elementor-element elementor-element-3202e6d elementor-widget elementor-widget-text-editor\" data-id=\"3202e6d\" data-element_type=\"widget\" data-widget_type=\"text-editor.default\">\n\t\t\t\t<div class=\"elementor-widget-container\">\n\t\t\t\t\t\t\t<p>L\u2019une des th\u00e9matiques les plus importantes mais aussi les plus difficiles \u00e0 enseigner est celle de la Shoah. Avec PATRIMOINE, notre objectif est d\u2019aider les enseignants, leur fournir un outil \u00ab ais\u00e9 \u00bb de transmission de la m\u00e9moire du g\u00e9nocide des Juifs d\u2019Europe et de son contexte.<\/p><p>Depuis plus de 35 ans, nous avons produit de nombreux films, documents et expositions couvrant la mati\u00e8re du g\u00e9nocide, des r\u00e9sistances juives, de la mort, de la survie, de la r\u00e9silience. Notre premier objectif\u00a0est donc de cr\u00e9er au travers de notre cin\u00e9ma un outil p\u00e9dagogique de qualit\u00e9 pour assurer la transmission de ce que fut le g\u00e9nocide, de sa complexit\u00e9, et de sa compr\u00e9hension en Belgique et en Europe.<\/p><p>Notre second objectif est que ces films et cet outil soient utilis\u00e9s et accessibles par le plus grand nombre. Que notre pass\u00e9 ne soit pas oubli\u00e9, pour mieux ancrer les enjeux fondamentaux de la d\u00e9mocratie et de la libert\u00e9.<\/p>\t\t\t\t\t\t<\/div>\n\t\t\t\t<\/div>\n\t\t\t\t\t<\/div>\n\t\t<\/div>\n\t\t\t\t<div class=\"elementor-column elementor-col-50 elementor-inner-column elementor-element elementor-element-7ba1c64\" data-id=\"7ba1c64\" data-element_type=\"column\" data-settings=\"{&quot;background_background&quot;:&quot;classic&quot;}\">\n\t\t\t<div class=\"elementor-widget-wrap elementor-element-populated\">\n\t\t\t\t\t\t\t\t<div class=\"elementor-element elementor-element-3eee55f elementor-widget elementor-widget-image\" data-id=\"3eee55f\" data-element_type=\"widget\" data-widget_type=\"image.default\">\n\t\t\t\t<div class=\"elementor-widget-container\">\n\t\t\t\t\t\t\t\t\t\t\t\t\t\t\t<img loading=\"lazy\" decoding=\"async\" width=\"1300\" height=\"1080\" src=\"https:\/\/www.lesfilmsdelamemoire.be\/wp-content\/uploads\/2023\/02\/Patrimoine-2-1300x1080.jpg\" class=\"attachment-pelicula_image_size_huge-square size-pelicula_image_size_huge-square wp-image-6073\" alt=\"\" \/>\t\t\t\t\t\t\t\t\t\t\t\t\t\t\t<\/div>\n\t\t\t\t<\/div>\n\t\t\t\t\t<\/div>\n\t\t<\/div>\n\t\t\t\t\t\t\t<\/div>\n\t\t<\/section>\n\t\t\t\t\t<\/div>\n\t\t<\/div>\n\t\t\t\t\t\t\t<\/div>\n\t\t<\/section>\n\t\t\t\t<section class=\"elementor-section elementor-top-section elementor-element elementor-element-ab278f4 elementor-section-full_width elementor-section-stretched elementor-section-height-default elementor-section-height-default qodef-elementor-content-no\" data-id=\"ab278f4\" data-element_type=\"section\" data-settings=\"{&quot;stretch_section&quot;:&quot;section-stretched&quot;,&quot;background_background&quot;:&quot;classic&quot;}\">\n\t\t\t\t\t\t<div class=\"elementor-container elementor-column-gap-no\">\n\t\t\t\t\t<div class=\"elementor-column elementor-col-100 elementor-top-column elementor-element elementor-element-8e79719\" data-id=\"8e79719\" data-element_type=\"column\">\n\t\t\t<div class=\"elementor-widget-wrap elementor-element-populated\">\n\t\t\t\t\t\t\t\t<section class=\"elementor-section elementor-inner-section elementor-element elementor-element-e17a996 elementor-section-full_width elementor-section-height-default elementor-section-height-default qodef-elementor-content-no\" data-id=\"e17a996\" data-element_type=\"section\">\n\t\t\t\t\t\t<div class=\"elementor-container elementor-column-gap-default\">\n\t\t\t\t\t<div class=\"elementor-column elementor-col-33 elementor-inner-column elementor-element elementor-element-d4151ff\" data-id=\"d4151ff\" data-element_type=\"column\">\n\t\t\t<div class=\"elementor-widget-wrap\">\n\t\t\t\t\t\t\t\t\t<\/div>\n\t\t<\/div>\n\t\t\t\t<div class=\"elementor-column elementor-col-33 elementor-inner-column elementor-element elementor-element-36290cb\" data-id=\"36290cb\" data-element_type=\"column\">\n\t\t\t<div class=\"elementor-widget-wrap elementor-element-populated\">\n\t\t\t\t\t\t\t\t<div class=\"elementor-element elementor-element-8f4fe78 fdlm-button elementor-widget elementor-widget-pelicula_core_button\" data-id=\"8f4fe78\" data-element_type=\"widget\" data-widget_type=\"pelicula_core_button.default\">\n\t\t\t\t<div class=\"elementor-widget-container\">\n\t\t\t<a class=\"qodef-shortcode qodef-m  qodef-button qodef-layout--filled  qodef-html--link\" href=\"https:\/\/www.dropbox.com\/scl\/fi\/zavcvpyxjxzolq66m5f2x\/Les-Films-de-la-Memoire-Patrimoine.pdf?rlkey=w1dzeowzmw9ceifirdrs0hk5z&#038;dl=0\" target=\"_blank\" data-hover-color=\"#FFFFFF\" data-hover-background-color=\"#000000\" data-background-color=\"#FF9934\" style=\"color: #000000;background-color: #FF9934\">\n\t<span class=\"qodef-m-text\">T\u00e9l\u00e9charger le catalogue<\/span>\n<\/a>\t\t<\/div>\n\t\t\t\t<\/div>\n\t\t\t\t\t<\/div>\n\t\t<\/div>\n\t\t\t\t<div class=\"elementor-column elementor-col-33 elementor-inner-column elementor-element elementor-element-4c6e72c\" data-id=\"4c6e72c\" data-element_type=\"column\">\n\t\t\t<div class=\"elementor-widget-wrap\">\n\t\t\t\t\t\t\t\t\t<\/div>\n\t\t<\/div>\n\t\t\t\t\t\t\t<\/div>\n\t\t<\/section>\n\t\t\t\t\t<\/div>\n\t\t<\/div>\n\t\t\t\t\t\t\t<\/div>\n\t\t<\/section>\n\t\t\t\t<section class=\"elementor-section elementor-top-section elementor-element elementor-element-6931f90 elementor-section-boxed elementor-section-height-default elementor-section-height-default qodef-elementor-content-no\" data-id=\"6931f90\" data-element_type=\"section\">\n\t\t\t\t\t\t<div class=\"elementor-container elementor-column-gap-default\">\n\t\t\t\t\t<div class=\"elementor-column elementor-col-100 elementor-top-column elementor-element elementor-element-7b3f2db\" data-id=\"7b3f2db\" data-element_type=\"column\">\n\t\t\t<div class=\"elementor-widget-wrap elementor-element-populated\">\n\t\t\t\t\t\t\t\t<div class=\"elementor-element elementor-element-9b616c9 elementor-widget elementor-widget-heading\" data-id=\"9b616c9\" data-element_type=\"widget\" data-widget_type=\"heading.default\">\n\t\t\t\t<div class=\"elementor-widget-container\">\n\t\t\t<h3 class=\"elementor-heading-title elementor-size-default\">La Collection<\/h3>\t\t<\/div>\n\t\t\t\t<\/div>\n\t\t\t\t<section class=\"elementor-section elementor-inner-section elementor-element elementor-element-8afa01f elementor-section-boxed elementor-section-height-default elementor-section-height-default qodef-elementor-content-no\" data-id=\"8afa01f\" data-element_type=\"section\">\n\t\t\t\t\t\t<div class=\"elementor-container elementor-column-gap-default\">\n\t\t\t\t\t<div class=\"elementor-column elementor-col-50 elementor-inner-column elementor-element elementor-element-efc594a\" data-id=\"efc594a\" data-element_type=\"column\">\n\t\t\t<div class=\"elementor-widget-wrap elementor-element-populated\">\n\t\t\t\t\t\t\t\t<div class=\"elementor-element elementor-element-64bc5c0 elementor-invisible elementor-widget elementor-widget-image\" data-id=\"64bc5c0\" data-element_type=\"widget\" data-settings=\"{&quot;_animation&quot;:&quot;fadeInUp&quot;}\" data-widget_type=\"image.default\">\n\t\t\t\t<div class=\"elementor-widget-container\">\n\t\t\t\t\t\t\t\t\t\t\t\t\t\t\t<img loading=\"lazy\" decoding=\"async\" width=\"960\" height=\"540\" src=\"https:\/\/www.lesfilmsdelamemoire.be\/wp-content\/uploads\/2021\/06\/Ashcan-Featured-Image.jpg\" class=\"attachment-large size-large wp-image-4066\" alt=\"\" srcset=\"https:\/\/www.lesfilmsdelamemoire.be\/wp-content\/uploads\/2021\/06\/Ashcan-Featured-Image.jpg 960w, https:\/\/www.lesfilmsdelamemoire.be\/wp-content\/uploads\/2021\/06\/Ashcan-Featured-Image-300x169.jpg 300w, https:\/\/www.lesfilmsdelamemoire.be\/wp-content\/uploads\/2021\/06\/Ashcan-Featured-Image-768x432.jpg 768w, https:\/\/www.lesfilmsdelamemoire.be\/wp-content\/uploads\/2021\/06\/Ashcan-Featured-Image-600x338.jpg 600w\" sizes=\"auto, (max-width: 960px) 100vw, 960px\" \/>\t\t\t\t\t\t\t\t\t\t\t\t\t\t\t<\/div>\n\t\t\t\t<\/div>\n\t\t\t\t\t<\/div>\n\t\t<\/div>\n\t\t\t\t<div class=\"elementor-column elementor-col-50 elementor-inner-column elementor-element elementor-element-5928d8e\" data-id=\"5928d8e\" data-element_type=\"column\">\n\t\t\t<div class=\"elementor-widget-wrap elementor-element-populated\">\n\t\t\t\t\t\t\t\t<div class=\"elementor-element elementor-element-c028074 elementor-invisible elementor-widget elementor-widget-heading\" data-id=\"c028074\" data-element_type=\"widget\" data-settings=\"{&quot;_animation&quot;:&quot;fadeInUp&quot;}\" data-widget_type=\"heading.default\">\n\t\t\t\t<div class=\"elementor-widget-container\">\n\t\t\t<h4 class=\"elementor-heading-title elementor-size-default\">Ashcan The Secret Prison<\/h4>\t\t<\/div>\n\t\t\t\t<\/div>\n\t\t\t\t<div class=\"elementor-element elementor-element-f5fa657 elementor-invisible elementor-widget elementor-widget-heading\" data-id=\"f5fa657\" data-element_type=\"widget\" data-settings=\"{&quot;_animation&quot;:&quot;fadeInUp&quot;}\" data-widget_type=\"heading.default\">\n\t\t\t\t<div class=\"elementor-widget-container\">\n\t\t\t<h6 class=\"elementor-heading-title elementor-size-small\">2018<\/h6>\t\t<\/div>\n\t\t\t\t<\/div>\n\t\t\t\t<div class=\"elementor-element elementor-element-aa42fcc elementor-invisible elementor-widget elementor-widget-text-editor\" data-id=\"aa42fcc\" data-element_type=\"widget\" data-settings=\"{&quot;_animation&quot;:&quot;fadeInUp&quot;}\" data-widget_type=\"text-editor.default\">\n\t\t\t\t<div class=\"elementor-widget-container\">\n\t\t\t\t\t\t\t<p>C&rsquo;est l&rsquo;histoire d&rsquo;une prison unique. Du 8 mai 1945 au 10 ao\u00fbt 1945, les principaux dirigeants nazis sont d\u00e9tenus dans le plus grand secret \u00e0 Ashcan, une prison administr\u00e9e par l\u2019arm\u00e9e am\u00e9ricaine au Luxembourg : Goering, Doenitz, Keitel, Rosenberg, Ley, Frank, Streicher, Seyss-Inquart, Lutz von Krosigk, von Papen&#8230;<\/p>\t\t\t\t\t\t<\/div>\n\t\t\t\t<\/div>\n\t\t\t\t<div class=\"elementor-element elementor-element-fac0f29 elementor-invisible elementor-widget elementor-widget-text-editor\" data-id=\"fac0f29\" data-element_type=\"widget\" data-settings=\"{&quot;_animation&quot;:&quot;fadeInUp&quot;}\" data-widget_type=\"text-editor.default\">\n\t\t\t\t<div class=\"elementor-widget-container\">\n\t\t\t\t\t\t\t<p>Th\u00e9matiques : Seconde Guerre mondiale, R\u00e9gime nazi, Prison, Dignitaires Nazis, T\u00e9moignages, Th\u00e9\u00e2tre<\/p>\t\t\t\t\t\t<\/div>\n\t\t\t\t<\/div>\n\t\t\t\t<div class=\"elementor-element elementor-element-b1e1e15 elementor-widget__width-auto elementor-invisible elementor-widget elementor-widget-pelicula_core_button\" data-id=\"b1e1e15\" data-element_type=\"widget\" data-settings=\"{&quot;_animation&quot;:&quot;fadeInUp&quot;}\" data-widget_type=\"pelicula_core_button.default\">\n\t\t\t\t<div class=\"elementor-widget-container\">\n\t\t\t<a class=\"qodef-shortcode qodef-m  qodef-button qodef-layout--filled  qodef-html--link\" href=\"https:\/\/www.lesfilmsdelamemoire.be\/fr\/films\/ashcan-the-secret-prison\/\" target=\"_self\" data-hover-color=\"#000000\" data-hover-background-color=\"#FFFFFF\" data-background-color=\"#000000\" style=\"background-color: #000000\">\n\t<span class=\"qodef-m-text\">En Savoir Plus<\/span>\n<\/a>\t\t<\/div>\n\t\t\t\t<\/div>\n\t\t\t\t\t<\/div>\n\t\t<\/div>\n\t\t\t\t\t\t\t<\/div>\n\t\t<\/section>\n\t\t\t\t<div class=\"elementor-element elementor-element-873eaa3 elementor-widget-divider--view-line elementor-widget elementor-widget-divider\" data-id=\"873eaa3\" data-element_type=\"widget\" data-widget_type=\"divider.default\">\n\t\t\t\t<div class=\"elementor-widget-container\">\n\t\t\t\t\t<div class=\"elementor-divider\">\n\t\t\t<span class=\"elementor-divider-separator\">\n\t\t\t\t\t\t<\/span>\n\t\t<\/div>\n\t\t\t\t<\/div>\n\t\t\t\t<\/div>\n\t\t\t\t<section class=\"elementor-section elementor-inner-section elementor-element elementor-element-4b6fe5d elementor-section-boxed elementor-section-height-default elementor-section-height-default qodef-elementor-content-no\" data-id=\"4b6fe5d\" data-element_type=\"section\">\n\t\t\t\t\t\t<div class=\"elementor-container elementor-column-gap-default\">\n\t\t\t\t\t<div class=\"elementor-column elementor-col-50 elementor-inner-column elementor-element elementor-element-1eeeaac\" data-id=\"1eeeaac\" data-element_type=\"column\">\n\t\t\t<div class=\"elementor-widget-wrap elementor-element-populated\">\n\t\t\t\t\t\t\t\t<div class=\"elementor-element elementor-element-e54eb5a elementor-invisible elementor-widget elementor-widget-image\" data-id=\"e54eb5a\" data-element_type=\"widget\" data-settings=\"{&quot;_animation&quot;:&quot;fadeInUp&quot;}\" data-widget_type=\"image.default\">\n\t\t\t\t<div class=\"elementor-widget-container\">\n\t\t\t\t\t\t\t\t\t\t\t\t\t\t\t<img loading=\"lazy\" decoding=\"async\" width=\"960\" height=\"540\" src=\"https:\/\/www.lesfilmsdelamemoire.be\/wp-content\/uploads\/2021\/06\/Codename-Ashcan-Featured-Image.jpg\" class=\"attachment-large size-large wp-image-4096\" alt=\"\" srcset=\"https:\/\/www.lesfilmsdelamemoire.be\/wp-content\/uploads\/2021\/06\/Codename-Ashcan-Featured-Image.jpg 960w, https:\/\/www.lesfilmsdelamemoire.be\/wp-content\/uploads\/2021\/06\/Codename-Ashcan-Featured-Image-300x169.jpg 300w, https:\/\/www.lesfilmsdelamemoire.be\/wp-content\/uploads\/2021\/06\/Codename-Ashcan-Featured-Image-768x432.jpg 768w, https:\/\/www.lesfilmsdelamemoire.be\/wp-content\/uploads\/2021\/06\/Codename-Ashcan-Featured-Image-600x338.jpg 600w\" sizes=\"auto, (max-width: 960px) 100vw, 960px\" \/>\t\t\t\t\t\t\t\t\t\t\t\t\t\t\t<\/div>\n\t\t\t\t<\/div>\n\t\t\t\t\t<\/div>\n\t\t<\/div>\n\t\t\t\t<div class=\"elementor-column elementor-col-50 elementor-inner-column elementor-element elementor-element-5322802\" data-id=\"5322802\" data-element_type=\"column\">\n\t\t\t<div class=\"elementor-widget-wrap elementor-element-populated\">\n\t\t\t\t\t\t\t\t<div class=\"elementor-element elementor-element-7c9607e elementor-invisible elementor-widget elementor-widget-heading\" data-id=\"7c9607e\" data-element_type=\"widget\" data-settings=\"{&quot;_animation&quot;:&quot;fadeInUp&quot;}\" data-widget_type=\"heading.default\">\n\t\t\t\t<div class=\"elementor-widget-container\">\n\t\t\t<h4 class=\"elementor-heading-title elementor-size-default\">Codename : Ashcan<\/h4>\t\t<\/div>\n\t\t\t\t<\/div>\n\t\t\t\t<div class=\"elementor-element elementor-element-1c5cc57 elementor-invisible elementor-widget elementor-widget-heading\" data-id=\"1c5cc57\" data-element_type=\"widget\" data-settings=\"{&quot;_animation&quot;:&quot;fadeInUp&quot;}\" data-widget_type=\"heading.default\">\n\t\t\t\t<div class=\"elementor-widget-container\">\n\t\t\t<h6 class=\"elementor-heading-title elementor-size-small\">2020<\/h6>\t\t<\/div>\n\t\t\t\t<\/div>\n\t\t\t\t<div class=\"elementor-element elementor-element-b333781 elementor-invisible elementor-widget elementor-widget-text-editor\" data-id=\"b333781\" data-element_type=\"widget\" data-settings=\"{&quot;_animation&quot;:&quot;fadeInUp&quot;}\" data-widget_type=\"text-editor.default\">\n\t\t\t\t<div class=\"elementor-widget-container\">\n\t\t\t\t\t\t\t<p>Du 8 mai 1945 au 10 ao\u00fbt 1945, les principaux dirigeants nazis sont d\u00e9tenus \u00e0 Ashcan, une prison secr\u00e8te au Luxembourg. C\u2019est l\u2019histoire de la m\u00e9tamorphose des dirigeants nazis de simples prisonniers de guerre, en accus\u00e9s des pires crimes de l\u2019histoire de l\u2019humanit\u00e9.<\/p>\t\t\t\t\t\t<\/div>\n\t\t\t\t<\/div>\n\t\t\t\t<div class=\"elementor-element elementor-element-c2f9e9c elementor-invisible elementor-widget elementor-widget-text-editor\" data-id=\"c2f9e9c\" data-element_type=\"widget\" data-settings=\"{&quot;_animation&quot;:&quot;fadeInUp&quot;}\" data-widget_type=\"text-editor.default\">\n\t\t\t\t<div class=\"elementor-widget-container\">\n\t\t\t\t\t\t\t<p>Th\u00e9matiques : Seconde Guerre mondiale, R\u00e9gime nazi, Prison, Dignitaires Nazis, T\u00e9moignages, Th\u00e9\u00e2tre<\/p>\t\t\t\t\t\t<\/div>\n\t\t\t\t<\/div>\n\t\t\t\t<div class=\"elementor-element elementor-element-0ac1b47 elementor-widget__width-auto elementor-invisible elementor-widget elementor-widget-pelicula_core_button\" data-id=\"0ac1b47\" data-element_type=\"widget\" data-settings=\"{&quot;_animation&quot;:&quot;fadeInUp&quot;}\" data-widget_type=\"pelicula_core_button.default\">\n\t\t\t\t<div class=\"elementor-widget-container\">\n\t\t\t<a class=\"qodef-shortcode qodef-m  qodef-button qodef-layout--filled  qodef-html--link\" href=\"https:\/\/www.lesfilmsdelamemoire.be\/fr\/films\/codename-ashcan\/\" target=\"_self\" data-hover-color=\"#000000\" data-hover-background-color=\"#FFFFFF\" data-background-color=\"#000000\" style=\"background-color: #000000\">\n\t<span class=\"qodef-m-text\">En Savoir Plus<\/span>\n<\/a>\t\t<\/div>\n\t\t\t\t<\/div>\n\t\t\t\t\t<\/div>\n\t\t<\/div>\n\t\t\t\t\t\t\t<\/div>\n\t\t<\/section>\n\t\t\t\t<div class=\"elementor-element elementor-element-282ca56 elementor-widget-divider--view-line elementor-widget elementor-widget-divider\" data-id=\"282ca56\" data-element_type=\"widget\" data-widget_type=\"divider.default\">\n\t\t\t\t<div class=\"elementor-widget-container\">\n\t\t\t\t\t<div class=\"elementor-divider\">\n\t\t\t<span class=\"elementor-divider-separator\">\n\t\t\t\t\t\t<\/span>\n\t\t<\/div>\n\t\t\t\t<\/div>\n\t\t\t\t<\/div>\n\t\t\t\t<section class=\"elementor-section elementor-inner-section elementor-element elementor-element-6080d4e elementor-section-boxed elementor-section-height-default elementor-section-height-default qodef-elementor-content-no\" data-id=\"6080d4e\" data-element_type=\"section\">\n\t\t\t\t\t\t<div class=\"elementor-container elementor-column-gap-default\">\n\t\t\t\t\t<div class=\"elementor-column elementor-col-50 elementor-inner-column elementor-element elementor-element-c15b094\" data-id=\"c15b094\" data-element_type=\"column\">\n\t\t\t<div class=\"elementor-widget-wrap elementor-element-populated\">\n\t\t\t\t\t\t\t\t<div class=\"elementor-element elementor-element-e9888eb elementor-invisible elementor-widget elementor-widget-image\" data-id=\"e9888eb\" data-element_type=\"widget\" data-settings=\"{&quot;_animation&quot;:&quot;fadeInUp&quot;}\" data-widget_type=\"image.default\">\n\t\t\t\t<div class=\"elementor-widget-container\">\n\t\t\t\t\t\t\t\t\t\t\t\t\t\t\t<img loading=\"lazy\" decoding=\"async\" width=\"960\" height=\"540\" src=\"https:\/\/www.lesfilmsdelamemoire.be\/wp-content\/uploads\/2023\/01\/Auschwitz-Jerusalem-Featured.jpg\" class=\"attachment-large size-large wp-image-5286\" alt=\"\" srcset=\"https:\/\/www.lesfilmsdelamemoire.be\/wp-content\/uploads\/2023\/01\/Auschwitz-Jerusalem-Featured.jpg 960w, https:\/\/www.lesfilmsdelamemoire.be\/wp-content\/uploads\/2023\/01\/Auschwitz-Jerusalem-Featured-300x169.jpg 300w, https:\/\/www.lesfilmsdelamemoire.be\/wp-content\/uploads\/2023\/01\/Auschwitz-Jerusalem-Featured-768x432.jpg 768w, https:\/\/www.lesfilmsdelamemoire.be\/wp-content\/uploads\/2023\/01\/Auschwitz-Jerusalem-Featured-600x338.jpg 600w\" sizes=\"auto, (max-width: 960px) 100vw, 960px\" \/>\t\t\t\t\t\t\t\t\t\t\t\t\t\t\t<\/div>\n\t\t\t\t<\/div>\n\t\t\t\t\t<\/div>\n\t\t<\/div>\n\t\t\t\t<div class=\"elementor-column elementor-col-50 elementor-inner-column elementor-element elementor-element-8d38fd9\" data-id=\"8d38fd9\" data-element_type=\"column\">\n\t\t\t<div class=\"elementor-widget-wrap elementor-element-populated\">\n\t\t\t\t\t\t\t\t<div class=\"elementor-element elementor-element-fb6f320 elementor-invisible elementor-widget elementor-widget-heading\" data-id=\"fb6f320\" data-element_type=\"widget\" data-settings=\"{&quot;_animation&quot;:&quot;fadeInUp&quot;}\" data-widget_type=\"heading.default\">\n\t\t\t\t<div class=\"elementor-widget-container\">\n\t\t\t<h4 class=\"elementor-heading-title elementor-size-default\">D'Auschwitz \u00e0 J\u00e9rusalem<\/h4>\t\t<\/div>\n\t\t\t\t<\/div>\n\t\t\t\t<div class=\"elementor-element elementor-element-a11b5b6 elementor-invisible elementor-widget elementor-widget-heading\" data-id=\"a11b5b6\" data-element_type=\"widget\" data-settings=\"{&quot;_animation&quot;:&quot;fadeInUp&quot;}\" data-widget_type=\"heading.default\">\n\t\t\t\t<div class=\"elementor-widget-container\">\n\t\t\t<h6 class=\"elementor-heading-title elementor-size-small\">1998<\/h6>\t\t<\/div>\n\t\t\t\t<\/div>\n\t\t\t\t<div class=\"elementor-element elementor-element-a302ccb elementor-invisible elementor-widget elementor-widget-text-editor\" data-id=\"a302ccb\" data-element_type=\"widget\" data-settings=\"{&quot;_animation&quot;:&quot;fadeInUp&quot;}\" data-widget_type=\"text-editor.default\">\n\t\t\t\t<div class=\"elementor-widget-container\">\n\t\t\t\t\t\t\t<p>C&rsquo;est le r\u00e9cit d\u2019enfants juifs cach\u00e9s en Belgique pour survivre au g\u00e9nocide. Au lendemain de la guerre, orphelins, ils seront r\u00e9cup\u00e9r\u00e9s par l\u2019Agence juive. Ils partiront clandestinement \u00e9migrer en Palestine.<\/p>\t\t\t\t\t\t<\/div>\n\t\t\t\t<\/div>\n\t\t\t\t<div class=\"elementor-element elementor-element-ca869a7 elementor-invisible elementor-widget elementor-widget-text-editor\" data-id=\"ca869a7\" data-element_type=\"widget\" data-settings=\"{&quot;_animation&quot;:&quot;fadeInUp&quot;}\" data-widget_type=\"text-editor.default\">\n\t\t\t\t<div class=\"elementor-widget-container\">\n\t\t\t\t\t\t\t<p>Th\u00e9matiques : Seconde Guerre mondiale, Belgique, Enfants cach\u00e9s, Shoah, Juda\u00efsme, Home, Voyage<\/p>\t\t\t\t\t\t<\/div>\n\t\t\t\t<\/div>\n\t\t\t\t<div class=\"elementor-element elementor-element-47db1f7 elementor-widget__width-auto elementor-invisible elementor-widget elementor-widget-pelicula_core_button\" data-id=\"47db1f7\" data-element_type=\"widget\" data-settings=\"{&quot;_animation&quot;:&quot;fadeInUp&quot;}\" data-widget_type=\"pelicula_core_button.default\">\n\t\t\t\t<div class=\"elementor-widget-container\">\n\t\t\t<a class=\"qodef-shortcode qodef-m  qodef-button qodef-layout--filled  qodef-html--link\" href=\"https:\/\/www.lesfilmsdelamemoire.be\/fr\/films\/dauschwitz-a-jerusalem\/\" target=\"_self\" data-hover-color=\"#000000\" data-hover-background-color=\"#FFFFFF\" data-background-color=\"#000000\" style=\"background-color: #000000\">\n\t<span class=\"qodef-m-text\">En Savoir Plus<\/span>\n<\/a>\t\t<\/div>\n\t\t\t\t<\/div>\n\t\t\t\t\t<\/div>\n\t\t<\/div>\n\t\t\t\t\t\t\t<\/div>\n\t\t<\/section>\n\t\t\t\t<div class=\"elementor-element elementor-element-c15ed5a elementor-widget-divider--view-line elementor-widget elementor-widget-divider\" data-id=\"c15ed5a\" data-element_type=\"widget\" data-widget_type=\"divider.default\">\n\t\t\t\t<div class=\"elementor-widget-container\">\n\t\t\t\t\t<div class=\"elementor-divider\">\n\t\t\t<span class=\"elementor-divider-separator\">\n\t\t\t\t\t\t<\/span>\n\t\t<\/div>\n\t\t\t\t<\/div>\n\t\t\t\t<\/div>\n\t\t\t\t<section class=\"elementor-section elementor-inner-section elementor-element elementor-element-3de29ae elementor-section-boxed elementor-section-height-default elementor-section-height-default qodef-elementor-content-no\" data-id=\"3de29ae\" data-element_type=\"section\">\n\t\t\t\t\t\t<div class=\"elementor-container elementor-column-gap-default\">\n\t\t\t\t\t<div class=\"elementor-column elementor-col-50 elementor-inner-column elementor-element elementor-element-13ec38d\" data-id=\"13ec38d\" data-element_type=\"column\">\n\t\t\t<div class=\"elementor-widget-wrap elementor-element-populated\">\n\t\t\t\t\t\t\t\t<div class=\"elementor-element elementor-element-4c0280a elementor-invisible elementor-widget elementor-widget-image\" data-id=\"4c0280a\" data-element_type=\"widget\" data-settings=\"{&quot;_animation&quot;:&quot;fadeInUp&quot;}\" data-widget_type=\"image.default\">\n\t\t\t\t<div class=\"elementor-widget-container\">\n\t\t\t\t\t\t\t\t\t\t\t\t\t\t\t<img loading=\"lazy\" decoding=\"async\" width=\"960\" height=\"540\" src=\"https:\/\/www.lesfilmsdelamemoire.be\/wp-content\/uploads\/2023\/01\/David-Susskind-Featured-Image.jpg\" class=\"attachment-large size-large wp-image-4984\" alt=\"\" srcset=\"https:\/\/www.lesfilmsdelamemoire.be\/wp-content\/uploads\/2023\/01\/David-Susskind-Featured-Image.jpg 960w, https:\/\/www.lesfilmsdelamemoire.be\/wp-content\/uploads\/2023\/01\/David-Susskind-Featured-Image-300x169.jpg 300w, https:\/\/www.lesfilmsdelamemoire.be\/wp-content\/uploads\/2023\/01\/David-Susskind-Featured-Image-768x432.jpg 768w, https:\/\/www.lesfilmsdelamemoire.be\/wp-content\/uploads\/2023\/01\/David-Susskind-Featured-Image-600x338.jpg 600w\" sizes=\"auto, (max-width: 960px) 100vw, 960px\" \/>\t\t\t\t\t\t\t\t\t\t\t\t\t\t\t<\/div>\n\t\t\t\t<\/div>\n\t\t\t\t\t<\/div>\n\t\t<\/div>\n\t\t\t\t<div class=\"elementor-column elementor-col-50 elementor-inner-column elementor-element elementor-element-a677257\" data-id=\"a677257\" data-element_type=\"column\">\n\t\t\t<div class=\"elementor-widget-wrap elementor-element-populated\">\n\t\t\t\t\t\t\t\t<div class=\"elementor-element elementor-element-8b560b2 elementor-invisible elementor-widget elementor-widget-heading\" data-id=\"8b560b2\" data-element_type=\"widget\" data-settings=\"{&quot;_animation&quot;:&quot;fadeInUp&quot;}\" data-widget_type=\"heading.default\">\n\t\t\t\t<div class=\"elementor-widget-container\">\n\t\t\t<h4 class=\"elementor-heading-title elementor-size-default\">David Susskind<br>Sois un Mensch Mon Fils<\/h4>\t\t<\/div>\n\t\t\t\t<\/div>\n\t\t\t\t<div class=\"elementor-element elementor-element-21e1635 elementor-invisible elementor-widget elementor-widget-heading\" data-id=\"21e1635\" data-element_type=\"widget\" data-settings=\"{&quot;_animation&quot;:&quot;fadeInUp&quot;}\" data-widget_type=\"heading.default\">\n\t\t\t\t<div class=\"elementor-widget-container\">\n\t\t\t<h6 class=\"elementor-heading-title elementor-size-small\">2007<\/h6>\t\t<\/div>\n\t\t\t\t<\/div>\n\t\t\t\t<div class=\"elementor-element elementor-element-c8613db elementor-invisible elementor-widget elementor-widget-text-editor\" data-id=\"c8613db\" data-element_type=\"widget\" data-settings=\"{&quot;_animation&quot;:&quot;fadeInUp&quot;}\" data-widget_type=\"text-editor.default\">\n\t\t\t\t<div class=\"elementor-widget-container\">\n\t\t\t\t\t\t\t<p>Sois un Mensch, mon fils ! est le portrait de David Susskind, acteur et t\u00e9moin, de tous les grands combats du juda\u00efsme des 60 derni\u00e8res ann\u00e9es pour Isra\u00ebl, pour le Juda\u00efsme la\u00efque, pour une solution de Paix entre isra\u00e9liens et palestiniens.<\/p>\t\t\t\t\t\t<\/div>\n\t\t\t\t<\/div>\n\t\t\t\t<div class=\"elementor-element elementor-element-569ddcd elementor-invisible elementor-widget elementor-widget-text-editor\" data-id=\"569ddcd\" data-element_type=\"widget\" data-settings=\"{&quot;_animation&quot;:&quot;fadeInUp&quot;}\" data-widget_type=\"text-editor.default\">\n\t\t\t\t<div class=\"elementor-widget-container\">\n\t\t\t\t\t\t\t<p>Th\u00e9matiques : Portrait, Juda\u00efsme la\u00efc, Militantisme, Communisme, M\u00e9moire de la Shoa<\/p>\t\t\t\t\t\t<\/div>\n\t\t\t\t<\/div>\n\t\t\t\t<div class=\"elementor-element elementor-element-eb8af75 elementor-widget__width-auto elementor-invisible elementor-widget elementor-widget-pelicula_core_button\" data-id=\"eb8af75\" data-element_type=\"widget\" data-settings=\"{&quot;_animation&quot;:&quot;fadeInUp&quot;}\" data-widget_type=\"pelicula_core_button.default\">\n\t\t\t\t<div class=\"elementor-widget-container\">\n\t\t\t<a class=\"qodef-shortcode qodef-m  qodef-button qodef-layout--filled  qodef-html--link\" href=\"https:\/\/www.lesfilmsdelamemoire.be\/fr\/films\/david-susskind-sois-un-mensch-mon-fils\/\" target=\"_self\" data-hover-color=\"#000000\" data-hover-background-color=\"#FFFFFF\" data-background-color=\"#000000\" style=\"background-color: #000000\">\n\t<span class=\"qodef-m-text\">En Savoir Plus<\/span>\n<\/a>\t\t<\/div>\n\t\t\t\t<\/div>\n\t\t\t\t\t<\/div>\n\t\t<\/div>\n\t\t\t\t\t\t\t<\/div>\n\t\t<\/section>\n\t\t\t\t<div class=\"elementor-element elementor-element-4557a99 elementor-widget-divider--view-line elementor-widget elementor-widget-divider\" data-id=\"4557a99\" data-element_type=\"widget\" data-widget_type=\"divider.default\">\n\t\t\t\t<div class=\"elementor-widget-container\">\n\t\t\t\t\t<div class=\"elementor-divider\">\n\t\t\t<span class=\"elementor-divider-separator\">\n\t\t\t\t\t\t<\/span>\n\t\t<\/div>\n\t\t\t\t<\/div>\n\t\t\t\t<\/div>\n\t\t\t\t<section class=\"elementor-section elementor-inner-section elementor-element elementor-element-a670c4f elementor-section-boxed elementor-section-height-default elementor-section-height-default qodef-elementor-content-no\" data-id=\"a670c4f\" data-element_type=\"section\">\n\t\t\t\t\t\t<div class=\"elementor-container elementor-column-gap-default\">\n\t\t\t\t\t<div class=\"elementor-column elementor-col-50 elementor-inner-column elementor-element elementor-element-1647a6d\" data-id=\"1647a6d\" data-element_type=\"column\">\n\t\t\t<div class=\"elementor-widget-wrap elementor-element-populated\">\n\t\t\t\t\t\t\t\t<div class=\"elementor-element elementor-element-e5e5a97 elementor-invisible elementor-widget elementor-widget-image\" data-id=\"e5e5a97\" data-element_type=\"widget\" data-settings=\"{&quot;_animation&quot;:&quot;fadeInUp&quot;}\" data-widget_type=\"image.default\">\n\t\t\t\t<div class=\"elementor-widget-container\">\n\t\t\t\t\t\t\t\t\t\t\t\t\t\t\t<img loading=\"lazy\" decoding=\"async\" width=\"960\" height=\"540\" src=\"https:\/\/www.lesfilmsdelamemoire.be\/wp-content\/uploads\/2023\/01\/Heim-ins-Reich-Featured-Image.jpg\" class=\"attachment-large size-large wp-image-4850\" alt=\"\" srcset=\"https:\/\/www.lesfilmsdelamemoire.be\/wp-content\/uploads\/2023\/01\/Heim-ins-Reich-Featured-Image.jpg 960w, https:\/\/www.lesfilmsdelamemoire.be\/wp-content\/uploads\/2023\/01\/Heim-ins-Reich-Featured-Image-300x169.jpg 300w, https:\/\/www.lesfilmsdelamemoire.be\/wp-content\/uploads\/2023\/01\/Heim-ins-Reich-Featured-Image-768x432.jpg 768w, https:\/\/www.lesfilmsdelamemoire.be\/wp-content\/uploads\/2023\/01\/Heim-ins-Reich-Featured-Image-600x338.jpg 600w\" sizes=\"auto, (max-width: 960px) 100vw, 960px\" \/>\t\t\t\t\t\t\t\t\t\t\t\t\t\t\t<\/div>\n\t\t\t\t<\/div>\n\t\t\t\t\t<\/div>\n\t\t<\/div>\n\t\t\t\t<div class=\"elementor-column elementor-col-50 elementor-inner-column elementor-element elementor-element-3192007\" data-id=\"3192007\" data-element_type=\"column\">\n\t\t\t<div class=\"elementor-widget-wrap elementor-element-populated\">\n\t\t\t\t\t\t\t\t<div class=\"elementor-element elementor-element-011203e elementor-invisible elementor-widget elementor-widget-heading\" data-id=\"011203e\" data-element_type=\"widget\" data-settings=\"{&quot;_animation&quot;:&quot;fadeInUp&quot;}\" data-widget_type=\"heading.default\">\n\t\t\t\t<div class=\"elementor-widget-container\">\n\t\t\t<h4 class=\"elementor-heading-title elementor-size-default\">Heim ins Reich<\/h4>\t\t<\/div>\n\t\t\t\t<\/div>\n\t\t\t\t<div class=\"elementor-element elementor-element-8d0a3a6 elementor-invisible elementor-widget elementor-widget-heading\" data-id=\"8d0a3a6\" data-element_type=\"widget\" data-settings=\"{&quot;_animation&quot;:&quot;fadeInUp&quot;}\" data-widget_type=\"heading.default\">\n\t\t\t\t<div class=\"elementor-widget-container\">\n\t\t\t<h6 class=\"elementor-heading-title elementor-size-small\">2004<\/h6>\t\t<\/div>\n\t\t\t\t<\/div>\n\t\t\t\t<div class=\"elementor-element elementor-element-7a5931f elementor-invisible elementor-widget elementor-widget-text-editor\" data-id=\"7a5931f\" data-element_type=\"widget\" data-settings=\"{&quot;_animation&quot;:&quot;fadeInUp&quot;}\" data-widget_type=\"text-editor.default\">\n\t\t\t\t<div class=\"elementor-widget-container\">\n\t\t\t\t\t\t\t<p>Heim ins Reich (\u00ab\u00a0Retour au Reich\u00a0\u00bb), raconte l&rsquo;\u00e9chec de l&rsquo;annexion du Grand Duch\u00e9 du Luxembourg \u00e0 l&rsquo;Allemagne nazie de 1940 \u00e0 1944.<\/p>\t\t\t\t\t\t<\/div>\n\t\t\t\t<\/div>\n\t\t\t\t<div class=\"elementor-element elementor-element-bbc3102 elementor-invisible elementor-widget elementor-widget-text-editor\" data-id=\"bbc3102\" data-element_type=\"widget\" data-settings=\"{&quot;_animation&quot;:&quot;fadeInUp&quot;}\" data-widget_type=\"text-editor.default\">\n\t\t\t\t<div class=\"elementor-widget-container\">\n\t\t\t\t\t\t\t<p>Th\u00e9matiques : Seconde Guerre mondiale, Luxembourg, Occupation, R\u00e9sistance, Collaboration, Shoah, T\u00e9moignages<\/p>\t\t\t\t\t\t<\/div>\n\t\t\t\t<\/div>\n\t\t\t\t<div class=\"elementor-element elementor-element-3c296a9 elementor-widget__width-auto elementor-invisible elementor-widget elementor-widget-pelicula_core_button\" data-id=\"3c296a9\" data-element_type=\"widget\" data-settings=\"{&quot;_animation&quot;:&quot;fadeInUp&quot;}\" data-widget_type=\"pelicula_core_button.default\">\n\t\t\t\t<div class=\"elementor-widget-container\">\n\t\t\t<a class=\"qodef-shortcode qodef-m  qodef-button qodef-layout--filled  qodef-html--link\" href=\"https:\/\/www.lesfilmsdelamemoire.be\/fr\/films\/heim-ins-reich\/\" target=\"_self\" data-hover-color=\"#000000\" data-hover-background-color=\"#FFFFFF\" data-background-color=\"#000000\" style=\"background-color: #000000\">\n\t<span class=\"qodef-m-text\">En Savoir Plus<\/span>\n<\/a>\t\t<\/div>\n\t\t\t\t<\/div>\n\t\t\t\t\t<\/div>\n\t\t<\/div>\n\t\t\t\t\t\t\t<\/div>\n\t\t<\/section>\n\t\t\t\t<div class=\"elementor-element elementor-element-6e62593 elementor-widget-divider--view-line elementor-widget elementor-widget-divider\" data-id=\"6e62593\" data-element_type=\"widget\" data-widget_type=\"divider.default\">\n\t\t\t\t<div class=\"elementor-widget-container\">\n\t\t\t\t\t<div class=\"elementor-divider\">\n\t\t\t<span class=\"elementor-divider-separator\">\n\t\t\t\t\t\t<\/span>\n\t\t<\/div>\n\t\t\t\t<\/div>\n\t\t\t\t<\/div>\n\t\t\t\t<section class=\"elementor-section elementor-inner-section elementor-element elementor-element-06a9710 elementor-section-boxed elementor-section-height-default elementor-section-height-default qodef-elementor-content-no\" data-id=\"06a9710\" data-element_type=\"section\">\n\t\t\t\t\t\t<div class=\"elementor-container elementor-column-gap-default\">\n\t\t\t\t\t<div class=\"elementor-column elementor-col-50 elementor-inner-column elementor-element elementor-element-fc37286\" data-id=\"fc37286\" data-element_type=\"column\">\n\t\t\t<div class=\"elementor-widget-wrap elementor-element-populated\">\n\t\t\t\t\t\t\t\t<div class=\"elementor-element elementor-element-7a82ac0 elementor-invisible elementor-widget elementor-widget-image\" data-id=\"7a82ac0\" data-element_type=\"widget\" data-settings=\"{&quot;_animation&quot;:&quot;fadeInUp&quot;}\" data-widget_type=\"image.default\">\n\t\t\t\t<div class=\"elementor-widget-container\">\n\t\t\t\t\t\t\t\t\t\t\t\t\t\t\t<img loading=\"lazy\" decoding=\"async\" width=\"960\" height=\"540\" src=\"https:\/\/www.lesfilmsdelamemoire.be\/wp-content\/uploads\/2023\/01\/Brigade-Featured-Image.jpg\" class=\"attachment-large size-large wp-image-4890\" alt=\"\" srcset=\"https:\/\/www.lesfilmsdelamemoire.be\/wp-content\/uploads\/2023\/01\/Brigade-Featured-Image.jpg 960w, https:\/\/www.lesfilmsdelamemoire.be\/wp-content\/uploads\/2023\/01\/Brigade-Featured-Image-300x169.jpg 300w, https:\/\/www.lesfilmsdelamemoire.be\/wp-content\/uploads\/2023\/01\/Brigade-Featured-Image-768x432.jpg 768w, https:\/\/www.lesfilmsdelamemoire.be\/wp-content\/uploads\/2023\/01\/Brigade-Featured-Image-600x338.jpg 600w\" sizes=\"auto, (max-width: 960px) 100vw, 960px\" \/>\t\t\t\t\t\t\t\t\t\t\t\t\t\t\t<\/div>\n\t\t\t\t<\/div>\n\t\t\t\t\t<\/div>\n\t\t<\/div>\n\t\t\t\t<div class=\"elementor-column elementor-col-50 elementor-inner-column elementor-element elementor-element-33f5d52\" data-id=\"33f5d52\" data-element_type=\"column\">\n\t\t\t<div class=\"elementor-widget-wrap elementor-element-populated\">\n\t\t\t\t\t\t\t\t<div class=\"elementor-element elementor-element-bf69a4a elementor-invisible elementor-widget elementor-widget-heading\" data-id=\"bf69a4a\" data-element_type=\"widget\" data-settings=\"{&quot;_animation&quot;:&quot;fadeInUp&quot;}\" data-widget_type=\"heading.default\">\n\t\t\t\t<div class=\"elementor-widget-container\">\n\t\t\t<h4 class=\"elementor-heading-title elementor-size-default\">La Brigade des Papiers<\/h4>\t\t<\/div>\n\t\t\t\t<\/div>\n\t\t\t\t<div class=\"elementor-element elementor-element-fc1c7a4 elementor-invisible elementor-widget elementor-widget-heading\" data-id=\"fc1c7a4\" data-element_type=\"widget\" data-settings=\"{&quot;_animation&quot;:&quot;fadeInUp&quot;}\" data-widget_type=\"heading.default\">\n\t\t\t\t<div class=\"elementor-widget-container\">\n\t\t\t<h6 class=\"elementor-heading-title elementor-size-small\">2018<\/h6>\t\t<\/div>\n\t\t\t\t<\/div>\n\t\t\t\t<div class=\"elementor-element elementor-element-f3e2a40 elementor-invisible elementor-widget elementor-widget-text-editor\" data-id=\"f3e2a40\" data-element_type=\"widget\" data-settings=\"{&quot;_animation&quot;:&quot;fadeInUp&quot;}\" data-widget_type=\"text-editor.default\">\n\t\t\t\t<div class=\"elementor-widget-container\">\n\t\t\t\t\t\t\t<p>Sauver les livres ! Durant l\u2019occupation nazie de Vilnius en Lituanie, 40 juifs, po\u00e8tes, \u00e9crivains et intellectuels risquent leur vie pour combattre la Shoah de la culture. Ils r\u00e9ussissent \u00e0 sauver des dizaines de milliers d\u2019ouvrages.<\/p>\t\t\t\t\t\t<\/div>\n\t\t\t\t<\/div>\n\t\t\t\t<div class=\"elementor-element elementor-element-df5a879 elementor-invisible elementor-widget elementor-widget-text-editor\" data-id=\"df5a879\" data-element_type=\"widget\" data-settings=\"{&quot;_animation&quot;:&quot;fadeInUp&quot;}\" data-widget_type=\"text-editor.default\">\n\t\t\t\t<div class=\"elementor-widget-container\">\n\t\t\t\t\t\t\t<p>Th\u00e9matiques : Seconde Guerre mondiale, Vilna, Shoah, Occupation, R\u00e9sistance, Culture Yiddish, Ghetto, Livres<\/p>\t\t\t\t\t\t<\/div>\n\t\t\t\t<\/div>\n\t\t\t\t<div class=\"elementor-element elementor-element-e963d30 elementor-widget__width-auto elementor-invisible elementor-widget elementor-widget-pelicula_core_button\" data-id=\"e963d30\" data-element_type=\"widget\" data-settings=\"{&quot;_animation&quot;:&quot;fadeInUp&quot;}\" data-widget_type=\"pelicula_core_button.default\">\n\t\t\t\t<div class=\"elementor-widget-container\">\n\t\t\t<a class=\"qodef-shortcode qodef-m  qodef-button qodef-layout--filled  qodef-html--link\" href=\"https:\/\/www.lesfilmsdelamemoire.be\/fr\/films\/la-brigade-des-papiers\/\" target=\"_self\" data-hover-color=\"#000000\" data-hover-background-color=\"#FFFFFF\" data-background-color=\"#000000\" style=\"background-color: #000000\">\n\t<span class=\"qodef-m-text\">En Savoir Plus<\/span>\n<\/a>\t\t<\/div>\n\t\t\t\t<\/div>\n\t\t\t\t\t<\/div>\n\t\t<\/div>\n\t\t\t\t\t\t\t<\/div>\n\t\t<\/section>\n\t\t\t\t<div class=\"elementor-element elementor-element-bd3ebb0 elementor-widget-divider--view-line elementor-widget elementor-widget-divider\" data-id=\"bd3ebb0\" data-element_type=\"widget\" data-widget_type=\"divider.default\">\n\t\t\t\t<div class=\"elementor-widget-container\">\n\t\t\t\t\t<div class=\"elementor-divider\">\n\t\t\t<span class=\"elementor-divider-separator\">\n\t\t\t\t\t\t<\/span>\n\t\t<\/div>\n\t\t\t\t<\/div>\n\t\t\t\t<\/div>\n\t\t\t\t<section class=\"elementor-section elementor-inner-section elementor-element elementor-element-5a8772e elementor-section-boxed elementor-section-height-default elementor-section-height-default qodef-elementor-content-no\" data-id=\"5a8772e\" data-element_type=\"section\">\n\t\t\t\t\t\t<div class=\"elementor-container elementor-column-gap-default\">\n\t\t\t\t\t<div class=\"elementor-column elementor-col-50 elementor-inner-column elementor-element elementor-element-18bf4d3\" data-id=\"18bf4d3\" data-element_type=\"column\">\n\t\t\t<div class=\"elementor-widget-wrap elementor-element-populated\">\n\t\t\t\t\t\t\t\t<div class=\"elementor-element elementor-element-119dfdc elementor-invisible elementor-widget elementor-widget-image\" data-id=\"119dfdc\" data-element_type=\"widget\" data-settings=\"{&quot;_animation&quot;:&quot;fadeInUp&quot;}\" data-widget_type=\"image.default\">\n\t\t\t\t<div class=\"elementor-widget-container\">\n\t\t\t\t\t\t\t\t\t\t\t\t\t\t\t<img loading=\"lazy\" decoding=\"async\" width=\"960\" height=\"540\" src=\"https:\/\/www.lesfilmsdelamemoire.be\/wp-content\/uploads\/2023\/01\/Victor-Martin-Featured-Image.jpg\" class=\"attachment-large size-large wp-image-4942\" alt=\"\" srcset=\"https:\/\/www.lesfilmsdelamemoire.be\/wp-content\/uploads\/2023\/01\/Victor-Martin-Featured-Image.jpg 960w, https:\/\/www.lesfilmsdelamemoire.be\/wp-content\/uploads\/2023\/01\/Victor-Martin-Featured-Image-300x169.jpg 300w, https:\/\/www.lesfilmsdelamemoire.be\/wp-content\/uploads\/2023\/01\/Victor-Martin-Featured-Image-768x432.jpg 768w, https:\/\/www.lesfilmsdelamemoire.be\/wp-content\/uploads\/2023\/01\/Victor-Martin-Featured-Image-600x338.jpg 600w\" sizes=\"auto, (max-width: 960px) 100vw, 960px\" \/>\t\t\t\t\t\t\t\t\t\t\t\t\t\t\t<\/div>\n\t\t\t\t<\/div>\n\t\t\t\t\t<\/div>\n\t\t<\/div>\n\t\t\t\t<div class=\"elementor-column elementor-col-50 elementor-inner-column elementor-element elementor-element-9f1c5a6\" data-id=\"9f1c5a6\" data-element_type=\"column\">\n\t\t\t<div class=\"elementor-widget-wrap elementor-element-populated\">\n\t\t\t\t\t\t\t\t<div class=\"elementor-element elementor-element-71747e9 elementor-invisible elementor-widget elementor-widget-heading\" data-id=\"71747e9\" data-element_type=\"widget\" data-settings=\"{&quot;_animation&quot;:&quot;fadeInUp&quot;}\" data-widget_type=\"heading.default\">\n\t\t\t\t<div class=\"elementor-widget-container\">\n\t\t\t<h4 class=\"elementor-heading-title elementor-size-default\">La Mission de Victor Martin<\/h4>\t\t<\/div>\n\t\t\t\t<\/div>\n\t\t\t\t<div class=\"elementor-element elementor-element-a145c21 elementor-invisible elementor-widget elementor-widget-heading\" data-id=\"a145c21\" data-element_type=\"widget\" data-settings=\"{&quot;_animation&quot;:&quot;fadeInUp&quot;}\" data-widget_type=\"heading.default\">\n\t\t\t\t<div class=\"elementor-widget-container\">\n\t\t\t<h6 class=\"elementor-heading-title elementor-size-small\">2000<\/h6>\t\t<\/div>\n\t\t\t\t<\/div>\n\t\t\t\t<div class=\"elementor-element elementor-element-e616c40 elementor-invisible elementor-widget elementor-widget-text-editor\" data-id=\"e616c40\" data-element_type=\"widget\" data-settings=\"{&quot;_animation&quot;:&quot;fadeInUp&quot;}\" data-widget_type=\"text-editor.default\">\n\t\t\t\t<div class=\"elementor-widget-container\">\n\t\t\t\t\t\t\t<p>Octobre 1942, Victor Martin est envoy\u00e9 par la r\u00e9sistance belge en Allemagne pour voir de ses propres yeux o\u00f9 partent les trains de la d\u00e9portation des Juifs de Belgique. Sa mission le m\u00e8ne aux portes d\u2019Auschwitz.<\/p>\t\t\t\t\t\t<\/div>\n\t\t\t\t<\/div>\n\t\t\t\t<div class=\"elementor-element elementor-element-3456b62 elementor-invisible elementor-widget elementor-widget-text-editor\" data-id=\"3456b62\" data-element_type=\"widget\" data-settings=\"{&quot;_animation&quot;:&quot;fadeInUp&quot;}\" data-widget_type=\"text-editor.default\">\n\t\t\t\t<div class=\"elementor-widget-container\">\n\t\t\t\t\t\t\t<p>Th\u00e9matiques : Seconde Guerre mondiale, Belgique, D\u00e9portation, Shoah, R\u00e9sistance, Espionnage<\/p>\t\t\t\t\t\t<\/div>\n\t\t\t\t<\/div>\n\t\t\t\t<div class=\"elementor-element elementor-element-669d7d7 elementor-widget__width-auto elementor-invisible elementor-widget elementor-widget-pelicula_core_button\" data-id=\"669d7d7\" data-element_type=\"widget\" data-settings=\"{&quot;_animation&quot;:&quot;fadeInUp&quot;}\" data-widget_type=\"pelicula_core_button.default\">\n\t\t\t\t<div class=\"elementor-widget-container\">\n\t\t\t<a class=\"qodef-shortcode qodef-m  qodef-button qodef-layout--filled  qodef-html--link\" href=\"https:\/\/www.lesfilmsdelamemoire.be\/fr\/films\/la-mission-de-victor-martin\/\" target=\"_self\" data-hover-color=\"#000000\" data-hover-background-color=\"#FFFFFF\" data-background-color=\"#000000\" style=\"background-color: #000000\">\n\t<span class=\"qodef-m-text\">En Savoir Plus<\/span>\n<\/a>\t\t<\/div>\n\t\t\t\t<\/div>\n\t\t\t\t\t<\/div>\n\t\t<\/div>\n\t\t\t\t\t\t\t<\/div>\n\t\t<\/section>\n\t\t\t\t<div class=\"elementor-element elementor-element-4f40b07 elementor-widget-divider--view-line elementor-widget elementor-widget-divider\" data-id=\"4f40b07\" data-element_type=\"widget\" data-widget_type=\"divider.default\">\n\t\t\t\t<div class=\"elementor-widget-container\">\n\t\t\t\t\t<div class=\"elementor-divider\">\n\t\t\t<span class=\"elementor-divider-separator\">\n\t\t\t\t\t\t<\/span>\n\t\t<\/div>\n\t\t\t\t<\/div>\n\t\t\t\t<\/div>\n\t\t\t\t<section class=\"elementor-section elementor-inner-section elementor-element elementor-element-ab561ad elementor-section-boxed elementor-section-height-default elementor-section-height-default qodef-elementor-content-no\" data-id=\"ab561ad\" data-element_type=\"section\">\n\t\t\t\t\t\t<div class=\"elementor-container elementor-column-gap-default\">\n\t\t\t\t\t<div class=\"elementor-column elementor-col-50 elementor-inner-column elementor-element elementor-element-1a7ace5\" data-id=\"1a7ace5\" data-element_type=\"column\">\n\t\t\t<div class=\"elementor-widget-wrap elementor-element-populated\">\n\t\t\t\t\t\t\t\t<div class=\"elementor-element elementor-element-f73406a elementor-invisible elementor-widget elementor-widget-image\" data-id=\"f73406a\" data-element_type=\"widget\" data-settings=\"{&quot;_animation&quot;:&quot;fadeInUp&quot;}\" data-widget_type=\"image.default\">\n\t\t\t\t<div class=\"elementor-widget-container\">\n\t\t\t\t\t\t\t\t\t\t\t\t\t\t\t<img loading=\"lazy\" decoding=\"async\" width=\"960\" height=\"540\" src=\"https:\/\/www.lesfilmsdelamemoire.be\/wp-content\/uploads\/2023\/01\/Royals-Featured-Image.jpg\" class=\"attachment-large size-large wp-image-5291\" alt=\"\" srcset=\"https:\/\/www.lesfilmsdelamemoire.be\/wp-content\/uploads\/2023\/01\/Royals-Featured-Image.jpg 960w, https:\/\/www.lesfilmsdelamemoire.be\/wp-content\/uploads\/2023\/01\/Royals-Featured-Image-300x169.jpg 300w, https:\/\/www.lesfilmsdelamemoire.be\/wp-content\/uploads\/2023\/01\/Royals-Featured-Image-768x432.jpg 768w, https:\/\/www.lesfilmsdelamemoire.be\/wp-content\/uploads\/2023\/01\/Royals-Featured-Image-600x338.jpg 600w\" sizes=\"auto, (max-width: 960px) 100vw, 960px\" \/>\t\t\t\t\t\t\t\t\t\t\t\t\t\t\t<\/div>\n\t\t\t\t<\/div>\n\t\t\t\t\t<\/div>\n\t\t<\/div>\n\t\t\t\t<div class=\"elementor-column elementor-col-50 elementor-inner-column elementor-element elementor-element-a4fdcae\" data-id=\"a4fdcae\" data-element_type=\"column\">\n\t\t\t<div class=\"elementor-widget-wrap elementor-element-populated\">\n\t\t\t\t\t\t\t\t<div class=\"elementor-element elementor-element-ff764fa elementor-invisible elementor-widget elementor-widget-heading\" data-id=\"ff764fa\" data-element_type=\"widget\" data-settings=\"{&quot;_animation&quot;:&quot;fadeInUp&quot;}\" data-widget_type=\"heading.default\">\n\t\t\t\t<div class=\"elementor-widget-container\">\n\t\t\t<h4 class=\"elementor-heading-title elementor-size-default\">Les Monarchies Face \u00e0 Hitler<\/h4>\t\t<\/div>\n\t\t\t\t<\/div>\n\t\t\t\t<div class=\"elementor-element elementor-element-e68bb40 elementor-invisible elementor-widget elementor-widget-heading\" data-id=\"e68bb40\" data-element_type=\"widget\" data-settings=\"{&quot;_animation&quot;:&quot;fadeInUp&quot;}\" data-widget_type=\"heading.default\">\n\t\t\t\t<div class=\"elementor-widget-container\">\n\t\t\t<h6 class=\"elementor-heading-title elementor-size-small\">2020<\/h6>\t\t<\/div>\n\t\t\t\t<\/div>\n\t\t\t\t<div class=\"elementor-element elementor-element-d4fb1de elementor-invisible elementor-widget elementor-widget-text-editor\" data-id=\"d4fb1de\" data-element_type=\"widget\" data-settings=\"{&quot;_animation&quot;:&quot;fadeInUp&quot;}\" data-widget_type=\"text-editor.default\">\n\t\t\t\t<div class=\"elementor-widget-container\">\n\t\t\t\t\t\t\t<p>Face \u00e0 Hitler et Mussolini, comment les monarques d&rsquo;Europe vont-ils se comporter ? Pour sauver leur tr\u00f4ne, un choix s\u2019impose : r\u00e9sister ou collaborer.<\/p>\t\t\t\t\t\t<\/div>\n\t\t\t\t<\/div>\n\t\t\t\t<div class=\"elementor-element elementor-element-ee1ffc7 elementor-invisible elementor-widget elementor-widget-text-editor\" data-id=\"ee1ffc7\" data-element_type=\"widget\" data-settings=\"{&quot;_animation&quot;:&quot;fadeInUp&quot;}\" data-widget_type=\"text-editor.default\">\n\t\t\t\t<div class=\"elementor-widget-container\">\n\t\t\t\t\t\t\t<p>Th\u00e9matiques : Seconde Guerre mondiale, Europe, Monarchies, R\u00e9sistance, Collaboration<\/p>\t\t\t\t\t\t<\/div>\n\t\t\t\t<\/div>\n\t\t\t\t<div class=\"elementor-element elementor-element-20fd983 elementor-widget__width-auto elementor-invisible elementor-widget elementor-widget-pelicula_core_button\" data-id=\"20fd983\" data-element_type=\"widget\" data-settings=\"{&quot;_animation&quot;:&quot;fadeInUp&quot;}\" data-widget_type=\"pelicula_core_button.default\">\n\t\t\t\t<div class=\"elementor-widget-container\">\n\t\t\t<a class=\"qodef-shortcode qodef-m  qodef-button qodef-layout--filled  qodef-html--link\" href=\"https:\/\/www.lesfilmsdelamemoire.be\/fr\/films\/les-monarchies-face-a-hitler\/\" target=\"_self\" data-hover-color=\"#000000\" data-hover-background-color=\"#FFFFFF\" data-background-color=\"#000000\" style=\"background-color: #000000\">\n\t<span class=\"qodef-m-text\">En Savoir Plus<\/span>\n<\/a>\t\t<\/div>\n\t\t\t\t<\/div>\n\t\t\t\t\t<\/div>\n\t\t<\/div>\n\t\t\t\t\t\t\t<\/div>\n\t\t<\/section>\n\t\t\t\t<div class=\"elementor-element elementor-element-73091ca elementor-widget-divider--view-line elementor-widget elementor-widget-divider\" data-id=\"73091ca\" data-element_type=\"widget\" data-widget_type=\"divider.default\">\n\t\t\t\t<div class=\"elementor-widget-container\">\n\t\t\t\t\t<div class=\"elementor-divider\">\n\t\t\t<span class=\"elementor-divider-separator\">\n\t\t\t\t\t\t<\/span>\n\t\t<\/div>\n\t\t\t\t<\/div>\n\t\t\t\t<\/div>\n\t\t\t\t<section class=\"elementor-section elementor-inner-section elementor-element elementor-element-5afc01c elementor-section-boxed elementor-section-height-default elementor-section-height-default qodef-elementor-content-no\" data-id=\"5afc01c\" data-element_type=\"section\">\n\t\t\t\t\t\t<div class=\"elementor-container elementor-column-gap-default\">\n\t\t\t\t\t<div class=\"elementor-column elementor-col-50 elementor-inner-column elementor-element elementor-element-1d79535\" data-id=\"1d79535\" data-element_type=\"column\">\n\t\t\t<div class=\"elementor-widget-wrap elementor-element-populated\">\n\t\t\t\t\t\t\t\t<div class=\"elementor-element elementor-element-250435c elementor-invisible elementor-widget elementor-widget-image\" data-id=\"250435c\" data-element_type=\"widget\" data-settings=\"{&quot;_animation&quot;:&quot;fadeInUp&quot;}\" data-widget_type=\"image.default\">\n\t\t\t\t<div class=\"elementor-widget-container\">\n\t\t\t\t\t\t\t\t\t\t\t\t\t\t\t<img loading=\"lazy\" decoding=\"async\" width=\"1024\" height=\"576\" src=\"https:\/\/www.lesfilmsdelamemoire.be\/wp-content\/uploads\/2021\/06\/Modus-Operandi-03-1024x576.jpg\" class=\"attachment-large size-large wp-image-3758\" alt=\"\" srcset=\"https:\/\/www.lesfilmsdelamemoire.be\/wp-content\/uploads\/2021\/06\/Modus-Operandi-03-1024x576.jpg 1024w, https:\/\/www.lesfilmsdelamemoire.be\/wp-content\/uploads\/2021\/06\/Modus-Operandi-03-300x169.jpg 300w, https:\/\/www.lesfilmsdelamemoire.be\/wp-content\/uploads\/2021\/06\/Modus-Operandi-03-768x432.jpg 768w, https:\/\/www.lesfilmsdelamemoire.be\/wp-content\/uploads\/2021\/06\/Modus-Operandi-03-1536x864.jpg 1536w, https:\/\/www.lesfilmsdelamemoire.be\/wp-content\/uploads\/2021\/06\/Modus-Operandi-03-600x338.jpg 600w, https:\/\/www.lesfilmsdelamemoire.be\/wp-content\/uploads\/2021\/06\/Modus-Operandi-03.jpg 1920w\" sizes=\"auto, (max-width: 1024px) 100vw, 1024px\" \/>\t\t\t\t\t\t\t\t\t\t\t\t\t\t\t<\/div>\n\t\t\t\t<\/div>\n\t\t\t\t\t<\/div>\n\t\t<\/div>\n\t\t\t\t<div class=\"elementor-column elementor-col-50 elementor-inner-column elementor-element elementor-element-9f6a0c5\" data-id=\"9f6a0c5\" data-element_type=\"column\">\n\t\t\t<div class=\"elementor-widget-wrap elementor-element-populated\">\n\t\t\t\t\t\t\t\t<div class=\"elementor-element elementor-element-d8c5788 elementor-invisible elementor-widget elementor-widget-heading\" data-id=\"d8c5788\" data-element_type=\"widget\" data-settings=\"{&quot;_animation&quot;:&quot;fadeInUp&quot;}\" data-widget_type=\"heading.default\">\n\t\t\t\t<div class=\"elementor-widget-container\">\n\t\t\t<h4 class=\"elementor-heading-title elementor-size-default\">Modus Operandi<\/h4>\t\t<\/div>\n\t\t\t\t<\/div>\n\t\t\t\t<div class=\"elementor-element elementor-element-8b77047 elementor-invisible elementor-widget elementor-widget-heading\" data-id=\"8b77047\" data-element_type=\"widget\" data-settings=\"{&quot;_animation&quot;:&quot;fadeInUp&quot;}\" data-widget_type=\"heading.default\">\n\t\t\t\t<div class=\"elementor-widget-container\">\n\t\t\t<h6 class=\"elementor-heading-title elementor-size-small\">2008<\/h6>\t\t<\/div>\n\t\t\t\t<\/div>\n\t\t\t\t<div class=\"elementor-element elementor-element-38bfe55 elementor-invisible elementor-widget elementor-widget-text-editor\" data-id=\"38bfe55\" data-element_type=\"widget\" data-settings=\"{&quot;_animation&quot;:&quot;fadeInUp&quot;}\" data-widget_type=\"text-editor.default\">\n\t\t\t\t<div class=\"elementor-widget-container\">\n\t\t\t\t\t\t\t<p>De 1942 \u00e0 1944, 24.916 Juifs, hommes, femmes et enfants, ont \u00e9t\u00e9 d\u00e9port\u00e9s de Belgique vers Auschwitz. Seuls 1.206 d\u2019entre eux en sont revenus. Modus Operandi d\u00e9crit le mode op\u00e9ratoire du g\u00e9nocide commis par les nazis.<\/p>\t\t\t\t\t\t<\/div>\n\t\t\t\t<\/div>\n\t\t\t\t<div class=\"elementor-element elementor-element-eff7aa5 elementor-invisible elementor-widget elementor-widget-text-editor\" data-id=\"eff7aa5\" data-element_type=\"widget\" data-settings=\"{&quot;_animation&quot;:&quot;fadeInUp&quot;}\" data-widget_type=\"text-editor.default\">\n\t\t\t\t<div class=\"elementor-widget-container\">\n\t\t\t\t\t\t\t<p>Th\u00e9matiques : Seconde Guerre mondiale, Belgique, Shoah, R\u00e9pression, Occupation, T\u00e9moignages<\/p>\t\t\t\t\t\t<\/div>\n\t\t\t\t<\/div>\n\t\t\t\t<div class=\"elementor-element elementor-element-0ca743b elementor-widget__width-auto elementor-invisible elementor-widget elementor-widget-pelicula_core_button\" data-id=\"0ca743b\" data-element_type=\"widget\" data-settings=\"{&quot;_animation&quot;:&quot;fadeInUp&quot;}\" data-widget_type=\"pelicula_core_button.default\">\n\t\t\t\t<div class=\"elementor-widget-container\">\n\t\t\t<a class=\"qodef-shortcode qodef-m  qodef-button qodef-layout--filled  qodef-html--link\" href=\"https:\/\/www.lesfilmsdelamemoire.be\/fr\/films\/modus-operandi\/\" target=\"_self\" data-hover-color=\"#000000\" data-hover-background-color=\"#FFFFFF\" data-background-color=\"#000000\" style=\"background-color: #000000\">\n\t<span class=\"qodef-m-text\">En Savoir Plus<\/span>\n<\/a>\t\t<\/div>\n\t\t\t\t<\/div>\n\t\t\t\t\t<\/div>\n\t\t<\/div>\n\t\t\t\t\t\t\t<\/div>\n\t\t<\/section>\n\t\t\t\t<div class=\"elementor-element elementor-element-30f1a7a elementor-widget-divider--view-line elementor-widget elementor-widget-divider\" data-id=\"30f1a7a\" data-element_type=\"widget\" data-widget_type=\"divider.default\">\n\t\t\t\t<div class=\"elementor-widget-container\">\n\t\t\t\t\t<div class=\"elementor-divider\">\n\t\t\t<span class=\"elementor-divider-separator\">\n\t\t\t\t\t\t<\/span>\n\t\t<\/div>\n\t\t\t\t<\/div>\n\t\t\t\t<\/div>\n\t\t\t\t<section class=\"elementor-section elementor-inner-section elementor-element elementor-element-c266d02 elementor-section-boxed elementor-section-height-default elementor-section-height-default qodef-elementor-content-no\" data-id=\"c266d02\" data-element_type=\"section\">\n\t\t\t\t\t\t<div class=\"elementor-container elementor-column-gap-default\">\n\t\t\t\t\t<div class=\"elementor-column elementor-col-50 elementor-inner-column elementor-element elementor-element-209b023\" data-id=\"209b023\" data-element_type=\"column\">\n\t\t\t<div class=\"elementor-widget-wrap elementor-element-populated\">\n\t\t\t\t\t\t\t\t<div class=\"elementor-element elementor-element-8b6226e elementor-invisible elementor-widget elementor-widget-image\" data-id=\"8b6226e\" data-element_type=\"widget\" data-settings=\"{&quot;_animation&quot;:&quot;fadeInUp&quot;}\" data-widget_type=\"image.default\">\n\t\t\t\t<div class=\"elementor-widget-container\">\n\t\t\t\t\t\t\t\t\t\t\t\t\t\t\t<img loading=\"lazy\" decoding=\"async\" width=\"960\" height=\"540\" src=\"https:\/\/www.lesfilmsdelamemoire.be\/wp-content\/uploads\/2023\/01\/Paul-et-Sophie-Featured-Image.jpg\" class=\"attachment-large size-large wp-image-5050\" alt=\"\" srcset=\"https:\/\/www.lesfilmsdelamemoire.be\/wp-content\/uploads\/2023\/01\/Paul-et-Sophie-Featured-Image.jpg 960w, https:\/\/www.lesfilmsdelamemoire.be\/wp-content\/uploads\/2023\/01\/Paul-et-Sophie-Featured-Image-300x169.jpg 300w, https:\/\/www.lesfilmsdelamemoire.be\/wp-content\/uploads\/2023\/01\/Paul-et-Sophie-Featured-Image-768x432.jpg 768w, https:\/\/www.lesfilmsdelamemoire.be\/wp-content\/uploads\/2023\/01\/Paul-et-Sophie-Featured-Image-600x338.jpg 600w\" sizes=\"auto, (max-width: 960px) 100vw, 960px\" \/>\t\t\t\t\t\t\t\t\t\t\t\t\t\t\t<\/div>\n\t\t\t\t<\/div>\n\t\t\t\t\t<\/div>\n\t\t<\/div>\n\t\t\t\t<div class=\"elementor-column elementor-col-50 elementor-inner-column elementor-element elementor-element-40dbf4d\" data-id=\"40dbf4d\" data-element_type=\"column\">\n\t\t\t<div class=\"elementor-widget-wrap elementor-element-populated\">\n\t\t\t\t\t\t\t\t<div class=\"elementor-element elementor-element-3f44a03 elementor-invisible elementor-widget elementor-widget-heading\" data-id=\"3f44a03\" data-element_type=\"widget\" data-settings=\"{&quot;_animation&quot;:&quot;fadeInUp&quot;}\" data-widget_type=\"heading.default\">\n\t\t\t\t<div class=\"elementor-widget-container\">\n\t\t\t<h4 class=\"elementor-heading-title elementor-size-default\">Paul & Sophie<\/h4>\t\t<\/div>\n\t\t\t\t<\/div>\n\t\t\t\t<div class=\"elementor-element elementor-element-8b73973 elementor-invisible elementor-widget elementor-widget-heading\" data-id=\"8b73973\" data-element_type=\"widget\" data-settings=\"{&quot;_animation&quot;:&quot;fadeInUp&quot;}\" data-widget_type=\"heading.default\">\n\t\t\t\t<div class=\"elementor-widget-container\">\n\t\t\t<h6 class=\"elementor-heading-title elementor-size-small\">2013<\/h6>\t\t<\/div>\n\t\t\t\t<\/div>\n\t\t\t\t<div class=\"elementor-element elementor-element-2a21de9 elementor-invisible elementor-widget elementor-widget-text-editor\" data-id=\"2a21de9\" data-element_type=\"widget\" data-settings=\"{&quot;_animation&quot;:&quot;fadeInUp&quot;}\" data-widget_type=\"text-editor.default\">\n\t\t\t\t<div class=\"elementor-widget-container\">\n\t\t\t\t\t\t\t<p>Sophie Rechtman et Paul Sobol sont deux survivants de la Shoah, elle enfant cach\u00e9e et lui d\u00e9port\u00e9 \u00e0 Auschwitz. Tous deux racontent leurs histoires.<\/p>\t\t\t\t\t\t<\/div>\n\t\t\t\t<\/div>\n\t\t\t\t<div class=\"elementor-element elementor-element-3a37b68 elementor-invisible elementor-widget elementor-widget-text-editor\" data-id=\"3a37b68\" data-element_type=\"widget\" data-settings=\"{&quot;_animation&quot;:&quot;fadeInUp&quot;}\" data-widget_type=\"text-editor.default\">\n\t\t\t\t<div class=\"elementor-widget-container\">\n\t\t\t\t\t\t\t<p>Th\u00e9matiques : Seconde Guerre mondiale, Belgique, Shoah, Enfant cach\u00e9, D\u00e9portations, Auschwitz, T\u00e9moignages<\/p>\t\t\t\t\t\t<\/div>\n\t\t\t\t<\/div>\n\t\t\t\t<div class=\"elementor-element elementor-element-3b53c5d elementor-widget__width-auto elementor-invisible elementor-widget elementor-widget-pelicula_core_button\" data-id=\"3b53c5d\" data-element_type=\"widget\" data-settings=\"{&quot;_animation&quot;:&quot;fadeInUp&quot;}\" data-widget_type=\"pelicula_core_button.default\">\n\t\t\t\t<div class=\"elementor-widget-container\">\n\t\t\t<a class=\"qodef-shortcode qodef-m  qodef-button qodef-layout--filled  qodef-html--link\" href=\"https:\/\/www.lesfilmsdelamemoire.be\/fr\/films\/paul-et-sophie\/\" target=\"_self\" data-hover-color=\"#000000\" data-hover-background-color=\"#FFFFFF\" data-background-color=\"#000000\" style=\"background-color: #000000\">\n\t<span class=\"qodef-m-text\">En Savoir Plus<\/span>\n<\/a>\t\t<\/div>\n\t\t\t\t<\/div>\n\t\t\t\t\t<\/div>\n\t\t<\/div>\n\t\t\t\t\t\t\t<\/div>\n\t\t<\/section>\n\t\t\t\t<div class=\"elementor-element elementor-element-35399b5 elementor-widget-divider--view-line elementor-widget elementor-widget-divider\" data-id=\"35399b5\" data-element_type=\"widget\" data-widget_type=\"divider.default\">\n\t\t\t\t<div class=\"elementor-widget-container\">\n\t\t\t\t\t<div class=\"elementor-divider\">\n\t\t\t<span class=\"elementor-divider-separator\">\n\t\t\t\t\t\t<\/span>\n\t\t<\/div>\n\t\t\t\t<\/div>\n\t\t\t\t<\/div>\n\t\t\t\t<section class=\"elementor-section elementor-inner-section elementor-element elementor-element-e826eaf elementor-section-boxed elementor-section-height-default elementor-section-height-default qodef-elementor-content-no\" data-id=\"e826eaf\" data-element_type=\"section\">\n\t\t\t\t\t\t<div class=\"elementor-container elementor-column-gap-default\">\n\t\t\t\t\t<div class=\"elementor-column elementor-col-50 elementor-inner-column elementor-element elementor-element-d7b5a88\" data-id=\"d7b5a88\" data-element_type=\"column\">\n\t\t\t<div class=\"elementor-widget-wrap elementor-element-populated\">\n\t\t\t\t\t\t\t\t<div class=\"elementor-element elementor-element-663ed82 elementor-invisible elementor-widget elementor-widget-image\" data-id=\"663ed82\" data-element_type=\"widget\" data-settings=\"{&quot;_animation&quot;:&quot;fadeInUp&quot;}\" data-widget_type=\"image.default\">\n\t\t\t\t<div class=\"elementor-widget-container\">\n\t\t\t\t\t\t\t\t\t\t\t\t\t\t\t<img loading=\"lazy\" decoding=\"async\" width=\"960\" height=\"540\" src=\"https:\/\/www.lesfilmsdelamemoire.be\/wp-content\/uploads\/2023\/01\/Rhodes-Nostalgies-Featured-Image.jpg\" class=\"attachment-large size-large wp-image-5289\" alt=\"\" srcset=\"https:\/\/www.lesfilmsdelamemoire.be\/wp-content\/uploads\/2023\/01\/Rhodes-Nostalgies-Featured-Image.jpg 960w, https:\/\/www.lesfilmsdelamemoire.be\/wp-content\/uploads\/2023\/01\/Rhodes-Nostalgies-Featured-Image-300x169.jpg 300w, https:\/\/www.lesfilmsdelamemoire.be\/wp-content\/uploads\/2023\/01\/Rhodes-Nostalgies-Featured-Image-768x432.jpg 768w, https:\/\/www.lesfilmsdelamemoire.be\/wp-content\/uploads\/2023\/01\/Rhodes-Nostalgies-Featured-Image-600x338.jpg 600w\" sizes=\"auto, (max-width: 960px) 100vw, 960px\" \/>\t\t\t\t\t\t\t\t\t\t\t\t\t\t\t<\/div>\n\t\t\t\t<\/div>\n\t\t\t\t\t<\/div>\n\t\t<\/div>\n\t\t\t\t<div class=\"elementor-column elementor-col-50 elementor-inner-column elementor-element elementor-element-59e2c1a\" data-id=\"59e2c1a\" data-element_type=\"column\">\n\t\t\t<div class=\"elementor-widget-wrap elementor-element-populated\">\n\t\t\t\t\t\t\t\t<div class=\"elementor-element elementor-element-ccdc852 elementor-invisible elementor-widget elementor-widget-heading\" data-id=\"ccdc852\" data-element_type=\"widget\" data-settings=\"{&quot;_animation&quot;:&quot;fadeInUp&quot;}\" data-widget_type=\"heading.default\">\n\t\t\t\t<div class=\"elementor-widget-container\">\n\t\t\t<h4 class=\"elementor-heading-title elementor-size-default\">Rhodes Nostalgie<\/h4>\t\t<\/div>\n\t\t\t\t<\/div>\n\t\t\t\t<div class=\"elementor-element elementor-element-26eba1f elementor-invisible elementor-widget elementor-widget-heading\" data-id=\"26eba1f\" data-element_type=\"widget\" data-settings=\"{&quot;_animation&quot;:&quot;fadeInUp&quot;}\" data-widget_type=\"heading.default\">\n\t\t\t\t<div class=\"elementor-widget-container\">\n\t\t\t<h6 class=\"elementor-heading-title elementor-size-small\">1995<\/h6>\t\t<\/div>\n\t\t\t\t<\/div>\n\t\t\t\t<div class=\"elementor-element elementor-element-0a55896 elementor-invisible elementor-widget elementor-widget-text-editor\" data-id=\"0a55896\" data-element_type=\"widget\" data-settings=\"{&quot;_animation&quot;:&quot;fadeInUp&quot;}\" data-widget_type=\"text-editor.default\">\n\t\t\t\t<div class=\"elementor-widget-container\">\n\t\t\t\t\t\t\t<p>C&rsquo;est un portrait contemporain, tissant des liens de famille imaginaires entre les Juifs de Rhodes et leurs descendants. Le film raconte la survie de cette communaut\u00e9 marqu\u00e9e par la Shoah et son renouveau au Congo belge.<\/p>\t\t\t\t\t\t<\/div>\n\t\t\t\t<\/div>\n\t\t\t\t<div class=\"elementor-element elementor-element-e8ae661 elementor-invisible elementor-widget elementor-widget-text-editor\" data-id=\"e8ae661\" data-element_type=\"widget\" data-settings=\"{&quot;_animation&quot;:&quot;fadeInUp&quot;}\" data-widget_type=\"text-editor.default\">\n\t\t\t\t<div class=\"elementor-widget-container\">\n\t\t\t\t\t\t\t<p>Th\u00e9matiques : Communaut\u00e9 juive, S\u00e9farades, Rhodes, Migrations, Seconde Guerre mondiale, Shoah, D\u00e9portation, T\u00e9moignages<\/p>\t\t\t\t\t\t<\/div>\n\t\t\t\t<\/div>\n\t\t\t\t<div class=\"elementor-element elementor-element-9ba6ec3 elementor-widget__width-auto elementor-invisible elementor-widget elementor-widget-pelicula_core_button\" data-id=\"9ba6ec3\" data-element_type=\"widget\" data-settings=\"{&quot;_animation&quot;:&quot;fadeInUp&quot;}\" data-widget_type=\"pelicula_core_button.default\">\n\t\t\t\t<div class=\"elementor-widget-container\">\n\t\t\t<a class=\"qodef-shortcode qodef-m  qodef-button qodef-layout--filled  qodef-html--link\" href=\"https:\/\/www.lesfilmsdelamemoire.be\/fr\/films\/rhodes-nostalgie\/\" target=\"_self\" data-hover-color=\"#000000\" data-hover-background-color=\"#FFFFFF\" data-background-color=\"#000000\" style=\"background-color: #000000\">\n\t<span class=\"qodef-m-text\">En Savoir Plus<\/span>\n<\/a>\t\t<\/div>\n\t\t\t\t<\/div>\n\t\t\t\t\t<\/div>\n\t\t<\/div>\n\t\t\t\t\t\t\t<\/div>\n\t\t<\/section>\n\t\t\t\t<div class=\"elementor-element elementor-element-e19b655 elementor-widget-divider--view-line elementor-widget elementor-widget-divider\" data-id=\"e19b655\" data-element_type=\"widget\" data-widget_type=\"divider.default\">\n\t\t\t\t<div class=\"elementor-widget-container\">\n\t\t\t\t\t<div class=\"elementor-divider\">\n\t\t\t<span class=\"elementor-divider-separator\">\n\t\t\t\t\t\t<\/span>\n\t\t<\/div>\n\t\t\t\t<\/div>\n\t\t\t\t<\/div>\n\t\t\t\t<section class=\"elementor-section elementor-inner-section elementor-element elementor-element-678b133 elementor-section-boxed elementor-section-height-default elementor-section-height-default qodef-elementor-content-no\" data-id=\"678b133\" data-element_type=\"section\">\n\t\t\t\t\t\t<div class=\"elementor-container elementor-column-gap-default\">\n\t\t\t\t\t<div class=\"elementor-column elementor-col-50 elementor-inner-column elementor-element elementor-element-13fcd84\" data-id=\"13fcd84\" data-element_type=\"column\">\n\t\t\t<div class=\"elementor-widget-wrap elementor-element-populated\">\n\t\t\t\t\t\t\t\t<div class=\"elementor-element elementor-element-494caf9 elementor-invisible elementor-widget elementor-widget-image\" data-id=\"494caf9\" data-element_type=\"widget\" data-settings=\"{&quot;_animation&quot;:&quot;fadeInUp&quot;}\" data-widget_type=\"image.default\">\n\t\t\t\t<div class=\"elementor-widget-container\">\n\t\t\t\t\t\t\t\t\t\t\t\t\t\t\t<img loading=\"lazy\" decoding=\"async\" width=\"960\" height=\"540\" src=\"https:\/\/www.lesfilmsdelamemoire.be\/wp-content\/uploads\/2023\/01\/Vimeo-VOD-Featured-Siegi-Hirsch.jpg\" class=\"attachment-large size-large wp-image-4667\" alt=\"\" srcset=\"https:\/\/www.lesfilmsdelamemoire.be\/wp-content\/uploads\/2023\/01\/Vimeo-VOD-Featured-Siegi-Hirsch.jpg 960w, https:\/\/www.lesfilmsdelamemoire.be\/wp-content\/uploads\/2023\/01\/Vimeo-VOD-Featured-Siegi-Hirsch-300x169.jpg 300w, https:\/\/www.lesfilmsdelamemoire.be\/wp-content\/uploads\/2023\/01\/Vimeo-VOD-Featured-Siegi-Hirsch-768x432.jpg 768w, https:\/\/www.lesfilmsdelamemoire.be\/wp-content\/uploads\/2023\/01\/Vimeo-VOD-Featured-Siegi-Hirsch-600x338.jpg 600w\" sizes=\"auto, (max-width: 960px) 100vw, 960px\" \/>\t\t\t\t\t\t\t\t\t\t\t\t\t\t\t<\/div>\n\t\t\t\t<\/div>\n\t\t\t\t\t<\/div>\n\t\t<\/div>\n\t\t\t\t<div class=\"elementor-column elementor-col-50 elementor-inner-column elementor-element elementor-element-6d5eca6\" data-id=\"6d5eca6\" data-element_type=\"column\">\n\t\t\t<div class=\"elementor-widget-wrap elementor-element-populated\">\n\t\t\t\t\t\t\t\t<div class=\"elementor-element elementor-element-34003f7 elementor-invisible elementor-widget elementor-widget-heading\" data-id=\"34003f7\" data-element_type=\"widget\" data-settings=\"{&quot;_animation&quot;:&quot;fadeInUp&quot;}\" data-widget_type=\"heading.default\">\n\t\t\t\t<div class=\"elementor-widget-container\">\n\t\t\t<h4 class=\"elementor-heading-title elementor-size-default\">Siegi Hirsch <br>Artisan des Relations Humaines<\/h4>\t\t<\/div>\n\t\t\t\t<\/div>\n\t\t\t\t<div class=\"elementor-element elementor-element-ec3aed6 elementor-invisible elementor-widget elementor-widget-heading\" data-id=\"ec3aed6\" data-element_type=\"widget\" data-settings=\"{&quot;_animation&quot;:&quot;fadeInUp&quot;}\" data-widget_type=\"heading.default\">\n\t\t\t\t<div class=\"elementor-widget-container\">\n\t\t\t<h6 class=\"elementor-heading-title elementor-size-small\">2005<\/h6>\t\t<\/div>\n\t\t\t\t<\/div>\n\t\t\t\t<div class=\"elementor-element elementor-element-f206b70 elementor-invisible elementor-widget elementor-widget-text-editor\" data-id=\"f206b70\" data-element_type=\"widget\" data-settings=\"{&quot;_animation&quot;:&quot;fadeInUp&quot;}\" data-widget_type=\"text-editor.default\">\n\t\t\t\t<div class=\"elementor-widget-container\">\n\t\t\t\t\t\t\t<p>Siegi Hirsch a influenc\u00e9 de fa\u00e7on majeure la psychiatrie et la psychoth\u00e9rapie europ\u00e9ennes. Educateur, formateur, th\u00e9rapeute, il vit pour aider les autres \u00e0 mieux vivre. C&rsquo;est un voleur d\u2019id\u00e9es, un \u00ab irr\u00e9f\u00e9rencieux \u00bb!<\/p>\t\t\t\t\t\t<\/div>\n\t\t\t\t<\/div>\n\t\t\t\t<div class=\"elementor-element elementor-element-306e858 elementor-invisible elementor-widget elementor-widget-text-editor\" data-id=\"306e858\" data-element_type=\"widget\" data-settings=\"{&quot;_animation&quot;:&quot;fadeInUp&quot;}\" data-widget_type=\"text-editor.default\">\n\t\t\t\t<div class=\"elementor-widget-container\">\n\t\t\t\t\t\t\t<p>Th\u00e9matiques : Portrait, Shoah, Auschwitz, R\u00e9silience, Th\u00e9rapeute, Psychologue<\/p>\t\t\t\t\t\t<\/div>\n\t\t\t\t<\/div>\n\t\t\t\t<div class=\"elementor-element elementor-element-b4524f5 elementor-widget__width-auto elementor-invisible elementor-widget elementor-widget-pelicula_core_button\" data-id=\"b4524f5\" data-element_type=\"widget\" data-settings=\"{&quot;_animation&quot;:&quot;fadeInUp&quot;}\" data-widget_type=\"pelicula_core_button.default\">\n\t\t\t\t<div class=\"elementor-widget-container\">\n\t\t\t<a class=\"qodef-shortcode qodef-m  qodef-button qodef-layout--filled  qodef-html--link\" href=\"https:\/\/www.lesfilmsdelamemoire.be\/fr\/films\/siegi-hirsch\/\" target=\"_self\" data-hover-color=\"#000000\" data-hover-background-color=\"#FFFFFF\" data-background-color=\"#000000\" style=\"background-color: #000000\">\n\t<span class=\"qodef-m-text\">En Savoir Plus<\/span>\n<\/a>\t\t<\/div>\n\t\t\t\t<\/div>\n\t\t\t\t\t<\/div>\n\t\t<\/div>\n\t\t\t\t\t\t\t<\/div>\n\t\t<\/section>\n\t\t\t\t<div class=\"elementor-element elementor-element-4a23c2f elementor-widget-divider--view-line elementor-widget elementor-widget-divider\" data-id=\"4a23c2f\" data-element_type=\"widget\" data-widget_type=\"divider.default\">\n\t\t\t\t<div class=\"elementor-widget-container\">\n\t\t\t\t\t<div class=\"elementor-divider\">\n\t\t\t<span class=\"elementor-divider-separator\">\n\t\t\t\t\t\t<\/span>\n\t\t<\/div>\n\t\t\t\t<\/div>\n\t\t\t\t<\/div>\n\t\t\t\t<section class=\"elementor-section elementor-inner-section elementor-element elementor-element-461e783 elementor-section-boxed elementor-section-height-default elementor-section-height-default qodef-elementor-content-no\" data-id=\"461e783\" data-element_type=\"section\">\n\t\t\t\t\t\t<div class=\"elementor-container elementor-column-gap-default\">\n\t\t\t\t\t<div class=\"elementor-column elementor-col-50 elementor-inner-column elementor-element elementor-element-7b8b6e5\" data-id=\"7b8b6e5\" data-element_type=\"column\">\n\t\t\t<div class=\"elementor-widget-wrap elementor-element-populated\">\n\t\t\t\t\t\t\t\t<div class=\"elementor-element elementor-element-0ef7ed0 elementor-invisible elementor-widget elementor-widget-image\" data-id=\"0ef7ed0\" data-element_type=\"widget\" data-settings=\"{&quot;_animation&quot;:&quot;fadeInUp&quot;}\" data-widget_type=\"image.default\">\n\t\t\t\t<div class=\"elementor-widget-container\">\n\t\t\t\t\t\t\t\t\t\t\t\t\t\t\t<img loading=\"lazy\" decoding=\"async\" width=\"960\" height=\"540\" src=\"https:\/\/www.lesfilmsdelamemoire.be\/wp-content\/uploads\/2023\/01\/Survivre-a-Shanghai-Featured-Image.jpg\" class=\"attachment-large size-large wp-image-5100\" alt=\"\" srcset=\"https:\/\/www.lesfilmsdelamemoire.be\/wp-content\/uploads\/2023\/01\/Survivre-a-Shanghai-Featured-Image.jpg 960w, https:\/\/www.lesfilmsdelamemoire.be\/wp-content\/uploads\/2023\/01\/Survivre-a-Shanghai-Featured-Image-300x169.jpg 300w, https:\/\/www.lesfilmsdelamemoire.be\/wp-content\/uploads\/2023\/01\/Survivre-a-Shanghai-Featured-Image-768x432.jpg 768w, https:\/\/www.lesfilmsdelamemoire.be\/wp-content\/uploads\/2023\/01\/Survivre-a-Shanghai-Featured-Image-600x338.jpg 600w\" sizes=\"auto, (max-width: 960px) 100vw, 960px\" \/>\t\t\t\t\t\t\t\t\t\t\t\t\t\t\t<\/div>\n\t\t\t\t<\/div>\n\t\t\t\t\t<\/div>\n\t\t<\/div>\n\t\t\t\t<div class=\"elementor-column elementor-col-50 elementor-inner-column elementor-element elementor-element-c5d423b\" data-id=\"c5d423b\" data-element_type=\"column\">\n\t\t\t<div class=\"elementor-widget-wrap elementor-element-populated\">\n\t\t\t\t\t\t\t\t<div class=\"elementor-element elementor-element-37a75c7 elementor-invisible elementor-widget elementor-widget-heading\" data-id=\"37a75c7\" data-element_type=\"widget\" data-settings=\"{&quot;_animation&quot;:&quot;fadeInUp&quot;}\" data-widget_type=\"heading.default\">\n\t\t\t\t<div class=\"elementor-widget-container\">\n\t\t\t<h4 class=\"elementor-heading-title elementor-size-default\">Survivre \u00e0 Shanghai<\/h4>\t\t<\/div>\n\t\t\t\t<\/div>\n\t\t\t\t<div class=\"elementor-element elementor-element-03a917b elementor-invisible elementor-widget elementor-widget-heading\" data-id=\"03a917b\" data-element_type=\"widget\" data-settings=\"{&quot;_animation&quot;:&quot;fadeInUp&quot;}\" data-widget_type=\"heading.default\">\n\t\t\t\t<div class=\"elementor-widget-container\">\n\t\t\t<h6 class=\"elementor-heading-title elementor-size-small\">1990<\/h6>\t\t<\/div>\n\t\t\t\t<\/div>\n\t\t\t\t<div class=\"elementor-element elementor-element-85ae24f elementor-invisible elementor-widget elementor-widget-text-editor\" data-id=\"85ae24f\" data-element_type=\"widget\" data-settings=\"{&quot;_animation&quot;:&quot;fadeInUp&quot;}\" data-widget_type=\"text-editor.default\">\n\t\t\t\t<div class=\"elementor-widget-container\">\n\t\t\t\t\t\t\t<p>20.000 juifs ont fui les pers\u00e9cutions nazies pour trouver refuge en Chine \u00e0 Shanghai. Le film relate le long exode de 5.000 Juifs qui ont travers\u00e9 d\u2019un bout \u00e0 l\u2019autre l\u2019URSS et le Japon, pour finalement d\u00e9barquer \u00e0 Shanghai.<\/p>\t\t\t\t\t\t<\/div>\n\t\t\t\t<\/div>\n\t\t\t\t<div class=\"elementor-element elementor-element-a2bad31 elementor-invisible elementor-widget elementor-widget-text-editor\" data-id=\"a2bad31\" data-element_type=\"widget\" data-settings=\"{&quot;_animation&quot;:&quot;fadeInUp&quot;}\" data-widget_type=\"text-editor.default\">\n\t\t\t\t<div class=\"elementor-widget-container\">\n\t\t\t\t\t\t\t<p>Th\u00e9matiques : Seconde Guerre mondiale, Shoah, Exil, Shanghai, Ghetto<\/p>\t\t\t\t\t\t<\/div>\n\t\t\t\t<\/div>\n\t\t\t\t<div class=\"elementor-element elementor-element-97f8a45 elementor-widget__width-auto elementor-invisible elementor-widget elementor-widget-pelicula_core_button\" data-id=\"97f8a45\" data-element_type=\"widget\" data-settings=\"{&quot;_animation&quot;:&quot;fadeInUp&quot;}\" data-widget_type=\"pelicula_core_button.default\">\n\t\t\t\t<div class=\"elementor-widget-container\">\n\t\t\t<a class=\"qodef-shortcode qodef-m  qodef-button qodef-layout--filled  qodef-html--link\" href=\"https:\/\/www.lesfilmsdelamemoire.be\/fr\/films\/survivre-a-shanghai\/\" target=\"_self\" data-hover-color=\"#000000\" data-hover-background-color=\"#FFFFFF\" data-background-color=\"#000000\" style=\"background-color: #000000\">\n\t<span class=\"qodef-m-text\">En Savoir Plus<\/span>\n<\/a>\t\t<\/div>\n\t\t\t\t<\/div>\n\t\t\t\t\t<\/div>\n\t\t<\/div>\n\t\t\t\t\t\t\t<\/div>\n\t\t<\/section>\n\t\t\t\t<div class=\"elementor-element elementor-element-87e47c9 elementor-widget-divider--view-line elementor-widget elementor-widget-divider\" data-id=\"87e47c9\" data-element_type=\"widget\" data-widget_type=\"divider.default\">\n\t\t\t\t<div class=\"elementor-widget-container\">\n\t\t\t\t\t<div class=\"elementor-divider\">\n\t\t\t<span class=\"elementor-divider-separator\">\n\t\t\t\t\t\t<\/span>\n\t\t<\/div>\n\t\t\t\t<\/div>\n\t\t\t\t<\/div>\n\t\t\t\t<section class=\"elementor-section elementor-inner-section elementor-element elementor-element-c1afdb7 elementor-section-boxed elementor-section-height-default elementor-section-height-default qodef-elementor-content-no\" data-id=\"c1afdb7\" data-element_type=\"section\">\n\t\t\t\t\t\t<div class=\"elementor-container elementor-column-gap-default\">\n\t\t\t\t\t<div class=\"elementor-column elementor-col-50 elementor-inner-column elementor-element elementor-element-6f85bf5\" data-id=\"6f85bf5\" data-element_type=\"column\">\n\t\t\t<div class=\"elementor-widget-wrap elementor-element-populated\">\n\t\t\t\t\t\t\t\t<div class=\"elementor-element elementor-element-f4e2209 elementor-invisible elementor-widget elementor-widget-image\" data-id=\"f4e2209\" data-element_type=\"widget\" data-settings=\"{&quot;_animation&quot;:&quot;fadeInUp&quot;}\" data-widget_type=\"image.default\">\n\t\t\t\t<div class=\"elementor-widget-container\">\n\t\t\t\t\t\t\t\t\t\t\t\t\t\t\t<img loading=\"lazy\" decoding=\"async\" width=\"960\" height=\"540\" src=\"https:\/\/www.lesfilmsdelamemoire.be\/wp-content\/uploads\/2021\/06\/Un-Simple-Maillon-Featured-Image.jpg\" class=\"attachment-large size-large wp-image-4222\" alt=\"\" srcset=\"https:\/\/www.lesfilmsdelamemoire.be\/wp-content\/uploads\/2021\/06\/Un-Simple-Maillon-Featured-Image.jpg 960w, https:\/\/www.lesfilmsdelamemoire.be\/wp-content\/uploads\/2021\/06\/Un-Simple-Maillon-Featured-Image-300x169.jpg 300w, https:\/\/www.lesfilmsdelamemoire.be\/wp-content\/uploads\/2021\/06\/Un-Simple-Maillon-Featured-Image-768x432.jpg 768w, https:\/\/www.lesfilmsdelamemoire.be\/wp-content\/uploads\/2021\/06\/Un-Simple-Maillon-Featured-Image-600x338.jpg 600w\" sizes=\"auto, (max-width: 960px) 100vw, 960px\" \/>\t\t\t\t\t\t\t\t\t\t\t\t\t\t\t<\/div>\n\t\t\t\t<\/div>\n\t\t\t\t\t<\/div>\n\t\t<\/div>\n\t\t\t\t<div class=\"elementor-column elementor-col-50 elementor-inner-column elementor-element elementor-element-ad40f37\" data-id=\"ad40f37\" data-element_type=\"column\">\n\t\t\t<div class=\"elementor-widget-wrap elementor-element-populated\">\n\t\t\t\t\t\t\t\t<div class=\"elementor-element elementor-element-cd44e35 elementor-invisible elementor-widget elementor-widget-heading\" data-id=\"cd44e35\" data-element_type=\"widget\" data-settings=\"{&quot;_animation&quot;:&quot;fadeInUp&quot;}\" data-widget_type=\"heading.default\">\n\t\t\t\t<div class=\"elementor-widget-container\">\n\t\t\t<h4 class=\"elementor-heading-title elementor-size-default\">Un Simple Maillon<\/h4>\t\t<\/div>\n\t\t\t\t<\/div>\n\t\t\t\t<div class=\"elementor-element elementor-element-654a62f elementor-invisible elementor-widget elementor-widget-heading\" data-id=\"654a62f\" data-element_type=\"widget\" data-settings=\"{&quot;_animation&quot;:&quot;fadeInUp&quot;}\" data-widget_type=\"heading.default\">\n\t\t\t\t<div class=\"elementor-widget-container\">\n\t\t\t<h6 class=\"elementor-heading-title elementor-size-small\">2003<\/h6>\t\t<\/div>\n\t\t\t\t<\/div>\n\t\t\t\t<div class=\"elementor-element elementor-element-9da7715 elementor-invisible elementor-widget elementor-widget-text-editor\" data-id=\"9da7715\" data-element_type=\"widget\" data-settings=\"{&quot;_animation&quot;:&quot;fadeInUp&quot;}\" data-widget_type=\"text-editor.default\">\n\t\t\t\t<div class=\"elementor-widget-container\">\n\t\t\t\t\t\t\t<p>Message unique d\u2019humanisme et d\u2019humanit\u00e9 de la r\u00e9sistante Andr\u00e9e Geulen. L\u2019histoire de 12 femmes du Comit\u00e9 de D\u00e9fense des Juifs, la mani\u00e8re dont elles se sont organis\u00e9es en Belgique occup\u00e9e pour sauver des milliers d\u2019enfants.<\/p>\t\t\t\t\t\t<\/div>\n\t\t\t\t<\/div>\n\t\t\t\t<div class=\"elementor-element elementor-element-b58189c elementor-invisible elementor-widget elementor-widget-text-editor\" data-id=\"b58189c\" data-element_type=\"widget\" data-settings=\"{&quot;_animation&quot;:&quot;fadeInUp&quot;}\" data-widget_type=\"text-editor.default\">\n\t\t\t\t<div class=\"elementor-widget-container\">\n\t\t\t\t\t\t\t<p>Th\u00e9matiques : Seconde Guerre mondiale, Belgique, Portrait Shoah, Enfants cach\u00e9s, R\u00e9sistance, Comit\u00e9 de D\u00e9fense des Juifs<\/p>\t\t\t\t\t\t<\/div>\n\t\t\t\t<\/div>\n\t\t\t\t<div class=\"elementor-element elementor-element-e62b9f2 elementor-widget__width-auto elementor-invisible elementor-widget elementor-widget-pelicula_core_button\" data-id=\"e62b9f2\" data-element_type=\"widget\" data-settings=\"{&quot;_animation&quot;:&quot;fadeInUp&quot;}\" data-widget_type=\"pelicula_core_button.default\">\n\t\t\t\t<div class=\"elementor-widget-container\">\n\t\t\t<a class=\"qodef-shortcode qodef-m  qodef-button qodef-layout--filled  qodef-html--link\" href=\"https:\/\/www.lesfilmsdelamemoire.be\/fr\/films\/un-simple-maillon\/\" target=\"_self\" data-hover-color=\"#000000\" data-hover-background-color=\"#FFFFFF\" data-background-color=\"#000000\" style=\"background-color: #000000\">\n\t<span class=\"qodef-m-text\">En Savoir Plus<\/span>\n<\/a>\t\t<\/div>\n\t\t\t\t<\/div>\n\t\t\t\t\t<\/div>\n\t\t<\/div>\n\t\t\t\t\t\t\t<\/div>\n\t\t<\/section>\n\t\t\t\t<div class=\"elementor-element elementor-element-19d60a5 elementor-widget-divider--view-line elementor-widget elementor-widget-divider\" data-id=\"19d60a5\" data-element_type=\"widget\" data-widget_type=\"divider.default\">\n\t\t\t\t<div class=\"elementor-widget-container\">\n\t\t\t\t\t<div class=\"elementor-divider\">\n\t\t\t<span class=\"elementor-divider-separator\">\n\t\t\t\t\t\t<\/span>\n\t\t<\/div>\n\t\t\t\t<\/div>\n\t\t\t\t<\/div>\n\t\t\t\t<section class=\"elementor-section elementor-inner-section elementor-element elementor-element-c9772cf elementor-section-boxed elementor-section-height-default elementor-section-height-default qodef-elementor-content-no\" data-id=\"c9772cf\" data-element_type=\"section\">\n\t\t\t\t\t\t<div class=\"elementor-container elementor-column-gap-default\">\n\t\t\t\t\t<div class=\"elementor-column elementor-col-50 elementor-inner-column elementor-element elementor-element-d49b4f4\" data-id=\"d49b4f4\" data-element_type=\"column\">\n\t\t\t<div class=\"elementor-widget-wrap elementor-element-populated\">\n\t\t\t\t\t\t\t\t<div class=\"elementor-element elementor-element-86b0967 elementor-invisible elementor-widget elementor-widget-image\" data-id=\"86b0967\" data-element_type=\"widget\" data-settings=\"{&quot;_animation&quot;:&quot;fadeInUp&quot;}\" data-widget_type=\"image.default\">\n\t\t\t\t<div class=\"elementor-widget-container\">\n\t\t\t\t\t\t\t\t\t\t\t\t\t\t\t<img loading=\"lazy\" decoding=\"async\" width=\"960\" height=\"540\" src=\"https:\/\/www.lesfilmsdelamemoire.be\/wp-content\/uploads\/2023\/01\/Yiddish-Soul-Featured-Image.jpg\" class=\"attachment-large size-large wp-image-4578\" alt=\"\" srcset=\"https:\/\/www.lesfilmsdelamemoire.be\/wp-content\/uploads\/2023\/01\/Yiddish-Soul-Featured-Image.jpg 960w, https:\/\/www.lesfilmsdelamemoire.be\/wp-content\/uploads\/2023\/01\/Yiddish-Soul-Featured-Image-300x169.jpg 300w, https:\/\/www.lesfilmsdelamemoire.be\/wp-content\/uploads\/2023\/01\/Yiddish-Soul-Featured-Image-768x432.jpg 768w, https:\/\/www.lesfilmsdelamemoire.be\/wp-content\/uploads\/2023\/01\/Yiddish-Soul-Featured-Image-600x338.jpg 600w\" sizes=\"auto, (max-width: 960px) 100vw, 960px\" \/>\t\t\t\t\t\t\t\t\t\t\t\t\t\t\t<\/div>\n\t\t\t\t<\/div>\n\t\t\t\t\t<\/div>\n\t\t<\/div>\n\t\t\t\t<div class=\"elementor-column elementor-col-50 elementor-inner-column elementor-element elementor-element-1144bf9\" data-id=\"1144bf9\" data-element_type=\"column\">\n\t\t\t<div class=\"elementor-widget-wrap elementor-element-populated\">\n\t\t\t\t\t\t\t\t<div class=\"elementor-element elementor-element-7437047 elementor-invisible elementor-widget elementor-widget-heading\" data-id=\"7437047\" data-element_type=\"widget\" data-settings=\"{&quot;_animation&quot;:&quot;fadeInUp&quot;}\" data-widget_type=\"heading.default\">\n\t\t\t\t<div class=\"elementor-widget-container\">\n\t\t\t<h4 class=\"elementor-heading-title elementor-size-default\">Yiddish Soul<\/h4>\t\t<\/div>\n\t\t\t\t<\/div>\n\t\t\t\t<div class=\"elementor-element elementor-element-36470f8 elementor-invisible elementor-widget elementor-widget-heading\" data-id=\"36470f8\" data-element_type=\"widget\" data-settings=\"{&quot;_animation&quot;:&quot;fadeInUp&quot;}\" data-widget_type=\"heading.default\">\n\t\t\t\t<div class=\"elementor-widget-container\">\n\t\t\t<h6 class=\"elementor-heading-title elementor-size-small\">2006<\/h6>\t\t<\/div>\n\t\t\t\t<\/div>\n\t\t\t\t<div class=\"elementor-element elementor-element-87c5192 elementor-invisible elementor-widget elementor-widget-text-editor\" data-id=\"87c5192\" data-element_type=\"widget\" data-settings=\"{&quot;_animation&quot;:&quot;fadeInUp&quot;}\" data-widget_type=\"text-editor.default\">\n\t\t\t\t<div class=\"elementor-widget-container\">\n\t\t\t\t\t\t\t<p>Yiddish Soul est un voyage au coeur de la renaissance de la chanson yiddish, au travers de la passion de Karsten Troyke, Shura Lipovsky, et les KlezRoym, jeunes artistes europ\u00e9ens.<\/p>\t\t\t\t\t\t<\/div>\n\t\t\t\t<\/div>\n\t\t\t\t<div class=\"elementor-element elementor-element-7fc507e elementor-invisible elementor-widget elementor-widget-text-editor\" data-id=\"7fc507e\" data-element_type=\"widget\" data-settings=\"{&quot;_animation&quot;:&quot;fadeInUp&quot;}\" data-widget_type=\"text-editor.default\">\n\t\t\t\t<div class=\"elementor-widget-container\">\n\t\t\t\t\t\t\t<p>Th\u00e9matiques : Musique, Chants, Culture Juive Yiddish, Concerts, Europe<\/p>\t\t\t\t\t\t<\/div>\n\t\t\t\t<\/div>\n\t\t\t\t<div class=\"elementor-element elementor-element-60f29de elementor-widget__width-auto elementor-invisible elementor-widget elementor-widget-pelicula_core_button\" data-id=\"60f29de\" data-element_type=\"widget\" data-settings=\"{&quot;_animation&quot;:&quot;fadeInUp&quot;}\" data-widget_type=\"pelicula_core_button.default\">\n\t\t\t\t<div class=\"elementor-widget-container\">\n\t\t\t<a class=\"qodef-shortcode qodef-m  qodef-button qodef-layout--filled  qodef-html--link\" href=\"https:\/\/www.lesfilmsdelamemoire.be\/fr\/films\/yiddish-soul\/\" target=\"_self\" data-hover-color=\"#000000\" data-hover-background-color=\"#FFFFFF\" data-background-color=\"#000000\" style=\"background-color: #000000\">\n\t<span class=\"qodef-m-text\">En Savoir Plus<\/span>\n<\/a>\t\t<\/div>\n\t\t\t\t<\/div>\n\t\t\t\t\t<\/div>\n\t\t<\/div>\n\t\t\t\t\t\t\t<\/div>\n\t\t<\/section>\n\t\t\t\t<div class=\"elementor-element elementor-element-abebb24 elementor-widget-divider--view-line elementor-widget elementor-widget-divider\" data-id=\"abebb24\" data-element_type=\"widget\" data-widget_type=\"divider.default\">\n\t\t\t\t<div class=\"elementor-widget-container\">\n\t\t\t\t\t<div class=\"elementor-divider\">\n\t\t\t<span class=\"elementor-divider-separator\">\n\t\t\t\t\t\t<\/span>\n\t\t<\/div>\n\t\t\t\t<\/div>\n\t\t\t\t<\/div>\n\t\t\t\t<section class=\"elementor-section elementor-inner-section elementor-element elementor-element-7ff9347 elementor-section-boxed elementor-section-height-default elementor-section-height-default qodef-elementor-content-no\" data-id=\"7ff9347\" data-element_type=\"section\">\n\t\t\t\t\t\t<div class=\"elementor-container elementor-column-gap-default\">\n\t\t\t\t\t<div class=\"elementor-column elementor-col-50 elementor-inner-column elementor-element elementor-element-b09c6f9\" data-id=\"b09c6f9\" data-element_type=\"column\">\n\t\t\t<div class=\"elementor-widget-wrap elementor-element-populated\">\n\t\t\t\t\t\t\t\t<div class=\"elementor-element elementor-element-d57ed76 elementor-invisible elementor-widget elementor-widget-image\" data-id=\"d57ed76\" data-element_type=\"widget\" data-settings=\"{&quot;_animation&quot;:&quot;fadeInUp&quot;}\" data-widget_type=\"image.default\">\n\t\t\t\t<div class=\"elementor-widget-container\">\n\t\t\t\t\t\t\t\t\t\t\t\t\t\t\t<img loading=\"lazy\" decoding=\"async\" width=\"960\" height=\"540\" src=\"https:\/\/www.lesfilmsdelamemoire.be\/wp-content\/uploads\/2023\/01\/Concert-Featured-Image.jpg\" class=\"attachment-large size-large wp-image-5287\" alt=\"\" srcset=\"https:\/\/www.lesfilmsdelamemoire.be\/wp-content\/uploads\/2023\/01\/Concert-Featured-Image.jpg 960w, https:\/\/www.lesfilmsdelamemoire.be\/wp-content\/uploads\/2023\/01\/Concert-Featured-Image-300x169.jpg 300w, https:\/\/www.lesfilmsdelamemoire.be\/wp-content\/uploads\/2023\/01\/Concert-Featured-Image-768x432.jpg 768w, https:\/\/www.lesfilmsdelamemoire.be\/wp-content\/uploads\/2023\/01\/Concert-Featured-Image-600x338.jpg 600w\" sizes=\"auto, (max-width: 960px) 100vw, 960px\" \/>\t\t\t\t\t\t\t\t\t\t\t\t\t\t\t<\/div>\n\t\t\t\t<\/div>\n\t\t\t\t\t<\/div>\n\t\t<\/div>\n\t\t\t\t<div class=\"elementor-column elementor-col-50 elementor-inner-column elementor-element elementor-element-f1fef6a\" data-id=\"f1fef6a\" data-element_type=\"column\">\n\t\t\t<div class=\"elementor-widget-wrap elementor-element-populated\">\n\t\t\t\t\t\t\t\t<div class=\"elementor-element elementor-element-89e820e elementor-invisible elementor-widget elementor-widget-heading\" data-id=\"89e820e\" data-element_type=\"widget\" data-settings=\"{&quot;_animation&quot;:&quot;fadeInUp&quot;}\" data-widget_type=\"heading.default\">\n\t\t\t\t<div class=\"elementor-widget-container\">\n\t\t\t<h4 class=\"elementor-heading-title elementor-size-default\">Concert Yiddish Soul<\/h4>\t\t<\/div>\n\t\t\t\t<\/div>\n\t\t\t\t<div class=\"elementor-element elementor-element-42c2bee elementor-invisible elementor-widget elementor-widget-heading\" data-id=\"42c2bee\" data-element_type=\"widget\" data-settings=\"{&quot;_animation&quot;:&quot;fadeInUp&quot;}\" data-widget_type=\"heading.default\">\n\t\t\t\t<div class=\"elementor-widget-container\">\n\t\t\t<h6 class=\"elementor-heading-title elementor-size-small\">2006<\/h6>\t\t<\/div>\n\t\t\t\t<\/div>\n\t\t\t\t<div class=\"elementor-element elementor-element-ce2d7c5 elementor-invisible elementor-widget elementor-widget-text-editor\" data-id=\"ce2d7c5\" data-element_type=\"widget\" data-settings=\"{&quot;_animation&quot;:&quot;fadeInUp&quot;}\" data-widget_type=\"text-editor.default\">\n\t\t\t\t<div class=\"elementor-widget-container\">\n\t\t\t\t\t\t\t<p>Le Concert Yiddish Soul du 16 mars 2005 \u00e0 Bruxelles incarne la renaissance de la chanson yiddish. Parrain\u00e9 par Myriam Fuks, Karsten Troyke, Shura Lipovsky et les KlezRoym font revivre un art presque oubli\u00e9. Concert Yiddish Soul va de pair avec Yiddish Soul.<\/p>\t\t\t\t\t\t<\/div>\n\t\t\t\t<\/div>\n\t\t\t\t<div class=\"elementor-element elementor-element-131304e elementor-invisible elementor-widget elementor-widget-text-editor\" data-id=\"131304e\" data-element_type=\"widget\" data-settings=\"{&quot;_animation&quot;:&quot;fadeInUp&quot;}\" data-widget_type=\"text-editor.default\">\n\t\t\t\t<div class=\"elementor-widget-container\">\n\t\t\t\t\t\t\t<p>Th\u00e9matiques : Musique, Chants, Culture Juive Yiddish, Concerts, Europe<\/p>\t\t\t\t\t\t<\/div>\n\t\t\t\t<\/div>\n\t\t\t\t<div class=\"elementor-element elementor-element-733daae elementor-widget__width-auto elementor-invisible elementor-widget elementor-widget-pelicula_core_button\" data-id=\"733daae\" data-element_type=\"widget\" data-settings=\"{&quot;_animation&quot;:&quot;fadeInUp&quot;}\" data-widget_type=\"pelicula_core_button.default\">\n\t\t\t\t<div class=\"elementor-widget-container\">\n\t\t\t<a class=\"qodef-shortcode qodef-m  qodef-button qodef-layout--filled  qodef-html--link\" href=\"https:\/\/www.lesfilmsdelamemoire.be\/fr\/films\/concert-yiddish-soul\/\" target=\"_self\" data-hover-color=\"#000000\" data-hover-background-color=\"#FFFFFF\" data-background-color=\"#000000\" style=\"background-color: #000000\">\n\t<span class=\"qodef-m-text\">En Savoir Plus<\/span>\n<\/a>\t\t<\/div>\n\t\t\t\t<\/div>\n\t\t\t\t\t<\/div>\n\t\t<\/div>\n\t\t\t\t\t\t\t<\/div>\n\t\t<\/section>\n\t\t\t\t\t<\/div>\n\t\t<\/div>\n\t\t\t\t\t\t\t<\/div>\n\t\t<\/section>\n\t\t\t\t\t\t\t<\/div>\n\t\t","protected":false},"excerpt":{"rendered":"<p>Pr\u00e9sentation ZAKHOR ! SOUVIENS TOI ! Le travail de m\u00e9moire est un socle essentiel de la substance de notre d\u00e9mocratie, de l\u2019\u00e9ducation \u00e0 la citoyennet\u00e9. C\u2019est pourquoi avec les Films de la M\u00e9moire, Willy Perelsztejn, et sa s\u0153ur Diane y ont consacr\u00e9 leur vie professionnelle. En plus de 30 ans de production audiovisuelle, le groupe [&hellip;]<\/p>\n","protected":false},"author":1,"featured_media":0,"parent":0,"menu_order":0,"comment_status":"closed","ping_status":"closed","template":"","meta":{"_themeisle_gutenberg_block_has_review":false,"footnotes":""},"class_list":["post-5748","page","type-page","status-publish","hentry"],"_links":{"self":[{"href":"https:\/\/www.lesfilmsdelamemoire.be\/fr\/wp-json\/wp\/v2\/pages\/5748","targetHints":{"allow":["GET"]}}],"collection":[{"href":"https:\/\/www.lesfilmsdelamemoire.be\/fr\/wp-json\/wp\/v2\/pages"}],"about":[{"href":"https:\/\/www.lesfilmsdelamemoire.be\/fr\/wp-json\/wp\/v2\/types\/page"}],"author":[{"embeddable":true,"href":"https:\/\/www.lesfilmsdelamemoire.be\/fr\/wp-json\/wp\/v2\/users\/1"}],"replies":[{"embeddable":true,"href":"https:\/\/www.lesfilmsdelamemoire.be\/fr\/wp-json\/wp\/v2\/comments?post=5748"}],"version-history":[{"count":195,"href":"https:\/\/www.lesfilmsdelamemoire.be\/fr\/wp-json\/wp\/v2\/pages\/5748\/revisions"}],"predecessor-version":[{"id":9936,"href":"https:\/\/www.lesfilmsdelamemoire.be\/fr\/wp-json\/wp\/v2\/pages\/5748\/revisions\/9936"}],"wp:attachment":[{"href":"https:\/\/www.lesfilmsdelamemoire.be\/fr\/wp-json\/wp\/v2\/media?parent=5748"}],"curies":[{"name":"wp","href":"https:\/\/api.w.org\/{rel}","templated":true}]}}