{"id":3950,"date":"2021-06-07T17:50:17","date_gmt":"2021-06-07T15:50:17","guid":{"rendered":"http:\/\/kathleenferrier.be\/fdlm\/?page_id=3950"},"modified":"2026-01-14T12:54:31","modified_gmt":"2026-01-14T11:54:31","slug":"catalogue","status":"publish","type":"page","link":"https:\/\/www.lesfilmsdelamemoire.be\/fr\/catalogue\/","title":{"rendered":"Nos Films"},"content":{"rendered":"\t\t<div data-elementor-type=\"wp-page\" data-elementor-id=\"3950\" class=\"elementor elementor-3950\">\n\t\t\t\t\t\t\t\t\t<section class=\"elementor-section elementor-top-section elementor-element elementor-element-8d973e5 elementor-section-boxed elementor-section-height-default elementor-section-height-default qodef-elementor-content-no\" data-id=\"8d973e5\" data-element_type=\"section\">\n\t\t\t\t\t\t<div class=\"elementor-container elementor-column-gap-no\">\n\t\t\t\t\t<div class=\"elementor-column elementor-col-100 elementor-top-column elementor-element elementor-element-14edfb8\" data-id=\"14edfb8\" data-element_type=\"column\">\n\t\t\t<div class=\"elementor-widget-wrap elementor-element-populated\">\n\t\t\t\t\t\t\t\t<div class=\"elementor-element elementor-element-836ea69 elementor-widget elementor-widget-pelicula_core_portfolio_list\" data-id=\"836ea69\" data-element_type=\"widget\" data-widget_type=\"pelicula_core_portfolio_list.default\">\n\t\t\t\t<div class=\"elementor-widget-container\">\n\t\t\t<div class=\"qodef-shortcode qodef-m  qodef-portfolio-list qodef-item-layout--info-below   qodef-grid qodef-layout--columns   qodef-gutter--normal qodef-col-num--3 qodef-item-layout--info-below qodef--no-bottom-space qodef-pagination--off qodef-responsive--predefined qodef-hover-animation--tilt\" data-options=\"{&quot;plugin&quot;:&quot;pelicula_core&quot;,&quot;module&quot;:&quot;post-types\\\/portfolio\\\/shortcodes&quot;,&quot;shortcode&quot;:&quot;portfolio-list&quot;,&quot;post_type&quot;:&quot;portfolio-item&quot;,&quot;next_page&quot;:&quot;2&quot;,&quot;behavior&quot;:&quot;columns&quot;,&quot;custom_proportions&quot;:&quot;no&quot;,&quot;images_proportion&quot;:&quot;full&quot;,&quot;columns&quot;:&quot;3&quot;,&quot;columns_responsive&quot;:&quot;predefined&quot;,&quot;columns_1440&quot;:&quot;3&quot;,&quot;columns_1366&quot;:&quot;3&quot;,&quot;columns_1024&quot;:&quot;3&quot;,&quot;columns_768&quot;:&quot;3&quot;,&quot;columns_680&quot;:&quot;3&quot;,&quot;columns_480&quot;:&quot;3&quot;,&quot;space&quot;:&quot;normal&quot;,&quot;posts_per_page&quot;:&quot;-1&quot;,&quot;orderby&quot;:&quot;date&quot;,&quot;order&quot;:&quot;DESC&quot;,&quot;additional_params&quot;:&quot;id&quot;,&quot;post_ids&quot;:&quot;3622, 5271, 4821, 5102, 4889, 5108, 3924, 5272, 4983, 5514, 4848, 4184, 4623, 5273, 4941, 3501, 5276, 5049, 5479, 4724, 5105, 5274, 5275, 4666, 5540, 5099,10145, 4051, 3383, 4576&quot;,&quot;layout&quot;:&quot;info-below&quot;,&quot;hover_animation_info-below&quot;:&quot;tilt&quot;,&quot;hover_animation_info-follow&quot;:&quot;follow&quot;,&quot;hover_animation_info-on-hover&quot;:&quot;direction-aware&quot;,&quot;title_tag&quot;:&quot;h4&quot;,&quot;custom_padding&quot;:&quot;no&quot;,&quot;pagination_type&quot;:&quot;no-pagination&quot;,&quot;object_class_name&quot;:&quot;PeliculaCorePortfolioListShortcode&quot;,&quot;taxonomy_filter&quot;:&quot;portfolio-category&quot;,&quot;additional_query_args&quot;:{&quot;orderby&quot;:&quot;post__in&quot;,&quot;post__in&quot;:[&quot;3622&quot;,&quot; 5271&quot;,&quot; 4821&quot;,&quot; 5102&quot;,&quot; 4889&quot;,&quot; 5108&quot;,&quot; 3924&quot;,&quot; 5272&quot;,&quot; 4983&quot;,&quot; 5514&quot;,&quot; 4848&quot;,&quot; 4184&quot;,&quot; 4623&quot;,&quot; 5273&quot;,&quot; 4941&quot;,&quot; 3501&quot;,&quot; 5276&quot;,&quot; 5049&quot;,&quot; 5479&quot;,&quot; 4724&quot;,&quot; 5105&quot;,&quot; 5274&quot;,&quot; 5275&quot;,&quot; 4666&quot;,&quot; 5540&quot;,&quot; 5099&quot;,&quot;10145&quot;,&quot; 4051&quot;,&quot; 3383&quot;,&quot; 4576&quot;]},&quot;space_value&quot;:15}\">\n\t\t<div class=\"qodef-grid-inner clear\">\n\t\t<article class=\"qodef-e qodef-grid-item qodef-item--full qodef-e-holder-main qodef-has-post-media post-3622 portfolio-item type-portfolio-item status-publish has-post-thumbnail hentry portfolio-category-documentaire portfolio-category-histoire portfolio-category-patrimoine\">\n\t<div class=\"qodef-e-inner\" >\n\t\t<div class=\"qodef-e-image-outer\">\n\t\t\t<div class=\"qodef-e-image\">\n\t\t\t\t\t<div class=\"qodef-e-media-image\">\n\t\t<a itemprop=\"url\" href=\"https:\/\/www.lesfilmsdelamemoire.be\/fr\/films\/ashcan-the-secret-prison\/\" target=\"_self\">\n\t\t\t<img loading=\"lazy\" decoding=\"async\" width=\"960\" height=\"540\" src=\"https:\/\/www.lesfilmsdelamemoire.be\/wp-content\/uploads\/2021\/06\/Ashcan-Featured-Image.jpg\" class=\"attachment-full size-full wp-post-image\" alt=\"\" srcset=\"https:\/\/www.lesfilmsdelamemoire.be\/wp-content\/uploads\/2021\/06\/Ashcan-Featured-Image.jpg 960w, https:\/\/www.lesfilmsdelamemoire.be\/wp-content\/uploads\/2021\/06\/Ashcan-Featured-Image-300x169.jpg 300w, https:\/\/www.lesfilmsdelamemoire.be\/wp-content\/uploads\/2021\/06\/Ashcan-Featured-Image-768x432.jpg 768w, https:\/\/www.lesfilmsdelamemoire.be\/wp-content\/uploads\/2021\/06\/Ashcan-Featured-Image-600x338.jpg 600w\" sizes=\"auto, (max-width: 960px) 100vw, 960px\" \/>\t\t<\/a>\n\t<\/div>\n\t\t\t<\/div>\n\t\t<\/div>\n\t\t<div class=\"qodef-e-content qodef-e-content-main\" >\n\t\t\t<h4 itemprop=\"name\" class=\"qodef-e-title entry-title qodef-e-title-main\" >\n\t<a itemprop=\"url\" class=\"qodef-e-title-link\" href=\"https:\/\/www.lesfilmsdelamemoire.be\/fr\/films\/ashcan-the-secret-prison\/\" target=\"_self\">\n\t\tAshcan &#8211; The Secret Prison\t<\/a>\n<\/h4>\t\t\t<div class=\"qodef-e-info-category\">\n\t<a itemprop=\"url\" class=\"qodef-e-category\" href=\"https:\/\/www.lesfilmsdelamemoire.be\/fr\/portfolio-category\/documentaire\/\">Documentaire<\/a><a itemprop=\"url\" class=\"qodef-e-category\" href=\"https:\/\/www.lesfilmsdelamemoire.be\/fr\/portfolio-category\/histoire\/\">Histoire<\/a><a itemprop=\"url\" class=\"qodef-e-category\" href=\"https:\/\/www.lesfilmsdelamemoire.be\/fr\/portfolio-category\/patrimoine\/\">Patrimoine<\/a><\/div>\n\t\t<\/div>\n\t<\/div>\n<\/article><article class=\"qodef-e qodef-grid-item qodef-item--full qodef-e-holder-main qodef-has-post-media post-5271 portfolio-item type-portfolio-item status-publish has-post-thumbnail hentry portfolio-category-documentaire portfolio-category-histoire portfolio-category-patrimoine\">\n\t<div class=\"qodef-e-inner\" >\n\t\t<div class=\"qodef-e-image-outer\">\n\t\t\t<div class=\"qodef-e-image\">\n\t\t\t\t\t<div class=\"qodef-e-media-image\">\n\t\t<a itemprop=\"url\" href=\"https:\/\/www.lesfilmsdelamemoire.be\/fr\/films\/dauschwitz-a-jerusalem\/\" target=\"_self\">\n\t\t\t<img loading=\"lazy\" decoding=\"async\" width=\"960\" height=\"540\" src=\"https:\/\/www.lesfilmsdelamemoire.be\/wp-content\/uploads\/2023\/01\/Auschwitz-Jerusalem-Featured2.jpg\" class=\"attachment-full size-full wp-post-image\" alt=\"\" srcset=\"https:\/\/www.lesfilmsdelamemoire.be\/wp-content\/uploads\/2023\/01\/Auschwitz-Jerusalem-Featured2.jpg 960w, https:\/\/www.lesfilmsdelamemoire.be\/wp-content\/uploads\/2023\/01\/Auschwitz-Jerusalem-Featured2-300x169.jpg 300w, https:\/\/www.lesfilmsdelamemoire.be\/wp-content\/uploads\/2023\/01\/Auschwitz-Jerusalem-Featured2-768x432.jpg 768w, https:\/\/www.lesfilmsdelamemoire.be\/wp-content\/uploads\/2023\/01\/Auschwitz-Jerusalem-Featured2-600x338.jpg 600w\" sizes=\"auto, (max-width: 960px) 100vw, 960px\" \/>\t\t<\/a>\n\t<\/div>\n\t\t\t<\/div>\n\t\t<\/div>\n\t\t<div class=\"qodef-e-content qodef-e-content-main\" >\n\t\t\t<h4 itemprop=\"name\" class=\"qodef-e-title entry-title qodef-e-title-main\" >\n\t<a itemprop=\"url\" class=\"qodef-e-title-link\" href=\"https:\/\/www.lesfilmsdelamemoire.be\/fr\/films\/dauschwitz-a-jerusalem\/\" target=\"_self\">\n\t\tD\u2019Auschwitz \u00e0 J\u00e9rusalem\t<\/a>\n<\/h4>\t\t\t<div class=\"qodef-e-info-category\">\n\t<a itemprop=\"url\" class=\"qodef-e-category\" href=\"https:\/\/www.lesfilmsdelamemoire.be\/fr\/portfolio-category\/documentaire\/\">Documentaire<\/a><a itemprop=\"url\" class=\"qodef-e-category\" href=\"https:\/\/www.lesfilmsdelamemoire.be\/fr\/portfolio-category\/histoire\/\">Histoire<\/a><a itemprop=\"url\" class=\"qodef-e-category\" href=\"https:\/\/www.lesfilmsdelamemoire.be\/fr\/portfolio-category\/patrimoine\/\">Patrimoine<\/a><\/div>\n\t\t<\/div>\n\t<\/div>\n<\/article><article class=\"qodef-e qodef-grid-item qodef-item--full qodef-e-holder-main qodef-has-post-media post-4821 portfolio-item type-portfolio-item status-publish has-post-thumbnail hentry portfolio-category-culture portfolio-category-documentaire\">\n\t<div class=\"qodef-e-inner\" >\n\t\t<div class=\"qodef-e-image-outer\">\n\t\t\t<div class=\"qodef-e-image\">\n\t\t\t\t\t<div class=\"qodef-e-media-image\">\n\t\t<a itemprop=\"url\" href=\"https:\/\/www.lesfilmsdelamemoire.be\/fr\/films\/la-bande-dessinee-a-100-ans\/\" target=\"_self\">\n\t\t\t<img loading=\"lazy\" decoding=\"async\" width=\"960\" height=\"540\" src=\"https:\/\/www.lesfilmsdelamemoire.be\/wp-content\/uploads\/2023\/01\/Bande-Dessinee-Featured.jpg\" class=\"attachment-full size-full wp-post-image\" alt=\"\" srcset=\"https:\/\/www.lesfilmsdelamemoire.be\/wp-content\/uploads\/2023\/01\/Bande-Dessinee-Featured.jpg 960w, https:\/\/www.lesfilmsdelamemoire.be\/wp-content\/uploads\/2023\/01\/Bande-Dessinee-Featured-300x169.jpg 300w, https:\/\/www.lesfilmsdelamemoire.be\/wp-content\/uploads\/2023\/01\/Bande-Dessinee-Featured-768x432.jpg 768w, https:\/\/www.lesfilmsdelamemoire.be\/wp-content\/uploads\/2023\/01\/Bande-Dessinee-Featured-600x338.jpg 600w\" sizes=\"auto, (max-width: 960px) 100vw, 960px\" \/>\t\t<\/a>\n\t<\/div>\n\t\t\t<\/div>\n\t\t<\/div>\n\t\t<div class=\"qodef-e-content qodef-e-content-main\" >\n\t\t\t<h4 itemprop=\"name\" class=\"qodef-e-title entry-title qodef-e-title-main\" >\n\t<a itemprop=\"url\" class=\"qodef-e-title-link\" href=\"https:\/\/www.lesfilmsdelamemoire.be\/fr\/films\/la-bande-dessinee-a-100-ans\/\" target=\"_self\">\n\t\tLa Bande Dessin\u00e9e a 100 Ans\t<\/a>\n<\/h4>\t\t\t<div class=\"qodef-e-info-category\">\n\t<a itemprop=\"url\" class=\"qodef-e-category\" href=\"https:\/\/www.lesfilmsdelamemoire.be\/fr\/portfolio-category\/culture\/\">Culture<\/a><a itemprop=\"url\" class=\"qodef-e-category\" href=\"https:\/\/www.lesfilmsdelamemoire.be\/fr\/portfolio-category\/documentaire\/\">Documentaire<\/a><\/div>\n\t\t<\/div>\n\t<\/div>\n<\/article><article class=\"qodef-e qodef-grid-item qodef-item--full qodef-e-holder-main qodef-has-post-media post-5102 portfolio-item type-portfolio-item status-publish has-post-thumbnail hentry portfolio-category-documentaire portfolio-category-societe\">\n\t<div class=\"qodef-e-inner\" >\n\t\t<div class=\"qodef-e-image-outer\">\n\t\t\t<div class=\"qodef-e-image\">\n\t\t\t\t\t<div class=\"qodef-e-media-image\">\n\t\t<a itemprop=\"url\" href=\"https:\/\/www.lesfilmsdelamemoire.be\/fr\/films\/la-boite-a-tartines\/\" target=\"_self\">\n\t\t\t<img loading=\"lazy\" decoding=\"async\" width=\"960\" height=\"540\" src=\"https:\/\/www.lesfilmsdelamemoire.be\/wp-content\/uploads\/2023\/01\/Boite-a-Tartines-Featured.jpg\" class=\"attachment-full size-full wp-post-image\" alt=\"\" srcset=\"https:\/\/www.lesfilmsdelamemoire.be\/wp-content\/uploads\/2023\/01\/Boite-a-Tartines-Featured.jpg 960w, https:\/\/www.lesfilmsdelamemoire.be\/wp-content\/uploads\/2023\/01\/Boite-a-Tartines-Featured-300x169.jpg 300w, https:\/\/www.lesfilmsdelamemoire.be\/wp-content\/uploads\/2023\/01\/Boite-a-Tartines-Featured-768x432.jpg 768w, https:\/\/www.lesfilmsdelamemoire.be\/wp-content\/uploads\/2023\/01\/Boite-a-Tartines-Featured-600x338.jpg 600w\" sizes=\"auto, (max-width: 960px) 100vw, 960px\" \/>\t\t<\/a>\n\t<\/div>\n\t\t\t<\/div>\n\t\t<\/div>\n\t\t<div class=\"qodef-e-content qodef-e-content-main\" >\n\t\t\t<h4 itemprop=\"name\" class=\"qodef-e-title entry-title qodef-e-title-main\" >\n\t<a itemprop=\"url\" class=\"qodef-e-title-link\" href=\"https:\/\/www.lesfilmsdelamemoire.be\/fr\/films\/la-boite-a-tartines\/\" target=\"_self\">\n\t\tLa Bo\u00eete \u00e0 Tartines\t<\/a>\n<\/h4>\t\t\t<div class=\"qodef-e-info-category\">\n\t<a itemprop=\"url\" class=\"qodef-e-category\" href=\"https:\/\/www.lesfilmsdelamemoire.be\/fr\/portfolio-category\/documentaire\/\">Documentaire<\/a><a itemprop=\"url\" class=\"qodef-e-category\" href=\"https:\/\/www.lesfilmsdelamemoire.be\/fr\/portfolio-category\/societe\/\">Soci\u00e9t\u00e9<\/a><\/div>\n\t\t<\/div>\n\t<\/div>\n<\/article><article class=\"qodef-e qodef-grid-item qodef-item--full qodef-e-holder-main qodef-has-post-media post-4889 portfolio-item type-portfolio-item status-publish has-post-thumbnail hentry portfolio-category-documentaire portfolio-category-histoire portfolio-category-patrimoine\">\n\t<div class=\"qodef-e-inner\" >\n\t\t<div class=\"qodef-e-image-outer\">\n\t\t\t<div class=\"qodef-e-image\">\n\t\t\t\t\t<div class=\"qodef-e-media-image\">\n\t\t<a itemprop=\"url\" href=\"https:\/\/www.lesfilmsdelamemoire.be\/fr\/films\/la-brigade-des-papiers\/\" target=\"_self\">\n\t\t\t<img loading=\"lazy\" decoding=\"async\" width=\"960\" height=\"540\" src=\"https:\/\/www.lesfilmsdelamemoire.be\/wp-content\/uploads\/2023\/01\/Brigade-Featured-Image.jpg\" class=\"attachment-full size-full wp-post-image\" alt=\"\" srcset=\"https:\/\/www.lesfilmsdelamemoire.be\/wp-content\/uploads\/2023\/01\/Brigade-Featured-Image.jpg 960w, https:\/\/www.lesfilmsdelamemoire.be\/wp-content\/uploads\/2023\/01\/Brigade-Featured-Image-300x169.jpg 300w, https:\/\/www.lesfilmsdelamemoire.be\/wp-content\/uploads\/2023\/01\/Brigade-Featured-Image-768x432.jpg 768w, https:\/\/www.lesfilmsdelamemoire.be\/wp-content\/uploads\/2023\/01\/Brigade-Featured-Image-600x338.jpg 600w\" sizes=\"auto, (max-width: 960px) 100vw, 960px\" \/>\t\t<\/a>\n\t<\/div>\n\t\t\t<\/div>\n\t\t<\/div>\n\t\t<div class=\"qodef-e-content qodef-e-content-main\" >\n\t\t\t<h4 itemprop=\"name\" class=\"qodef-e-title entry-title qodef-e-title-main\" >\n\t<a itemprop=\"url\" class=\"qodef-e-title-link\" href=\"https:\/\/www.lesfilmsdelamemoire.be\/fr\/films\/la-brigade-des-papiers\/\" target=\"_self\">\n\t\tLa Brigade des Papiers\t<\/a>\n<\/h4>\t\t\t<div class=\"qodef-e-info-category\">\n\t<a itemprop=\"url\" class=\"qodef-e-category\" href=\"https:\/\/www.lesfilmsdelamemoire.be\/fr\/portfolio-category\/documentaire\/\">Documentaire<\/a><a itemprop=\"url\" class=\"qodef-e-category\" href=\"https:\/\/www.lesfilmsdelamemoire.be\/fr\/portfolio-category\/histoire\/\">Histoire<\/a><a itemprop=\"url\" class=\"qodef-e-category\" href=\"https:\/\/www.lesfilmsdelamemoire.be\/fr\/portfolio-category\/patrimoine\/\">Patrimoine<\/a><\/div>\n\t\t<\/div>\n\t<\/div>\n<\/article><article class=\"qodef-e qodef-grid-item qodef-item--full qodef-e-holder-main qodef-has-post-media post-5108 portfolio-item type-portfolio-item status-publish has-post-thumbnail hentry portfolio-category-culture portfolio-category-documentaire portfolio-category-societe\">\n\t<div class=\"qodef-e-inner\" >\n\t\t<div class=\"qodef-e-image-outer\">\n\t\t\t<div class=\"qodef-e-image\">\n\t\t\t\t\t<div class=\"qodef-e-media-image\">\n\t\t<a itemprop=\"url\" href=\"https:\/\/www.lesfilmsdelamemoire.be\/fr\/films\/chocolat-mon-amour\/\" target=\"_self\">\n\t\t\t<img loading=\"lazy\" decoding=\"async\" width=\"960\" height=\"540\" src=\"https:\/\/www.lesfilmsdelamemoire.be\/wp-content\/uploads\/2023\/01\/Chocolat-Featured-Image.jpg\" class=\"attachment-full size-full wp-post-image\" alt=\"\" srcset=\"https:\/\/www.lesfilmsdelamemoire.be\/wp-content\/uploads\/2023\/01\/Chocolat-Featured-Image.jpg 960w, https:\/\/www.lesfilmsdelamemoire.be\/wp-content\/uploads\/2023\/01\/Chocolat-Featured-Image-300x169.jpg 300w, https:\/\/www.lesfilmsdelamemoire.be\/wp-content\/uploads\/2023\/01\/Chocolat-Featured-Image-768x432.jpg 768w, https:\/\/www.lesfilmsdelamemoire.be\/wp-content\/uploads\/2023\/01\/Chocolat-Featured-Image-600x338.jpg 600w\" sizes=\"auto, (max-width: 960px) 100vw, 960px\" \/>\t\t<\/a>\n\t<\/div>\n\t\t\t<\/div>\n\t\t<\/div>\n\t\t<div class=\"qodef-e-content qodef-e-content-main\" >\n\t\t\t<h4 itemprop=\"name\" class=\"qodef-e-title entry-title qodef-e-title-main\" >\n\t<a itemprop=\"url\" class=\"qodef-e-title-link\" href=\"https:\/\/www.lesfilmsdelamemoire.be\/fr\/films\/chocolat-mon-amour\/\" target=\"_self\">\n\t\tChocolat Mon Amour\t<\/a>\n<\/h4>\t\t\t<div class=\"qodef-e-info-category\">\n\t<a itemprop=\"url\" class=\"qodef-e-category\" href=\"https:\/\/www.lesfilmsdelamemoire.be\/fr\/portfolio-category\/culture\/\">Culture<\/a><a itemprop=\"url\" class=\"qodef-e-category\" href=\"https:\/\/www.lesfilmsdelamemoire.be\/fr\/portfolio-category\/documentaire\/\">Documentaire<\/a><a itemprop=\"url\" class=\"qodef-e-category\" href=\"https:\/\/www.lesfilmsdelamemoire.be\/fr\/portfolio-category\/societe\/\">Soci\u00e9t\u00e9<\/a><\/div>\n\t\t<\/div>\n\t<\/div>\n<\/article><article class=\"qodef-e qodef-grid-item qodef-item--full qodef-e-holder-main qodef-has-post-media post-3924 portfolio-item type-portfolio-item status-publish has-post-thumbnail hentry portfolio-category-fiction portfolio-category-histoire portfolio-category-patrimoine\">\n\t<div class=\"qodef-e-inner\" >\n\t\t<div class=\"qodef-e-image-outer\">\n\t\t\t<div class=\"qodef-e-image\">\n\t\t\t\t\t<div class=\"qodef-e-media-image\">\n\t\t<a itemprop=\"url\" href=\"https:\/\/www.lesfilmsdelamemoire.be\/fr\/films\/codename-ashcan\/\" target=\"_self\">\n\t\t\t<img loading=\"lazy\" decoding=\"async\" width=\"960\" height=\"540\" src=\"https:\/\/www.lesfilmsdelamemoire.be\/wp-content\/uploads\/2021\/06\/Codename-Ashcan-Featured-Image.jpg\" class=\"attachment-full size-full wp-post-image\" alt=\"\" srcset=\"https:\/\/www.lesfilmsdelamemoire.be\/wp-content\/uploads\/2021\/06\/Codename-Ashcan-Featured-Image.jpg 960w, https:\/\/www.lesfilmsdelamemoire.be\/wp-content\/uploads\/2021\/06\/Codename-Ashcan-Featured-Image-300x169.jpg 300w, https:\/\/www.lesfilmsdelamemoire.be\/wp-content\/uploads\/2021\/06\/Codename-Ashcan-Featured-Image-768x432.jpg 768w, https:\/\/www.lesfilmsdelamemoire.be\/wp-content\/uploads\/2021\/06\/Codename-Ashcan-Featured-Image-600x338.jpg 600w\" sizes=\"auto, (max-width: 960px) 100vw, 960px\" \/>\t\t<\/a>\n\t<\/div>\n\t\t\t<\/div>\n\t\t<\/div>\n\t\t<div class=\"qodef-e-content qodef-e-content-main\" >\n\t\t\t<h4 itemprop=\"name\" class=\"qodef-e-title entry-title qodef-e-title-main\" >\n\t<a itemprop=\"url\" class=\"qodef-e-title-link\" href=\"https:\/\/www.lesfilmsdelamemoire.be\/fr\/films\/codename-ashcan\/\" target=\"_self\">\n\t\tCodename Ashcan\t<\/a>\n<\/h4>\t\t\t<div class=\"qodef-e-info-category\">\n\t<a itemprop=\"url\" class=\"qodef-e-category\" href=\"https:\/\/www.lesfilmsdelamemoire.be\/fr\/portfolio-category\/fiction\/\">Fiction<\/a><a itemprop=\"url\" class=\"qodef-e-category\" href=\"https:\/\/www.lesfilmsdelamemoire.be\/fr\/portfolio-category\/histoire\/\">Histoire<\/a><a itemprop=\"url\" class=\"qodef-e-category\" href=\"https:\/\/www.lesfilmsdelamemoire.be\/fr\/portfolio-category\/patrimoine\/\">Patrimoine<\/a><\/div>\n\t\t<\/div>\n\t<\/div>\n<\/article><article class=\"qodef-e qodef-grid-item qodef-item--full qodef-e-holder-main qodef-has-post-media post-5272 portfolio-item type-portfolio-item status-publish has-post-thumbnail hentry portfolio-category-documentaire portfolio-category-musique portfolio-category-patrimoine\">\n\t<div class=\"qodef-e-inner\" >\n\t\t<div class=\"qodef-e-image-outer\">\n\t\t\t<div class=\"qodef-e-image\">\n\t\t\t\t\t<div class=\"qodef-e-media-image\">\n\t\t<a itemprop=\"url\" href=\"https:\/\/www.lesfilmsdelamemoire.be\/fr\/films\/concert-yiddish-soul\/\" target=\"_self\">\n\t\t\t<img loading=\"lazy\" decoding=\"async\" width=\"960\" height=\"540\" src=\"https:\/\/www.lesfilmsdelamemoire.be\/wp-content\/uploads\/2023\/01\/Concert-Featured-Image.jpg\" class=\"attachment-full size-full wp-post-image\" alt=\"\" srcset=\"https:\/\/www.lesfilmsdelamemoire.be\/wp-content\/uploads\/2023\/01\/Concert-Featured-Image.jpg 960w, https:\/\/www.lesfilmsdelamemoire.be\/wp-content\/uploads\/2023\/01\/Concert-Featured-Image-300x169.jpg 300w, https:\/\/www.lesfilmsdelamemoire.be\/wp-content\/uploads\/2023\/01\/Concert-Featured-Image-768x432.jpg 768w, https:\/\/www.lesfilmsdelamemoire.be\/wp-content\/uploads\/2023\/01\/Concert-Featured-Image-600x338.jpg 600w\" sizes=\"auto, (max-width: 960px) 100vw, 960px\" \/>\t\t<\/a>\n\t<\/div>\n\t\t\t<\/div>\n\t\t<\/div>\n\t\t<div class=\"qodef-e-content qodef-e-content-main\" >\n\t\t\t<h4 itemprop=\"name\" class=\"qodef-e-title entry-title qodef-e-title-main\" >\n\t<a itemprop=\"url\" class=\"qodef-e-title-link\" href=\"https:\/\/www.lesfilmsdelamemoire.be\/fr\/films\/concert-yiddish-soul\/\" target=\"_self\">\n\t\tConcert Yiddish Soul\t<\/a>\n<\/h4>\t\t\t<div class=\"qodef-e-info-category\">\n\t<a itemprop=\"url\" class=\"qodef-e-category\" href=\"https:\/\/www.lesfilmsdelamemoire.be\/fr\/portfolio-category\/documentaire\/\">Documentaire<\/a><a itemprop=\"url\" class=\"qodef-e-category\" href=\"https:\/\/www.lesfilmsdelamemoire.be\/fr\/portfolio-category\/musique\/\">Musique<\/a><a itemprop=\"url\" class=\"qodef-e-category\" href=\"https:\/\/www.lesfilmsdelamemoire.be\/fr\/portfolio-category\/patrimoine\/\">Patrimoine<\/a><\/div>\n\t\t<\/div>\n\t<\/div>\n<\/article><article class=\"qodef-e qodef-grid-item qodef-item--full qodef-e-holder-main qodef-has-post-media post-4983 portfolio-item type-portfolio-item status-publish has-post-thumbnail hentry portfolio-category-documentaire portfolio-category-histoire portfolio-category-patrimoine\">\n\t<div class=\"qodef-e-inner\" >\n\t\t<div class=\"qodef-e-image-outer\">\n\t\t\t<div class=\"qodef-e-image\">\n\t\t\t\t\t<div class=\"qodef-e-media-image\">\n\t\t<a itemprop=\"url\" href=\"https:\/\/www.lesfilmsdelamemoire.be\/fr\/films\/david-susskind-sois-un-mensch-mon-fils\/\" target=\"_self\">\n\t\t\t<img loading=\"lazy\" decoding=\"async\" width=\"960\" height=\"540\" src=\"https:\/\/www.lesfilmsdelamemoire.be\/wp-content\/uploads\/2023\/01\/David-Susskind-Featured-Image.jpg\" class=\"attachment-full size-full wp-post-image\" alt=\"\" srcset=\"https:\/\/www.lesfilmsdelamemoire.be\/wp-content\/uploads\/2023\/01\/David-Susskind-Featured-Image.jpg 960w, https:\/\/www.lesfilmsdelamemoire.be\/wp-content\/uploads\/2023\/01\/David-Susskind-Featured-Image-300x169.jpg 300w, https:\/\/www.lesfilmsdelamemoire.be\/wp-content\/uploads\/2023\/01\/David-Susskind-Featured-Image-768x432.jpg 768w, https:\/\/www.lesfilmsdelamemoire.be\/wp-content\/uploads\/2023\/01\/David-Susskind-Featured-Image-600x338.jpg 600w\" sizes=\"auto, (max-width: 960px) 100vw, 960px\" \/>\t\t<\/a>\n\t<\/div>\n\t\t\t<\/div>\n\t\t<\/div>\n\t\t<div class=\"qodef-e-content qodef-e-content-main\" >\n\t\t\t<h4 itemprop=\"name\" class=\"qodef-e-title entry-title qodef-e-title-main\" >\n\t<a itemprop=\"url\" class=\"qodef-e-title-link\" href=\"https:\/\/www.lesfilmsdelamemoire.be\/fr\/films\/david-susskind-sois-un-mensch-mon-fils\/\" target=\"_self\">\n\t\tDavid Susskind &#8211; Sois un Mensch, Mon Fils !\t<\/a>\n<\/h4>\t\t\t<div class=\"qodef-e-info-category\">\n\t<a itemprop=\"url\" class=\"qodef-e-category\" href=\"https:\/\/www.lesfilmsdelamemoire.be\/fr\/portfolio-category\/documentaire\/\">Documentaire<\/a><a itemprop=\"url\" class=\"qodef-e-category\" href=\"https:\/\/www.lesfilmsdelamemoire.be\/fr\/portfolio-category\/histoire\/\">Histoire<\/a><a itemprop=\"url\" class=\"qodef-e-category\" href=\"https:\/\/www.lesfilmsdelamemoire.be\/fr\/portfolio-category\/patrimoine\/\">Patrimoine<\/a><\/div>\n\t\t<\/div>\n\t<\/div>\n<\/article><article class=\"qodef-e qodef-grid-item qodef-item--full qodef-e-holder-main qodef-has-post-media post-5514 portfolio-item type-portfolio-item status-publish has-post-thumbnail hentry portfolio-category-documentaire portfolio-category-histoire\">\n\t<div class=\"qodef-e-inner\" >\n\t\t<div class=\"qodef-e-image-outer\">\n\t\t\t<div class=\"qodef-e-image\">\n\t\t\t\t\t<div class=\"qodef-e-media-image\">\n\t\t<a itemprop=\"url\" href=\"https:\/\/www.lesfilmsdelamemoire.be\/fr\/films\/lespoir-pour-memoire\/\" target=\"_self\">\n\t\t\t<img loading=\"lazy\" decoding=\"async\" width=\"960\" height=\"540\" src=\"https:\/\/www.lesfilmsdelamemoire.be\/wp-content\/uploads\/2023\/01\/Espoir-Featured-Image2.jpg\" class=\"attachment-full size-full wp-post-image\" alt=\"\" srcset=\"https:\/\/www.lesfilmsdelamemoire.be\/wp-content\/uploads\/2023\/01\/Espoir-Featured-Image2.jpg 960w, https:\/\/www.lesfilmsdelamemoire.be\/wp-content\/uploads\/2023\/01\/Espoir-Featured-Image2-300x169.jpg 300w, https:\/\/www.lesfilmsdelamemoire.be\/wp-content\/uploads\/2023\/01\/Espoir-Featured-Image2-768x432.jpg 768w, https:\/\/www.lesfilmsdelamemoire.be\/wp-content\/uploads\/2023\/01\/Espoir-Featured-Image2-600x338.jpg 600w\" sizes=\"auto, (max-width: 960px) 100vw, 960px\" \/>\t\t<\/a>\n\t<\/div>\n\t\t\t<\/div>\n\t\t<\/div>\n\t\t<div class=\"qodef-e-content qodef-e-content-main\" >\n\t\t\t<h4 itemprop=\"name\" class=\"qodef-e-title entry-title qodef-e-title-main\" >\n\t<a itemprop=\"url\" class=\"qodef-e-title-link\" href=\"https:\/\/www.lesfilmsdelamemoire.be\/fr\/films\/lespoir-pour-memoire\/\" target=\"_self\">\n\t\tL&rsquo;Espoir pour M\u00e9moire\t<\/a>\n<\/h4>\t\t\t<div class=\"qodef-e-info-category\">\n\t<a itemprop=\"url\" class=\"qodef-e-category\" href=\"https:\/\/www.lesfilmsdelamemoire.be\/fr\/portfolio-category\/documentaire\/\">Documentaire<\/a><a itemprop=\"url\" class=\"qodef-e-category\" href=\"https:\/\/www.lesfilmsdelamemoire.be\/fr\/portfolio-category\/histoire\/\">Histoire<\/a><\/div>\n\t\t<\/div>\n\t<\/div>\n<\/article><article class=\"qodef-e qodef-grid-item qodef-item--full qodef-e-holder-main qodef-has-post-media post-4848 portfolio-item type-portfolio-item status-publish has-post-thumbnail hentry portfolio-category-documentaire portfolio-category-histoire portfolio-category-patrimoine\">\n\t<div class=\"qodef-e-inner\" >\n\t\t<div class=\"qodef-e-image-outer\">\n\t\t\t<div class=\"qodef-e-image\">\n\t\t\t\t\t<div class=\"qodef-e-media-image\">\n\t\t<a itemprop=\"url\" href=\"https:\/\/www.lesfilmsdelamemoire.be\/fr\/films\/heim-ins-reich\/\" target=\"_self\">\n\t\t\t<img loading=\"lazy\" decoding=\"async\" width=\"960\" height=\"540\" src=\"https:\/\/www.lesfilmsdelamemoire.be\/wp-content\/uploads\/2023\/01\/Heim-ins-Reich-Featured-Image.jpg\" class=\"attachment-full size-full wp-post-image\" alt=\"\" srcset=\"https:\/\/www.lesfilmsdelamemoire.be\/wp-content\/uploads\/2023\/01\/Heim-ins-Reich-Featured-Image.jpg 960w, https:\/\/www.lesfilmsdelamemoire.be\/wp-content\/uploads\/2023\/01\/Heim-ins-Reich-Featured-Image-300x169.jpg 300w, https:\/\/www.lesfilmsdelamemoire.be\/wp-content\/uploads\/2023\/01\/Heim-ins-Reich-Featured-Image-768x432.jpg 768w, https:\/\/www.lesfilmsdelamemoire.be\/wp-content\/uploads\/2023\/01\/Heim-ins-Reich-Featured-Image-600x338.jpg 600w\" sizes=\"auto, (max-width: 960px) 100vw, 960px\" \/>\t\t<\/a>\n\t<\/div>\n\t\t\t<\/div>\n\t\t<\/div>\n\t\t<div class=\"qodef-e-content qodef-e-content-main\" >\n\t\t\t<h4 itemprop=\"name\" class=\"qodef-e-title entry-title qodef-e-title-main\" >\n\t<a itemprop=\"url\" class=\"qodef-e-title-link\" href=\"https:\/\/www.lesfilmsdelamemoire.be\/fr\/films\/heim-ins-reich\/\" target=\"_self\">\n\t\tHeim ins Reich\t<\/a>\n<\/h4>\t\t\t<div class=\"qodef-e-info-category\">\n\t<a itemprop=\"url\" class=\"qodef-e-category\" href=\"https:\/\/www.lesfilmsdelamemoire.be\/fr\/portfolio-category\/documentaire\/\">Documentaire<\/a><a itemprop=\"url\" class=\"qodef-e-category\" href=\"https:\/\/www.lesfilmsdelamemoire.be\/fr\/portfolio-category\/histoire\/\">Histoire<\/a><a itemprop=\"url\" class=\"qodef-e-category\" href=\"https:\/\/www.lesfilmsdelamemoire.be\/fr\/portfolio-category\/patrimoine\/\">Patrimoine<\/a><\/div>\n\t\t<\/div>\n\t<\/div>\n<\/article><article class=\"qodef-e qodef-grid-item qodef-item--full qodef-e-holder-main qodef-has-post-media post-4184 portfolio-item type-portfolio-item status-publish has-post-thumbnail hentry portfolio-category-documentaire portfolio-category-musique\">\n\t<div class=\"qodef-e-inner\" >\n\t\t<div class=\"qodef-e-image-outer\">\n\t\t\t<div class=\"qodef-e-image\">\n\t\t\t\t\t<div class=\"qodef-e-media-image\">\n\t\t<a itemprop=\"url\" href=\"https:\/\/www.lesfilmsdelamemoire.be\/fr\/films\/kathleen-ferrier\/\" target=\"_self\">\n\t\t\t<img loading=\"lazy\" decoding=\"async\" width=\"960\" height=\"540\" src=\"https:\/\/www.lesfilmsdelamemoire.be\/wp-content\/uploads\/2021\/06\/Kathleen-Ferrier-Featured-Image.jpg\" class=\"attachment-full size-full wp-post-image\" alt=\"\" srcset=\"https:\/\/www.lesfilmsdelamemoire.be\/wp-content\/uploads\/2021\/06\/Kathleen-Ferrier-Featured-Image.jpg 960w, https:\/\/www.lesfilmsdelamemoire.be\/wp-content\/uploads\/2021\/06\/Kathleen-Ferrier-Featured-Image-300x169.jpg 300w, https:\/\/www.lesfilmsdelamemoire.be\/wp-content\/uploads\/2021\/06\/Kathleen-Ferrier-Featured-Image-768x432.jpg 768w, https:\/\/www.lesfilmsdelamemoire.be\/wp-content\/uploads\/2021\/06\/Kathleen-Ferrier-Featured-Image-600x338.jpg 600w\" sizes=\"auto, (max-width: 960px) 100vw, 960px\" \/>\t\t<\/a>\n\t<\/div>\n\t\t\t<\/div>\n\t\t<\/div>\n\t\t<div class=\"qodef-e-content qodef-e-content-main\" >\n\t\t\t<h4 itemprop=\"name\" class=\"qodef-e-title entry-title qodef-e-title-main\" >\n\t<a itemprop=\"url\" class=\"qodef-e-title-link\" href=\"https:\/\/www.lesfilmsdelamemoire.be\/fr\/films\/kathleen-ferrier\/\" target=\"_self\">\n\t\tKathleen Ferrier\t<\/a>\n<\/h4>\t\t\t<div class=\"qodef-e-info-category\">\n\t<a itemprop=\"url\" class=\"qodef-e-category\" href=\"https:\/\/www.lesfilmsdelamemoire.be\/fr\/portfolio-category\/documentaire\/\">Documentaire<\/a><a itemprop=\"url\" class=\"qodef-e-category\" href=\"https:\/\/www.lesfilmsdelamemoire.be\/fr\/portfolio-category\/musique\/\">Musique<\/a><\/div>\n\t\t<\/div>\n\t<\/div>\n<\/article><article class=\"qodef-e qodef-grid-item qodef-item--full qodef-e-holder-main qodef-has-post-media post-4623 portfolio-item type-portfolio-item status-publish has-post-thumbnail hentry portfolio-category-documentaire portfolio-category-histoire portfolio-category-societe\">\n\t<div class=\"qodef-e-inner\" >\n\t\t<div class=\"qodef-e-image-outer\">\n\t\t\t<div class=\"qodef-e-image\">\n\t\t\t\t\t<div class=\"qodef-e-media-image\">\n\t\t<a itemprop=\"url\" href=\"https:\/\/www.lesfilmsdelamemoire.be\/fr\/films\/luxemburg-usa\/\" target=\"_self\">\n\t\t\t<img loading=\"lazy\" decoding=\"async\" width=\"960\" height=\"540\" src=\"https:\/\/www.lesfilmsdelamemoire.be\/wp-content\/uploads\/2023\/01\/Luxemburg-USA-Featured-Image-1.jpg\" class=\"attachment-full size-full wp-post-image\" alt=\"\" srcset=\"https:\/\/www.lesfilmsdelamemoire.be\/wp-content\/uploads\/2023\/01\/Luxemburg-USA-Featured-Image-1.jpg 960w, https:\/\/www.lesfilmsdelamemoire.be\/wp-content\/uploads\/2023\/01\/Luxemburg-USA-Featured-Image-1-300x169.jpg 300w, https:\/\/www.lesfilmsdelamemoire.be\/wp-content\/uploads\/2023\/01\/Luxemburg-USA-Featured-Image-1-768x432.jpg 768w, https:\/\/www.lesfilmsdelamemoire.be\/wp-content\/uploads\/2023\/01\/Luxemburg-USA-Featured-Image-1-600x338.jpg 600w\" sizes=\"auto, (max-width: 960px) 100vw, 960px\" \/>\t\t<\/a>\n\t<\/div>\n\t\t\t<\/div>\n\t\t<\/div>\n\t\t<div class=\"qodef-e-content qodef-e-content-main\" >\n\t\t\t<h4 itemprop=\"name\" class=\"qodef-e-title entry-title qodef-e-title-main\" >\n\t<a itemprop=\"url\" class=\"qodef-e-title-link\" href=\"https:\/\/www.lesfilmsdelamemoire.be\/fr\/films\/luxemburg-usa\/\" target=\"_self\">\n\t\tLuxemburg, USA\t<\/a>\n<\/h4>\t\t\t<div class=\"qodef-e-info-category\">\n\t<a itemprop=\"url\" class=\"qodef-e-category\" href=\"https:\/\/www.lesfilmsdelamemoire.be\/fr\/portfolio-category\/documentaire\/\">Documentaire<\/a><a itemprop=\"url\" class=\"qodef-e-category\" href=\"https:\/\/www.lesfilmsdelamemoire.be\/fr\/portfolio-category\/histoire\/\">Histoire<\/a><a itemprop=\"url\" class=\"qodef-e-category\" href=\"https:\/\/www.lesfilmsdelamemoire.be\/fr\/portfolio-category\/societe\/\">Soci\u00e9t\u00e9<\/a><\/div>\n\t\t<\/div>\n\t<\/div>\n<\/article><article class=\"qodef-e qodef-grid-item qodef-item--full qodef-e-holder-main qodef-has-post-media post-5273 portfolio-item type-portfolio-item status-publish has-post-thumbnail hentry portfolio-category-documentaire portfolio-category-histoire portfolio-category-societe\">\n\t<div class=\"qodef-e-inner\" >\n\t\t<div class=\"qodef-e-image-outer\">\n\t\t\t<div class=\"qodef-e-image\">\n\t\t\t\t\t<div class=\"qodef-e-media-image\">\n\t\t<a itemprop=\"url\" href=\"https:\/\/www.lesfilmsdelamemoire.be\/fr\/films\/mille-chemins-du-temps\/\" target=\"_self\">\n\t\t\t<img loading=\"lazy\" decoding=\"async\" width=\"960\" height=\"540\" src=\"https:\/\/www.lesfilmsdelamemoire.be\/wp-content\/uploads\/2023\/01\/Mille-Chemins-Featured-Image.jpg\" class=\"attachment-full size-full wp-post-image\" alt=\"\" srcset=\"https:\/\/www.lesfilmsdelamemoire.be\/wp-content\/uploads\/2023\/01\/Mille-Chemins-Featured-Image.jpg 960w, https:\/\/www.lesfilmsdelamemoire.be\/wp-content\/uploads\/2023\/01\/Mille-Chemins-Featured-Image-300x169.jpg 300w, https:\/\/www.lesfilmsdelamemoire.be\/wp-content\/uploads\/2023\/01\/Mille-Chemins-Featured-Image-768x432.jpg 768w, https:\/\/www.lesfilmsdelamemoire.be\/wp-content\/uploads\/2023\/01\/Mille-Chemins-Featured-Image-600x338.jpg 600w\" sizes=\"auto, (max-width: 960px) 100vw, 960px\" \/>\t\t<\/a>\n\t<\/div>\n\t\t\t<\/div>\n\t\t<\/div>\n\t\t<div class=\"qodef-e-content qodef-e-content-main\" >\n\t\t\t<h4 itemprop=\"name\" class=\"qodef-e-title entry-title qodef-e-title-main\" >\n\t<a itemprop=\"url\" class=\"qodef-e-title-link\" href=\"https:\/\/www.lesfilmsdelamemoire.be\/fr\/films\/mille-chemins-du-temps\/\" target=\"_self\">\n\t\tMille Chemins du Temps\t<\/a>\n<\/h4>\t\t\t<div class=\"qodef-e-info-category\">\n\t<a itemprop=\"url\" class=\"qodef-e-category\" href=\"https:\/\/www.lesfilmsdelamemoire.be\/fr\/portfolio-category\/documentaire\/\">Documentaire<\/a><a itemprop=\"url\" class=\"qodef-e-category\" href=\"https:\/\/www.lesfilmsdelamemoire.be\/fr\/portfolio-category\/histoire\/\">Histoire<\/a><a itemprop=\"url\" class=\"qodef-e-category\" href=\"https:\/\/www.lesfilmsdelamemoire.be\/fr\/portfolio-category\/societe\/\">Soci\u00e9t\u00e9<\/a><\/div>\n\t\t<\/div>\n\t<\/div>\n<\/article><article class=\"qodef-e qodef-grid-item qodef-item--full qodef-e-holder-main qodef-has-post-media post-4941 portfolio-item type-portfolio-item status-publish has-post-thumbnail hentry portfolio-category-documentaire portfolio-category-histoire portfolio-category-patrimoine\">\n\t<div class=\"qodef-e-inner\" >\n\t\t<div class=\"qodef-e-image-outer\">\n\t\t\t<div class=\"qodef-e-image\">\n\t\t\t\t\t<div class=\"qodef-e-media-image\">\n\t\t<a itemprop=\"url\" href=\"https:\/\/www.lesfilmsdelamemoire.be\/fr\/films\/la-mission-de-victor-martin\/\" target=\"_self\">\n\t\t\t<img loading=\"lazy\" decoding=\"async\" width=\"960\" height=\"540\" src=\"https:\/\/www.lesfilmsdelamemoire.be\/wp-content\/uploads\/2023\/01\/Victor-Martin-Featured-Image.jpg\" class=\"attachment-full size-full wp-post-image\" alt=\"\" srcset=\"https:\/\/www.lesfilmsdelamemoire.be\/wp-content\/uploads\/2023\/01\/Victor-Martin-Featured-Image.jpg 960w, https:\/\/www.lesfilmsdelamemoire.be\/wp-content\/uploads\/2023\/01\/Victor-Martin-Featured-Image-300x169.jpg 300w, https:\/\/www.lesfilmsdelamemoire.be\/wp-content\/uploads\/2023\/01\/Victor-Martin-Featured-Image-768x432.jpg 768w, https:\/\/www.lesfilmsdelamemoire.be\/wp-content\/uploads\/2023\/01\/Victor-Martin-Featured-Image-600x338.jpg 600w\" sizes=\"auto, (max-width: 960px) 100vw, 960px\" \/>\t\t<\/a>\n\t<\/div>\n\t\t\t<\/div>\n\t\t<\/div>\n\t\t<div class=\"qodef-e-content qodef-e-content-main\" >\n\t\t\t<h4 itemprop=\"name\" class=\"qodef-e-title entry-title qodef-e-title-main\" >\n\t<a itemprop=\"url\" class=\"qodef-e-title-link\" href=\"https:\/\/www.lesfilmsdelamemoire.be\/fr\/films\/la-mission-de-victor-martin\/\" target=\"_self\">\n\t\tLa Mission de Victor Martin\t<\/a>\n<\/h4>\t\t\t<div class=\"qodef-e-info-category\">\n\t<a itemprop=\"url\" class=\"qodef-e-category\" href=\"https:\/\/www.lesfilmsdelamemoire.be\/fr\/portfolio-category\/documentaire\/\">Documentaire<\/a><a itemprop=\"url\" class=\"qodef-e-category\" href=\"https:\/\/www.lesfilmsdelamemoire.be\/fr\/portfolio-category\/histoire\/\">Histoire<\/a><a itemprop=\"url\" class=\"qodef-e-category\" href=\"https:\/\/www.lesfilmsdelamemoire.be\/fr\/portfolio-category\/patrimoine\/\">Patrimoine<\/a><\/div>\n\t\t<\/div>\n\t<\/div>\n<\/article><article class=\"qodef-e qodef-grid-item qodef-item--full qodef-e-holder-main qodef-has-post-media post-3501 portfolio-item type-portfolio-item status-publish has-post-thumbnail hentry portfolio-category-documentaire portfolio-category-histoire portfolio-category-patrimoine\">\n\t<div class=\"qodef-e-inner\" >\n\t\t<div class=\"qodef-e-image-outer\">\n\t\t\t<div class=\"qodef-e-image\">\n\t\t\t\t\t<div class=\"qodef-e-media-image\">\n\t\t<a itemprop=\"url\" href=\"https:\/\/www.lesfilmsdelamemoire.be\/fr\/films\/modus-operandi\/\" target=\"_self\">\n\t\t\t<img loading=\"lazy\" decoding=\"async\" width=\"960\" height=\"540\" src=\"https:\/\/www.lesfilmsdelamemoire.be\/wp-content\/uploads\/2021\/06\/Modus-Featured-Image.jpg\" class=\"attachment-full size-full wp-post-image\" alt=\"\" srcset=\"https:\/\/www.lesfilmsdelamemoire.be\/wp-content\/uploads\/2021\/06\/Modus-Featured-Image.jpg 960w, https:\/\/www.lesfilmsdelamemoire.be\/wp-content\/uploads\/2021\/06\/Modus-Featured-Image-300x169.jpg 300w, https:\/\/www.lesfilmsdelamemoire.be\/wp-content\/uploads\/2021\/06\/Modus-Featured-Image-768x432.jpg 768w, https:\/\/www.lesfilmsdelamemoire.be\/wp-content\/uploads\/2021\/06\/Modus-Featured-Image-600x338.jpg 600w\" sizes=\"auto, (max-width: 960px) 100vw, 960px\" \/>\t\t<\/a>\n\t<\/div>\n\t\t\t<\/div>\n\t\t<\/div>\n\t\t<div class=\"qodef-e-content qodef-e-content-main\" >\n\t\t\t<h4 itemprop=\"name\" class=\"qodef-e-title entry-title qodef-e-title-main\" >\n\t<a itemprop=\"url\" class=\"qodef-e-title-link\" href=\"https:\/\/www.lesfilmsdelamemoire.be\/fr\/films\/modus-operandi\/\" target=\"_self\">\n\t\tModus Operandi\t<\/a>\n<\/h4>\t\t\t<div class=\"qodef-e-info-category\">\n\t<a itemprop=\"url\" class=\"qodef-e-category\" href=\"https:\/\/www.lesfilmsdelamemoire.be\/fr\/portfolio-category\/documentaire\/\">Documentaire<\/a><a itemprop=\"url\" class=\"qodef-e-category\" href=\"https:\/\/www.lesfilmsdelamemoire.be\/fr\/portfolio-category\/histoire\/\">Histoire<\/a><a itemprop=\"url\" class=\"qodef-e-category\" href=\"https:\/\/www.lesfilmsdelamemoire.be\/fr\/portfolio-category\/patrimoine\/\">Patrimoine<\/a><\/div>\n\t\t<\/div>\n\t<\/div>\n<\/article><article class=\"qodef-e qodef-grid-item qodef-item--full qodef-e-holder-main qodef-has-post-media post-5276 portfolio-item type-portfolio-item status-publish has-post-thumbnail hentry portfolio-category-documentaire portfolio-category-histoire portfolio-category-patrimoine\">\n\t<div class=\"qodef-e-inner\" >\n\t\t<div class=\"qodef-e-image-outer\">\n\t\t\t<div class=\"qodef-e-image\">\n\t\t\t\t\t<div class=\"qodef-e-media-image\">\n\t\t<a itemprop=\"url\" href=\"https:\/\/www.lesfilmsdelamemoire.be\/fr\/films\/les-monarchies-face-a-hitler\/\" target=\"_self\">\n\t\t\t<img loading=\"lazy\" decoding=\"async\" width=\"960\" height=\"540\" src=\"https:\/\/www.lesfilmsdelamemoire.be\/wp-content\/uploads\/2023\/01\/Royals-Featured-Image.jpg\" class=\"attachment-full size-full wp-post-image\" alt=\"\" srcset=\"https:\/\/www.lesfilmsdelamemoire.be\/wp-content\/uploads\/2023\/01\/Royals-Featured-Image.jpg 960w, https:\/\/www.lesfilmsdelamemoire.be\/wp-content\/uploads\/2023\/01\/Royals-Featured-Image-300x169.jpg 300w, https:\/\/www.lesfilmsdelamemoire.be\/wp-content\/uploads\/2023\/01\/Royals-Featured-Image-768x432.jpg 768w, https:\/\/www.lesfilmsdelamemoire.be\/wp-content\/uploads\/2023\/01\/Royals-Featured-Image-600x338.jpg 600w\" sizes=\"auto, (max-width: 960px) 100vw, 960px\" \/>\t\t<\/a>\n\t<\/div>\n\t\t\t<\/div>\n\t\t<\/div>\n\t\t<div class=\"qodef-e-content qodef-e-content-main\" >\n\t\t\t<h4 itemprop=\"name\" class=\"qodef-e-title entry-title qodef-e-title-main\" >\n\t<a itemprop=\"url\" class=\"qodef-e-title-link\" href=\"https:\/\/www.lesfilmsdelamemoire.be\/fr\/films\/les-monarchies-face-a-hitler\/\" target=\"_self\">\n\t\tLes Monarchies Face \u00e0 Hitler\t<\/a>\n<\/h4>\t\t\t<div class=\"qodef-e-info-category\">\n\t<a itemprop=\"url\" class=\"qodef-e-category\" href=\"https:\/\/www.lesfilmsdelamemoire.be\/fr\/portfolio-category\/documentaire\/\">Documentaire<\/a><a itemprop=\"url\" class=\"qodef-e-category\" href=\"https:\/\/www.lesfilmsdelamemoire.be\/fr\/portfolio-category\/histoire\/\">Histoire<\/a><a itemprop=\"url\" class=\"qodef-e-category\" href=\"https:\/\/www.lesfilmsdelamemoire.be\/fr\/portfolio-category\/patrimoine\/\">Patrimoine<\/a><\/div>\n\t\t<\/div>\n\t<\/div>\n<\/article><article class=\"qodef-e qodef-grid-item qodef-item--full qodef-e-holder-main qodef-has-post-media post-5049 portfolio-item type-portfolio-item status-publish has-post-thumbnail hentry portfolio-category-documentaire portfolio-category-histoire portfolio-category-patrimoine\">\n\t<div class=\"qodef-e-inner\" >\n\t\t<div class=\"qodef-e-image-outer\">\n\t\t\t<div class=\"qodef-e-image\">\n\t\t\t\t\t<div class=\"qodef-e-media-image\">\n\t\t<a itemprop=\"url\" href=\"https:\/\/www.lesfilmsdelamemoire.be\/fr\/films\/paul-et-sophie\/\" target=\"_self\">\n\t\t\t<img loading=\"lazy\" decoding=\"async\" width=\"960\" height=\"540\" src=\"https:\/\/www.lesfilmsdelamemoire.be\/wp-content\/uploads\/2023\/01\/Paul-et-Sophie-Featured-Image.jpg\" class=\"attachment-full size-full wp-post-image\" alt=\"\" srcset=\"https:\/\/www.lesfilmsdelamemoire.be\/wp-content\/uploads\/2023\/01\/Paul-et-Sophie-Featured-Image.jpg 960w, https:\/\/www.lesfilmsdelamemoire.be\/wp-content\/uploads\/2023\/01\/Paul-et-Sophie-Featured-Image-300x169.jpg 300w, https:\/\/www.lesfilmsdelamemoire.be\/wp-content\/uploads\/2023\/01\/Paul-et-Sophie-Featured-Image-768x432.jpg 768w, https:\/\/www.lesfilmsdelamemoire.be\/wp-content\/uploads\/2023\/01\/Paul-et-Sophie-Featured-Image-600x338.jpg 600w\" sizes=\"auto, (max-width: 960px) 100vw, 960px\" \/>\t\t<\/a>\n\t<\/div>\n\t\t\t<\/div>\n\t\t<\/div>\n\t\t<div class=\"qodef-e-content qodef-e-content-main\" >\n\t\t\t<h4 itemprop=\"name\" class=\"qodef-e-title entry-title qodef-e-title-main\" >\n\t<a itemprop=\"url\" class=\"qodef-e-title-link\" href=\"https:\/\/www.lesfilmsdelamemoire.be\/fr\/films\/paul-et-sophie\/\" target=\"_self\">\n\t\tPaul et Sophie\t<\/a>\n<\/h4>\t\t\t<div class=\"qodef-e-info-category\">\n\t<a itemprop=\"url\" class=\"qodef-e-category\" href=\"https:\/\/www.lesfilmsdelamemoire.be\/fr\/portfolio-category\/documentaire\/\">Documentaire<\/a><a itemprop=\"url\" class=\"qodef-e-category\" href=\"https:\/\/www.lesfilmsdelamemoire.be\/fr\/portfolio-category\/histoire\/\">Histoire<\/a><a itemprop=\"url\" class=\"qodef-e-category\" href=\"https:\/\/www.lesfilmsdelamemoire.be\/fr\/portfolio-category\/patrimoine\/\">Patrimoine<\/a><\/div>\n\t\t<\/div>\n\t<\/div>\n<\/article><article class=\"qodef-e qodef-grid-item qodef-item--full qodef-e-holder-main qodef-has-post-media post-5479 portfolio-item type-portfolio-item status-publish has-post-thumbnail hentry portfolio-category-documentaire portfolio-category-histoire\">\n\t<div class=\"qodef-e-inner\" >\n\t\t<div class=\"qodef-e-image-outer\">\n\t\t\t<div class=\"qodef-e-image\">\n\t\t\t\t\t<div class=\"qodef-e-media-image\">\n\t\t<a itemprop=\"url\" href=\"https:\/\/www.lesfilmsdelamemoire.be\/fr\/films\/la-photo-dechiree\/\" target=\"_self\">\n\t\t\t<img loading=\"lazy\" decoding=\"async\" width=\"960\" height=\"540\" src=\"https:\/\/www.lesfilmsdelamemoire.be\/wp-content\/uploads\/2023\/01\/Photo-Dechiree-Featured-Image.jpg\" class=\"attachment-full size-full wp-post-image\" alt=\"\" srcset=\"https:\/\/www.lesfilmsdelamemoire.be\/wp-content\/uploads\/2023\/01\/Photo-Dechiree-Featured-Image.jpg 960w, https:\/\/www.lesfilmsdelamemoire.be\/wp-content\/uploads\/2023\/01\/Photo-Dechiree-Featured-Image-300x169.jpg 300w, https:\/\/www.lesfilmsdelamemoire.be\/wp-content\/uploads\/2023\/01\/Photo-Dechiree-Featured-Image-768x432.jpg 768w, https:\/\/www.lesfilmsdelamemoire.be\/wp-content\/uploads\/2023\/01\/Photo-Dechiree-Featured-Image-600x338.jpg 600w\" sizes=\"auto, (max-width: 960px) 100vw, 960px\" \/>\t\t<\/a>\n\t<\/div>\n\t\t\t<\/div>\n\t\t<\/div>\n\t\t<div class=\"qodef-e-content qodef-e-content-main\" >\n\t\t\t<h4 itemprop=\"name\" class=\"qodef-e-title entry-title qodef-e-title-main\" >\n\t<a itemprop=\"url\" class=\"qodef-e-title-link\" href=\"https:\/\/www.lesfilmsdelamemoire.be\/fr\/films\/la-photo-dechiree\/\" target=\"_self\">\n\t\tLa Photo D\u00e9chir\u00e9e\t<\/a>\n<\/h4>\t\t\t<div class=\"qodef-e-info-category\">\n\t<a itemprop=\"url\" class=\"qodef-e-category\" href=\"https:\/\/www.lesfilmsdelamemoire.be\/fr\/portfolio-category\/documentaire\/\">Documentaire<\/a><a itemprop=\"url\" class=\"qodef-e-category\" href=\"https:\/\/www.lesfilmsdelamemoire.be\/fr\/portfolio-category\/histoire\/\">Histoire<\/a><\/div>\n\t\t<\/div>\n\t<\/div>\n<\/article><article class=\"qodef-e qodef-grid-item qodef-item--full qodef-e-holder-main qodef-has-post-media post-4724 portfolio-item type-portfolio-item status-publish has-post-thumbnail hentry portfolio-category-documentaire portfolio-category-histoire\">\n\t<div class=\"qodef-e-inner\" >\n\t\t<div class=\"qodef-e-image-outer\">\n\t\t\t<div class=\"qodef-e-image\">\n\t\t\t\t\t<div class=\"qodef-e-media-image\">\n\t\t<a itemprop=\"url\" href=\"https:\/\/www.lesfilmsdelamemoire.be\/fr\/films\/robert-fortune-le-voleur-de-the\/\" target=\"_self\">\n\t\t\t<img loading=\"lazy\" decoding=\"async\" width=\"960\" height=\"540\" src=\"https:\/\/www.lesfilmsdelamemoire.be\/wp-content\/uploads\/2023\/01\/Robert-Fortune-Featured-Image.jpg\" class=\"attachment-full size-full wp-post-image\" alt=\"\" srcset=\"https:\/\/www.lesfilmsdelamemoire.be\/wp-content\/uploads\/2023\/01\/Robert-Fortune-Featured-Image.jpg 960w, https:\/\/www.lesfilmsdelamemoire.be\/wp-content\/uploads\/2023\/01\/Robert-Fortune-Featured-Image-300x169.jpg 300w, https:\/\/www.lesfilmsdelamemoire.be\/wp-content\/uploads\/2023\/01\/Robert-Fortune-Featured-Image-768x432.jpg 768w, https:\/\/www.lesfilmsdelamemoire.be\/wp-content\/uploads\/2023\/01\/Robert-Fortune-Featured-Image-600x338.jpg 600w\" sizes=\"auto, (max-width: 960px) 100vw, 960px\" \/>\t\t<\/a>\n\t<\/div>\n\t\t\t<\/div>\n\t\t<\/div>\n\t\t<div class=\"qodef-e-content qodef-e-content-main\" >\n\t\t\t<h4 itemprop=\"name\" class=\"qodef-e-title entry-title qodef-e-title-main\" >\n\t<a itemprop=\"url\" class=\"qodef-e-title-link\" href=\"https:\/\/www.lesfilmsdelamemoire.be\/fr\/films\/robert-fortune-le-voleur-de-the\/\" target=\"_self\">\n\t\tRobert Fortune Le Voleur de Th\u00e9\t<\/a>\n<\/h4>\t\t\t<div class=\"qodef-e-info-category\">\n\t<a itemprop=\"url\" class=\"qodef-e-category\" href=\"https:\/\/www.lesfilmsdelamemoire.be\/fr\/portfolio-category\/documentaire\/\">Documentaire<\/a><a itemprop=\"url\" class=\"qodef-e-category\" href=\"https:\/\/www.lesfilmsdelamemoire.be\/fr\/portfolio-category\/histoire\/\">Histoire<\/a><\/div>\n\t\t<\/div>\n\t<\/div>\n<\/article><article class=\"qodef-e qodef-grid-item qodef-item--full qodef-e-holder-main qodef-has-post-media post-5105 portfolio-item type-portfolio-item status-publish has-post-thumbnail hentry portfolio-category-documentaire portfolio-category-histoire portfolio-category-patrimoine\">\n\t<div class=\"qodef-e-inner\" >\n\t\t<div class=\"qodef-e-image-outer\">\n\t\t\t<div class=\"qodef-e-image\">\n\t\t\t\t\t<div class=\"qodef-e-media-image\">\n\t\t<a itemprop=\"url\" href=\"https:\/\/www.lesfilmsdelamemoire.be\/fr\/films\/retrouvees\/\" target=\"_self\">\n\t\t\t<img loading=\"lazy\" decoding=\"async\" width=\"960\" height=\"540\" src=\"https:\/\/www.lesfilmsdelamemoire.be\/wp-content\/uploads\/2023\/01\/Retrouvees-Featured-Image.jpg\" class=\"attachment-full size-full wp-post-image\" alt=\"\" srcset=\"https:\/\/www.lesfilmsdelamemoire.be\/wp-content\/uploads\/2023\/01\/Retrouvees-Featured-Image.jpg 960w, https:\/\/www.lesfilmsdelamemoire.be\/wp-content\/uploads\/2023\/01\/Retrouvees-Featured-Image-300x169.jpg 300w, https:\/\/www.lesfilmsdelamemoire.be\/wp-content\/uploads\/2023\/01\/Retrouvees-Featured-Image-768x432.jpg 768w, https:\/\/www.lesfilmsdelamemoire.be\/wp-content\/uploads\/2023\/01\/Retrouvees-Featured-Image-600x338.jpg 600w\" sizes=\"auto, (max-width: 960px) 100vw, 960px\" \/>\t\t<\/a>\n\t<\/div>\n\t\t\t<\/div>\n\t\t<\/div>\n\t\t<div class=\"qodef-e-content qodef-e-content-main\" >\n\t\t\t<h4 itemprop=\"name\" class=\"qodef-e-title entry-title qodef-e-title-main\" >\n\t<a itemprop=\"url\" class=\"qodef-e-title-link\" href=\"https:\/\/www.lesfilmsdelamemoire.be\/fr\/films\/retrouvees\/\" target=\"_self\">\n\t\tRetrouv\u00e9es\t<\/a>\n<\/h4>\t\t\t<div class=\"qodef-e-info-category\">\n\t<a itemprop=\"url\" class=\"qodef-e-category\" href=\"https:\/\/www.lesfilmsdelamemoire.be\/fr\/portfolio-category\/documentaire\/\">Documentaire<\/a><a itemprop=\"url\" class=\"qodef-e-category\" href=\"https:\/\/www.lesfilmsdelamemoire.be\/fr\/portfolio-category\/histoire\/\">Histoire<\/a><a itemprop=\"url\" class=\"qodef-e-category\" href=\"https:\/\/www.lesfilmsdelamemoire.be\/fr\/portfolio-category\/patrimoine\/\">Patrimoine<\/a><\/div>\n\t\t<\/div>\n\t<\/div>\n<\/article><article class=\"qodef-e qodef-grid-item qodef-item--full qodef-e-holder-main qodef-has-post-media post-5274 portfolio-item type-portfolio-item status-publish has-post-thumbnail hentry portfolio-category-documentaire portfolio-category-histoire portfolio-category-patrimoine\">\n\t<div class=\"qodef-e-inner\" >\n\t\t<div class=\"qodef-e-image-outer\">\n\t\t\t<div class=\"qodef-e-image\">\n\t\t\t\t\t<div class=\"qodef-e-media-image\">\n\t\t<a itemprop=\"url\" href=\"https:\/\/www.lesfilmsdelamemoire.be\/fr\/films\/rhodes-nostalgie\/\" target=\"_self\">\n\t\t\t<img loading=\"lazy\" decoding=\"async\" width=\"960\" height=\"540\" src=\"https:\/\/www.lesfilmsdelamemoire.be\/wp-content\/uploads\/2023\/01\/Rhodes-Nostalgies-Featured-Image.jpg\" class=\"attachment-full size-full wp-post-image\" alt=\"\" srcset=\"https:\/\/www.lesfilmsdelamemoire.be\/wp-content\/uploads\/2023\/01\/Rhodes-Nostalgies-Featured-Image.jpg 960w, https:\/\/www.lesfilmsdelamemoire.be\/wp-content\/uploads\/2023\/01\/Rhodes-Nostalgies-Featured-Image-300x169.jpg 300w, https:\/\/www.lesfilmsdelamemoire.be\/wp-content\/uploads\/2023\/01\/Rhodes-Nostalgies-Featured-Image-768x432.jpg 768w, https:\/\/www.lesfilmsdelamemoire.be\/wp-content\/uploads\/2023\/01\/Rhodes-Nostalgies-Featured-Image-600x338.jpg 600w\" sizes=\"auto, (max-width: 960px) 100vw, 960px\" \/>\t\t<\/a>\n\t<\/div>\n\t\t\t<\/div>\n\t\t<\/div>\n\t\t<div class=\"qodef-e-content qodef-e-content-main\" >\n\t\t\t<h4 itemprop=\"name\" class=\"qodef-e-title entry-title qodef-e-title-main\" >\n\t<a itemprop=\"url\" class=\"qodef-e-title-link\" href=\"https:\/\/www.lesfilmsdelamemoire.be\/fr\/films\/rhodes-nostalgie\/\" target=\"_self\">\n\t\tRhodes Nostalgie\t<\/a>\n<\/h4>\t\t\t<div class=\"qodef-e-info-category\">\n\t<a itemprop=\"url\" class=\"qodef-e-category\" href=\"https:\/\/www.lesfilmsdelamemoire.be\/fr\/portfolio-category\/documentaire\/\">Documentaire<\/a><a itemprop=\"url\" class=\"qodef-e-category\" href=\"https:\/\/www.lesfilmsdelamemoire.be\/fr\/portfolio-category\/histoire\/\">Histoire<\/a><a itemprop=\"url\" class=\"qodef-e-category\" href=\"https:\/\/www.lesfilmsdelamemoire.be\/fr\/portfolio-category\/patrimoine\/\">Patrimoine<\/a><\/div>\n\t\t<\/div>\n\t<\/div>\n<\/article><article class=\"qodef-e qodef-grid-item qodef-item--full qodef-e-holder-main qodef-has-post-media post-5275 portfolio-item type-portfolio-item status-publish has-post-thumbnail hentry portfolio-category-documentaire portfolio-category-societe\">\n\t<div class=\"qodef-e-inner\" >\n\t\t<div class=\"qodef-e-image-outer\">\n\t\t\t<div class=\"qodef-e-image\">\n\t\t\t\t\t<div class=\"qodef-e-media-image\">\n\t\t<a itemprop=\"url\" href=\"https:\/\/www.lesfilmsdelamemoire.be\/fr\/films\/les-routes-du-the\/\" target=\"_self\">\n\t\t\t<img loading=\"lazy\" decoding=\"async\" width=\"960\" height=\"540\" src=\"https:\/\/www.lesfilmsdelamemoire.be\/wp-content\/uploads\/2023\/01\/Routes-du-The-Featured-Image.jpg\" class=\"attachment-full size-full wp-post-image\" alt=\"\" srcset=\"https:\/\/www.lesfilmsdelamemoire.be\/wp-content\/uploads\/2023\/01\/Routes-du-The-Featured-Image.jpg 960w, https:\/\/www.lesfilmsdelamemoire.be\/wp-content\/uploads\/2023\/01\/Routes-du-The-Featured-Image-300x169.jpg 300w, https:\/\/www.lesfilmsdelamemoire.be\/wp-content\/uploads\/2023\/01\/Routes-du-The-Featured-Image-768x432.jpg 768w, https:\/\/www.lesfilmsdelamemoire.be\/wp-content\/uploads\/2023\/01\/Routes-du-The-Featured-Image-600x338.jpg 600w\" sizes=\"auto, (max-width: 960px) 100vw, 960px\" \/>\t\t<\/a>\n\t<\/div>\n\t\t\t<\/div>\n\t\t<\/div>\n\t\t<div class=\"qodef-e-content qodef-e-content-main\" >\n\t\t\t<h4 itemprop=\"name\" class=\"qodef-e-title entry-title qodef-e-title-main\" >\n\t<a itemprop=\"url\" class=\"qodef-e-title-link\" href=\"https:\/\/www.lesfilmsdelamemoire.be\/fr\/films\/les-routes-du-the\/\" target=\"_self\">\n\t\tLes Routes du Th\u00e9\t<\/a>\n<\/h4>\t\t\t<div class=\"qodef-e-info-category\">\n\t<a itemprop=\"url\" class=\"qodef-e-category\" href=\"https:\/\/www.lesfilmsdelamemoire.be\/fr\/portfolio-category\/documentaire\/\">Documentaire<\/a><a itemprop=\"url\" class=\"qodef-e-category\" href=\"https:\/\/www.lesfilmsdelamemoire.be\/fr\/portfolio-category\/societe\/\">Soci\u00e9t\u00e9<\/a><\/div>\n\t\t<\/div>\n\t<\/div>\n<\/article><article class=\"qodef-e qodef-grid-item qodef-item--full qodef-e-holder-main qodef-has-post-media post-4666 portfolio-item type-portfolio-item status-publish has-post-thumbnail hentry portfolio-category-documentaire portfolio-category-patrimoine portfolio-category-societe\">\n\t<div class=\"qodef-e-inner\" >\n\t\t<div class=\"qodef-e-image-outer\">\n\t\t\t<div class=\"qodef-e-image\">\n\t\t\t\t\t<div class=\"qodef-e-media-image\">\n\t\t<a itemprop=\"url\" href=\"https:\/\/www.lesfilmsdelamemoire.be\/fr\/films\/siegi-hirsch\/\" target=\"_self\">\n\t\t\t<img loading=\"lazy\" decoding=\"async\" width=\"960\" height=\"540\" src=\"https:\/\/www.lesfilmsdelamemoire.be\/wp-content\/uploads\/2023\/01\/Vimeo-VOD-Featured-Siegi-Hirsch.jpg\" class=\"attachment-full size-full wp-post-image\" alt=\"\" srcset=\"https:\/\/www.lesfilmsdelamemoire.be\/wp-content\/uploads\/2023\/01\/Vimeo-VOD-Featured-Siegi-Hirsch.jpg 960w, https:\/\/www.lesfilmsdelamemoire.be\/wp-content\/uploads\/2023\/01\/Vimeo-VOD-Featured-Siegi-Hirsch-300x169.jpg 300w, https:\/\/www.lesfilmsdelamemoire.be\/wp-content\/uploads\/2023\/01\/Vimeo-VOD-Featured-Siegi-Hirsch-768x432.jpg 768w, https:\/\/www.lesfilmsdelamemoire.be\/wp-content\/uploads\/2023\/01\/Vimeo-VOD-Featured-Siegi-Hirsch-600x338.jpg 600w\" sizes=\"auto, (max-width: 960px) 100vw, 960px\" \/>\t\t<\/a>\n\t<\/div>\n\t\t\t<\/div>\n\t\t<\/div>\n\t\t<div class=\"qodef-e-content qodef-e-content-main\" >\n\t\t\t<h4 itemprop=\"name\" class=\"qodef-e-title entry-title qodef-e-title-main\" >\n\t<a itemprop=\"url\" class=\"qodef-e-title-link\" href=\"https:\/\/www.lesfilmsdelamemoire.be\/fr\/films\/siegi-hirsch\/\" target=\"_self\">\n\t\tSiegi Hirsch, Artisan des Relations Humaines\t<\/a>\n<\/h4>\t\t\t<div class=\"qodef-e-info-category\">\n\t<a itemprop=\"url\" class=\"qodef-e-category\" href=\"https:\/\/www.lesfilmsdelamemoire.be\/fr\/portfolio-category\/documentaire\/\">Documentaire<\/a><a itemprop=\"url\" class=\"qodef-e-category\" href=\"https:\/\/www.lesfilmsdelamemoire.be\/fr\/portfolio-category\/patrimoine\/\">Patrimoine<\/a><a itemprop=\"url\" class=\"qodef-e-category\" href=\"https:\/\/www.lesfilmsdelamemoire.be\/fr\/portfolio-category\/societe\/\">Soci\u00e9t\u00e9<\/a><\/div>\n\t\t<\/div>\n\t<\/div>\n<\/article><article class=\"qodef-e qodef-grid-item qodef-item--full qodef-e-holder-main qodef-has-post-media post-5540 portfolio-item type-portfolio-item status-publish has-post-thumbnail hentry portfolio-category-documentaire portfolio-category-histoire\">\n\t<div class=\"qodef-e-inner\" >\n\t\t<div class=\"qodef-e-image-outer\">\n\t\t\t<div class=\"qodef-e-image\">\n\t\t\t\t\t<div class=\"qodef-e-media-image\">\n\t\t<a itemprop=\"url\" href=\"https:\/\/www.lesfilmsdelamemoire.be\/fr\/films\/spaak\/\" target=\"_self\">\n\t\t\t<img loading=\"lazy\" decoding=\"async\" width=\"960\" height=\"540\" src=\"https:\/\/www.lesfilmsdelamemoire.be\/wp-content\/uploads\/2023\/01\/Spaak-Featured.jpg\" class=\"attachment-full size-full wp-post-image\" alt=\"\" srcset=\"https:\/\/www.lesfilmsdelamemoire.be\/wp-content\/uploads\/2023\/01\/Spaak-Featured.jpg 960w, https:\/\/www.lesfilmsdelamemoire.be\/wp-content\/uploads\/2023\/01\/Spaak-Featured-300x169.jpg 300w, https:\/\/www.lesfilmsdelamemoire.be\/wp-content\/uploads\/2023\/01\/Spaak-Featured-768x432.jpg 768w, https:\/\/www.lesfilmsdelamemoire.be\/wp-content\/uploads\/2023\/01\/Spaak-Featured-600x338.jpg 600w\" sizes=\"auto, (max-width: 960px) 100vw, 960px\" \/>\t\t<\/a>\n\t<\/div>\n\t\t\t<\/div>\n\t\t<\/div>\n\t\t<div class=\"qodef-e-content qodef-e-content-main\" >\n\t\t\t<h4 itemprop=\"name\" class=\"qodef-e-title entry-title qodef-e-title-main\" >\n\t<a itemprop=\"url\" class=\"qodef-e-title-link\" href=\"https:\/\/www.lesfilmsdelamemoire.be\/fr\/films\/spaak\/\" target=\"_self\">\n\t\tSpaak\t<\/a>\n<\/h4>\t\t\t<div class=\"qodef-e-info-category\">\n\t<a itemprop=\"url\" class=\"qodef-e-category\" href=\"https:\/\/www.lesfilmsdelamemoire.be\/fr\/portfolio-category\/documentaire\/\">Documentaire<\/a><a itemprop=\"url\" class=\"qodef-e-category\" href=\"https:\/\/www.lesfilmsdelamemoire.be\/fr\/portfolio-category\/histoire\/\">Histoire<\/a><\/div>\n\t\t<\/div>\n\t<\/div>\n<\/article><article class=\"qodef-e qodef-grid-item qodef-item--full qodef-e-holder-main qodef-has-post-media post-5099 portfolio-item type-portfolio-item status-publish has-post-thumbnail hentry portfolio-category-documentaire portfolio-category-histoire portfolio-category-patrimoine\">\n\t<div class=\"qodef-e-inner\" >\n\t\t<div class=\"qodef-e-image-outer\">\n\t\t\t<div class=\"qodef-e-image\">\n\t\t\t\t\t<div class=\"qodef-e-media-image\">\n\t\t<a itemprop=\"url\" href=\"https:\/\/www.lesfilmsdelamemoire.be\/fr\/films\/survivre-a-shanghai\/\" target=\"_self\">\n\t\t\t<img loading=\"lazy\" decoding=\"async\" width=\"960\" height=\"540\" src=\"https:\/\/www.lesfilmsdelamemoire.be\/wp-content\/uploads\/2023\/01\/Survivre-a-Shanghai-Featured-Image.jpg\" class=\"attachment-full size-full wp-post-image\" alt=\"\" srcset=\"https:\/\/www.lesfilmsdelamemoire.be\/wp-content\/uploads\/2023\/01\/Survivre-a-Shanghai-Featured-Image.jpg 960w, https:\/\/www.lesfilmsdelamemoire.be\/wp-content\/uploads\/2023\/01\/Survivre-a-Shanghai-Featured-Image-300x169.jpg 300w, https:\/\/www.lesfilmsdelamemoire.be\/wp-content\/uploads\/2023\/01\/Survivre-a-Shanghai-Featured-Image-768x432.jpg 768w, https:\/\/www.lesfilmsdelamemoire.be\/wp-content\/uploads\/2023\/01\/Survivre-a-Shanghai-Featured-Image-600x338.jpg 600w\" sizes=\"auto, (max-width: 960px) 100vw, 960px\" \/>\t\t<\/a>\n\t<\/div>\n\t\t\t<\/div>\n\t\t<\/div>\n\t\t<div class=\"qodef-e-content qodef-e-content-main\" >\n\t\t\t<h4 itemprop=\"name\" class=\"qodef-e-title entry-title qodef-e-title-main\" >\n\t<a itemprop=\"url\" class=\"qodef-e-title-link\" href=\"https:\/\/www.lesfilmsdelamemoire.be\/fr\/films\/survivre-a-shanghai\/\" target=\"_self\">\n\t\tSurvivre \u00e0 Shanghai\t<\/a>\n<\/h4>\t\t\t<div class=\"qodef-e-info-category\">\n\t<a itemprop=\"url\" class=\"qodef-e-category\" href=\"https:\/\/www.lesfilmsdelamemoire.be\/fr\/portfolio-category\/documentaire\/\">Documentaire<\/a><a itemprop=\"url\" class=\"qodef-e-category\" href=\"https:\/\/www.lesfilmsdelamemoire.be\/fr\/portfolio-category\/histoire\/\">Histoire<\/a><a itemprop=\"url\" class=\"qodef-e-category\" href=\"https:\/\/www.lesfilmsdelamemoire.be\/fr\/portfolio-category\/patrimoine\/\">Patrimoine<\/a><\/div>\n\t\t<\/div>\n\t<\/div>\n<\/article><article class=\"qodef-e qodef-grid-item qodef-item--full qodef-e-holder-main qodef-has-post-media post-10145 portfolio-item type-portfolio-item status-publish has-post-thumbnail hentry portfolio-category-fiction portfolio-category-societe\">\n\t<div class=\"qodef-e-inner\" >\n\t\t<div class=\"qodef-e-image-outer\">\n\t\t\t<div class=\"qodef-e-image\">\n\t\t\t\t\t<div class=\"qodef-e-media-image\">\n\t\t<a itemprop=\"url\" href=\"https:\/\/www.lesfilmsdelamemoire.be\/fr\/films\/silent-girl\/\" target=\"_self\">\n\t\t\t<img loading=\"lazy\" decoding=\"async\" width=\"960\" height=\"540\" src=\"https:\/\/www.lesfilmsdelamemoire.be\/wp-content\/uploads\/2026\/01\/Silent-Girl-05-e1768390932115.png\" class=\"attachment-full size-full wp-post-image\" alt=\"\" srcset=\"https:\/\/www.lesfilmsdelamemoire.be\/wp-content\/uploads\/2026\/01\/Silent-Girl-05-e1768390932115.png 960w, https:\/\/www.lesfilmsdelamemoire.be\/wp-content\/uploads\/2026\/01\/Silent-Girl-05-e1768390932115-300x169.png 300w, https:\/\/www.lesfilmsdelamemoire.be\/wp-content\/uploads\/2026\/01\/Silent-Girl-05-e1768390932115-768x432.png 768w\" sizes=\"auto, (max-width: 960px) 100vw, 960px\" \/>\t\t<\/a>\n\t<\/div>\n\t\t\t<\/div>\n\t\t<\/div>\n\t\t<div class=\"qodef-e-content qodef-e-content-main\" >\n\t\t\t<h4 itemprop=\"name\" class=\"qodef-e-title entry-title qodef-e-title-main\" >\n\t<a itemprop=\"url\" class=\"qodef-e-title-link\" href=\"https:\/\/www.lesfilmsdelamemoire.be\/fr\/films\/silent-girl\/\" target=\"_self\">\n\t\tSilent Girl\t<\/a>\n<\/h4>\t\t\t<div class=\"qodef-e-info-category\">\n\t<a itemprop=\"url\" class=\"qodef-e-category\" href=\"https:\/\/www.lesfilmsdelamemoire.be\/fr\/portfolio-category\/fiction\/\">Fiction<\/a><a itemprop=\"url\" class=\"qodef-e-category\" href=\"https:\/\/www.lesfilmsdelamemoire.be\/fr\/portfolio-category\/societe\/\">Soci\u00e9t\u00e9<\/a><\/div>\n\t\t<\/div>\n\t<\/div>\n<\/article><article class=\"qodef-e qodef-grid-item qodef-item--full qodef-e-holder-main qodef-has-post-media post-4051 portfolio-item type-portfolio-item status-publish has-post-thumbnail hentry portfolio-category-documentaire portfolio-category-histoire portfolio-category-patrimoine\">\n\t<div class=\"qodef-e-inner\" >\n\t\t<div class=\"qodef-e-image-outer\">\n\t\t\t<div class=\"qodef-e-image\">\n\t\t\t\t\t<div class=\"qodef-e-media-image\">\n\t\t<a itemprop=\"url\" href=\"https:\/\/www.lesfilmsdelamemoire.be\/fr\/films\/un-simple-maillon\/\" target=\"_self\">\n\t\t\t<img loading=\"lazy\" decoding=\"async\" width=\"960\" height=\"540\" src=\"https:\/\/www.lesfilmsdelamemoire.be\/wp-content\/uploads\/2021\/06\/Un-Simple-Maillon-Featured-Image.jpg\" class=\"attachment-full size-full wp-post-image\" alt=\"\" srcset=\"https:\/\/www.lesfilmsdelamemoire.be\/wp-content\/uploads\/2021\/06\/Un-Simple-Maillon-Featured-Image.jpg 960w, https:\/\/www.lesfilmsdelamemoire.be\/wp-content\/uploads\/2021\/06\/Un-Simple-Maillon-Featured-Image-300x169.jpg 300w, https:\/\/www.lesfilmsdelamemoire.be\/wp-content\/uploads\/2021\/06\/Un-Simple-Maillon-Featured-Image-768x432.jpg 768w, https:\/\/www.lesfilmsdelamemoire.be\/wp-content\/uploads\/2021\/06\/Un-Simple-Maillon-Featured-Image-600x338.jpg 600w\" sizes=\"auto, (max-width: 960px) 100vw, 960px\" \/>\t\t<\/a>\n\t<\/div>\n\t\t\t<\/div>\n\t\t<\/div>\n\t\t<div class=\"qodef-e-content qodef-e-content-main\" >\n\t\t\t<h4 itemprop=\"name\" class=\"qodef-e-title entry-title qodef-e-title-main\" >\n\t<a itemprop=\"url\" class=\"qodef-e-title-link\" href=\"https:\/\/www.lesfilmsdelamemoire.be\/fr\/films\/un-simple-maillon\/\" target=\"_self\">\n\t\tUn Simple Maillon\t<\/a>\n<\/h4>\t\t\t<div class=\"qodef-e-info-category\">\n\t<a itemprop=\"url\" class=\"qodef-e-category\" href=\"https:\/\/www.lesfilmsdelamemoire.be\/fr\/portfolio-category\/documentaire\/\">Documentaire<\/a><a itemprop=\"url\" class=\"qodef-e-category\" href=\"https:\/\/www.lesfilmsdelamemoire.be\/fr\/portfolio-category\/histoire\/\">Histoire<\/a><a itemprop=\"url\" class=\"qodef-e-category\" href=\"https:\/\/www.lesfilmsdelamemoire.be\/fr\/portfolio-category\/patrimoine\/\">Patrimoine<\/a><\/div>\n\t\t<\/div>\n\t<\/div>\n<\/article><article class=\"qodef-e qodef-grid-item qodef-item--full qodef-e-holder-main qodef-has-post-media post-3383 portfolio-item type-portfolio-item status-publish has-post-thumbnail hentry portfolio-category-documentaire portfolio-category-histoire\">\n\t<div class=\"qodef-e-inner\" >\n\t\t<div class=\"qodef-e-image-outer\">\n\t\t\t<div class=\"qodef-e-image\">\n\t\t\t\t\t<div class=\"qodef-e-media-image\">\n\t\t<a itemprop=\"url\" href=\"https:\/\/www.lesfilmsdelamemoire.be\/fr\/films\/waterloo-lultime-bataille\/\" target=\"_self\">\n\t\t\t<img loading=\"lazy\" decoding=\"async\" width=\"960\" height=\"540\" src=\"https:\/\/www.lesfilmsdelamemoire.be\/wp-content\/uploads\/2021\/06\/Waterloo-Featured-Image.jpg\" class=\"attachment-full size-full wp-post-image\" alt=\"\" srcset=\"https:\/\/www.lesfilmsdelamemoire.be\/wp-content\/uploads\/2021\/06\/Waterloo-Featured-Image.jpg 960w, https:\/\/www.lesfilmsdelamemoire.be\/wp-content\/uploads\/2021\/06\/Waterloo-Featured-Image-300x169.jpg 300w, https:\/\/www.lesfilmsdelamemoire.be\/wp-content\/uploads\/2021\/06\/Waterloo-Featured-Image-768x432.jpg 768w, https:\/\/www.lesfilmsdelamemoire.be\/wp-content\/uploads\/2021\/06\/Waterloo-Featured-Image-600x338.jpg 600w\" sizes=\"auto, (max-width: 960px) 100vw, 960px\" \/>\t\t<\/a>\n\t<\/div>\n\t\t\t<\/div>\n\t\t<\/div>\n\t\t<div class=\"qodef-e-content qodef-e-content-main\" >\n\t\t\t<h4 itemprop=\"name\" class=\"qodef-e-title entry-title qodef-e-title-main\" >\n\t<a itemprop=\"url\" class=\"qodef-e-title-link\" href=\"https:\/\/www.lesfilmsdelamemoire.be\/fr\/films\/waterloo-lultime-bataille\/\" target=\"_self\">\n\t\tWaterloo &#8211; L&rsquo;Ultime Bataille\t<\/a>\n<\/h4>\t\t\t<div class=\"qodef-e-info-category\">\n\t<a itemprop=\"url\" class=\"qodef-e-category\" href=\"https:\/\/www.lesfilmsdelamemoire.be\/fr\/portfolio-category\/documentaire\/\">Documentaire<\/a><a itemprop=\"url\" class=\"qodef-e-category\" href=\"https:\/\/www.lesfilmsdelamemoire.be\/fr\/portfolio-category\/histoire\/\">Histoire<\/a><\/div>\n\t\t<\/div>\n\t<\/div>\n<\/article><article class=\"qodef-e qodef-grid-item qodef-item--full qodef-e-holder-main qodef-has-post-media post-4576 portfolio-item type-portfolio-item status-publish has-post-thumbnail hentry portfolio-category-documentaire portfolio-category-musique portfolio-category-patrimoine\">\n\t<div class=\"qodef-e-inner\" >\n\t\t<div class=\"qodef-e-image-outer\">\n\t\t\t<div class=\"qodef-e-image\">\n\t\t\t\t\t<div class=\"qodef-e-media-image\">\n\t\t<a itemprop=\"url\" href=\"https:\/\/www.lesfilmsdelamemoire.be\/fr\/films\/yiddish-soul\/\" target=\"_self\">\n\t\t\t<img loading=\"lazy\" decoding=\"async\" width=\"960\" height=\"540\" src=\"https:\/\/www.lesfilmsdelamemoire.be\/wp-content\/uploads\/2023\/01\/Yiddish-Soul-Featured-Image.jpg\" class=\"attachment-full size-full wp-post-image\" alt=\"\" srcset=\"https:\/\/www.lesfilmsdelamemoire.be\/wp-content\/uploads\/2023\/01\/Yiddish-Soul-Featured-Image.jpg 960w, https:\/\/www.lesfilmsdelamemoire.be\/wp-content\/uploads\/2023\/01\/Yiddish-Soul-Featured-Image-300x169.jpg 300w, https:\/\/www.lesfilmsdelamemoire.be\/wp-content\/uploads\/2023\/01\/Yiddish-Soul-Featured-Image-768x432.jpg 768w, https:\/\/www.lesfilmsdelamemoire.be\/wp-content\/uploads\/2023\/01\/Yiddish-Soul-Featured-Image-600x338.jpg 600w\" sizes=\"auto, (max-width: 960px) 100vw, 960px\" \/>\t\t<\/a>\n\t<\/div>\n\t\t\t<\/div>\n\t\t<\/div>\n\t\t<div class=\"qodef-e-content qodef-e-content-main\" >\n\t\t\t<h4 itemprop=\"name\" class=\"qodef-e-title entry-title qodef-e-title-main\" >\n\t<a itemprop=\"url\" class=\"qodef-e-title-link\" href=\"https:\/\/www.lesfilmsdelamemoire.be\/fr\/films\/yiddish-soul\/\" target=\"_self\">\n\t\tYiddish Soul\t<\/a>\n<\/h4>\t\t\t<div class=\"qodef-e-info-category\">\n\t<a itemprop=\"url\" class=\"qodef-e-category\" href=\"https:\/\/www.lesfilmsdelamemoire.be\/fr\/portfolio-category\/documentaire\/\">Documentaire<\/a><a itemprop=\"url\" class=\"qodef-e-category\" href=\"https:\/\/www.lesfilmsdelamemoire.be\/fr\/portfolio-category\/musique\/\">Musique<\/a><a itemprop=\"url\" class=\"qodef-e-category\" href=\"https:\/\/www.lesfilmsdelamemoire.be\/fr\/portfolio-category\/patrimoine\/\">Patrimoine<\/a><\/div>\n\t\t<\/div>\n\t<\/div>\n<\/article>\t<\/div>\n\t<\/div>\t\t<\/div>\n\t\t\t\t<\/div>\n\t\t\t\t\t<\/div>\n\t\t<\/div>\n\t\t\t\t\t\t\t<\/div>\n\t\t<\/section>\n\t\t\t\t\t\t\t<\/div>\n\t\t","protected":false},"excerpt":{"rendered":"<p>Ashcan &#8211; The Secret Prison DocumentaireHistoirePatrimoine D\u2019Auschwitz \u00e0 J\u00e9rusalem DocumentaireHistoirePatrimoine La Bande Dessin\u00e9e a 100 Ans CultureDocumentaire La Bo\u00eete \u00e0 Tartines DocumentaireSoci\u00e9t\u00e9 La Brigade des Papiers DocumentaireHistoirePatrimoine Chocolat Mon Amour CultureDocumentaireSoci\u00e9t\u00e9 Codename Ashcan FictionHistoirePatrimoine Concert Yiddish Soul DocumentaireMusiquePatrimoine David Susskind &#8211; Sois un Mensch, Mon Fils ! DocumentaireHistoirePatrimoine L&#8217;Espoir pour M\u00e9moire DocumentaireHistoire Heim ins Reich [&hellip;]<\/p>\n","protected":false},"author":1,"featured_media":0,"parent":0,"menu_order":0,"comment_status":"closed","ping_status":"closed","template":"","meta":{"_themeisle_gutenberg_block_has_review":false,"footnotes":""},"class_list":["post-3950","page","type-page","status-publish","hentry"],"_links":{"self":[{"href":"https:\/\/www.lesfilmsdelamemoire.be\/fr\/wp-json\/wp\/v2\/pages\/3950","targetHints":{"allow":["GET"]}}],"collection":[{"href":"https:\/\/www.lesfilmsdelamemoire.be\/fr\/wp-json\/wp\/v2\/pages"}],"about":[{"href":"https:\/\/www.lesfilmsdelamemoire.be\/fr\/wp-json\/wp\/v2\/types\/page"}],"author":[{"embeddable":true,"href":"https:\/\/www.lesfilmsdelamemoire.be\/fr\/wp-json\/wp\/v2\/users\/1"}],"replies":[{"embeddable":true,"href":"https:\/\/www.lesfilmsdelamemoire.be\/fr\/wp-json\/wp\/v2\/comments?post=3950"}],"version-history":[{"count":97,"href":"https:\/\/www.lesfilmsdelamemoire.be\/fr\/wp-json\/wp\/v2\/pages\/3950\/revisions"}],"predecessor-version":[{"id":10178,"href":"https:\/\/www.lesfilmsdelamemoire.be\/fr\/wp-json\/wp\/v2\/pages\/3950\/revisions\/10178"}],"wp:attachment":[{"href":"https:\/\/www.lesfilmsdelamemoire.be\/fr\/wp-json\/wp\/v2\/media?parent=3950"}],"curies":[{"name":"wp","href":"https:\/\/api.w.org\/{rel}","templated":true}]}}