{"id":9032,"date":"2023-02-01T14:30:45","date_gmt":"2023-02-01T13:30:45","guid":{"rendered":"http:\/\/www.lesfilmsdelamemoire.be\/patrimoine\/"},"modified":"2024-01-25T14:31:40","modified_gmt":"2024-01-25T13:31:40","slug":"patrimoine","status":"publish","type":"page","link":"https:\/\/www.lesfilmsdelamemoire.be\/en\/patrimoine\/","title":{"rendered":"Patrimoine"},"content":{"rendered":"\t\t<div data-elementor-type=\"wp-page\" data-elementor-id=\"9032\" class=\"elementor elementor-9032 elementor-5748\">\n\t\t\t\t\t\t\t\t\t<section class=\"elementor-section elementor-top-section elementor-element elementor-element-fcd6bb3 elementor-section-full_width elementor-section-stretched elementor-section-height-default elementor-section-height-default qodef-elementor-content-no\" data-id=\"fcd6bb3\" data-element_type=\"section\" data-settings=\"{&quot;stretch_section&quot;:&quot;section-stretched&quot;}\">\n\t\t\t\t\t\t<div class=\"elementor-container elementor-column-gap-wide\">\n\t\t\t\t\t<div class=\"elementor-column elementor-col-100 elementor-top-column elementor-element elementor-element-9af3e3f\" data-id=\"9af3e3f\" data-element_type=\"column\">\n\t\t\t<div class=\"elementor-widget-wrap elementor-element-populated\">\n\t\t\t\t\t\t\t\t<section class=\"elementor-section elementor-inner-section elementor-element elementor-element-2de1a2d elementor-section-boxed elementor-section-height-default elementor-section-height-default qodef-elementor-content-no\" data-id=\"2de1a2d\" data-element_type=\"section\">\n\t\t\t\t\t\t<div class=\"elementor-container elementor-column-gap-default\">\n\t\t\t\t\t<div class=\"elementor-column elementor-col-100 elementor-inner-column elementor-element elementor-element-8d246d2\" data-id=\"8d246d2\" data-element_type=\"column\">\n\t\t\t<div class=\"elementor-widget-wrap elementor-element-populated\">\n\t\t\t\t\t\t\t\t<div class=\"elementor-element elementor-element-c95f499 elementor-widget elementor-widget-image\" data-id=\"c95f499\" data-element_type=\"widget\" data-widget_type=\"image.default\">\n\t\t\t\t<div class=\"elementor-widget-container\">\n\t\t\t\t\t\t\t\t\t\t\t\t\t\t\t<img loading=\"lazy\" decoding=\"async\" width=\"980\" height=\"200\" src=\"https:\/\/www.lesfilmsdelamemoire.be\/wp-content\/uploads\/2024\/01\/Patrimoine-Titre-EN.jpg\" class=\"attachment-large size-large wp-image-9940\" alt=\"\" srcset=\"https:\/\/www.lesfilmsdelamemoire.be\/wp-content\/uploads\/2024\/01\/Patrimoine-Titre-EN.jpg 980w, https:\/\/www.lesfilmsdelamemoire.be\/wp-content\/uploads\/2024\/01\/Patrimoine-Titre-EN-300x61.jpg 300w, https:\/\/www.lesfilmsdelamemoire.be\/wp-content\/uploads\/2024\/01\/Patrimoine-Titre-EN-768x157.jpg 768w\" sizes=\"auto, (max-width: 980px) 100vw, 980px\" \/>\t\t\t\t\t\t\t\t\t\t\t\t\t\t\t<\/div>\n\t\t\t\t<\/div>\n\t\t\t\t\t<\/div>\n\t\t<\/div>\n\t\t\t\t\t\t\t<\/div>\n\t\t<\/section>\n\t\t\t\t\t<\/div>\n\t\t<\/div>\n\t\t\t\t\t\t\t<\/div>\n\t\t<\/section>\n\t\t\t\t<section class=\"elementor-section elementor-top-section elementor-element elementor-element-c427da0 elementor-section-full_width elementor-section-stretched elementor-section-height-default elementor-section-height-default qodef-elementor-content-no\" data-id=\"c427da0\" data-element_type=\"section\" data-settings=\"{&quot;stretch_section&quot;:&quot;section-stretched&quot;}\">\n\t\t\t\t\t\t<div class=\"elementor-container elementor-column-gap-wide\">\n\t\t\t\t\t<div class=\"elementor-column elementor-col-100 elementor-top-column elementor-element elementor-element-ead4034\" data-id=\"ead4034\" data-element_type=\"column\">\n\t\t\t<div class=\"elementor-widget-wrap elementor-element-populated\">\n\t\t\t\t\t\t\t\t<section class=\"elementor-section elementor-inner-section elementor-element elementor-element-b6e940c elementor-section-boxed elementor-section-height-default elementor-section-height-default qodef-elementor-content-no\" data-id=\"b6e940c\" data-element_type=\"section\">\n\t\t\t\t\t\t<div class=\"elementor-container elementor-column-gap-default\">\n\t\t\t\t\t<div class=\"elementor-column elementor-col-50 elementor-inner-column elementor-element elementor-element-8dba312\" data-id=\"8dba312\" data-element_type=\"column\">\n\t\t\t<div class=\"elementor-widget-wrap elementor-element-populated\">\n\t\t\t\t\t\t\t\t<div class=\"elementor-element elementor-element-22ba687 elementor-widget elementor-widget-image\" data-id=\"22ba687\" data-element_type=\"widget\" data-widget_type=\"image.default\">\n\t\t\t\t<div class=\"elementor-widget-container\">\n\t\t\t\t\t\t\t\t\t\t\t\t\t\t\t<img loading=\"lazy\" decoding=\"async\" width=\"557\" height=\"788\" src=\"https:\/\/www.lesfilmsdelamemoire.be\/wp-content\/uploads\/2023\/02\/Patrimoine-Affiche.jpg\" class=\"attachment-large size-large wp-image-6965\" alt=\"\" srcset=\"https:\/\/www.lesfilmsdelamemoire.be\/wp-content\/uploads\/2023\/02\/Patrimoine-Affiche.jpg 557w, https:\/\/www.lesfilmsdelamemoire.be\/wp-content\/uploads\/2023\/02\/Patrimoine-Affiche-212x300.jpg 212w\" sizes=\"auto, (max-width: 557px) 100vw, 557px\" \/>\t\t\t\t\t\t\t\t\t\t\t\t\t\t\t<\/div>\n\t\t\t\t<\/div>\n\t\t\t\t\t<\/div>\n\t\t<\/div>\n\t\t\t\t<div class=\"elementor-column elementor-col-50 elementor-inner-column elementor-element elementor-element-6a36161\" data-id=\"6a36161\" data-element_type=\"column\">\n\t\t\t<div class=\"elementor-widget-wrap elementor-element-populated\">\n\t\t\t\t\t\t\t\t<div class=\"elementor-element elementor-element-4c47799 elementor-widget elementor-widget-heading\" data-id=\"4c47799\" data-element_type=\"widget\" data-widget_type=\"heading.default\">\n\t\t\t\t<div class=\"elementor-widget-container\">\n\t\t\t<h4 class=\"elementor-heading-title elementor-size-default\">Introduction<\/h4>\t\t<\/div>\n\t\t\t\t<\/div>\n\t\t\t\t<div class=\"elementor-element elementor-element-fd35232 elementor-widget elementor-widget-text-editor\" data-id=\"fd35232\" data-element_type=\"widget\" data-widget_type=\"text-editor.default\">\n\t\t\t\t<div class=\"elementor-widget-container\">\n\t\t\t\t\t\t\t<p>ZAKHOR! REMEMBER!<\/p>\n<p>As a society, we must not forget the lessons we have learnt from the past. The substance of our democracies and civic education depend on it. Willy Perelsztejn and his sister Diane have dedicated their professional lives to developing tools that help people understand the past.<\/p>\n<p>In over 35 years of audiovisual production, the group Les Films de la M\u00e9moire &#8211; Cr\u00e9ation &amp; M\u00e9moire &#8211; Nowhere Land Productions has created a legacy of films dedicated to the memory of the Holocaust, the resistance and the survivors: PATRIMOINE.<\/p>\n<p>PATRIMOINE currently consists of 16 films available in HD quality that can be screened on numerous media. They are already available free of charge to teachers in Belgium on <a style=\"color: #0072bc; text-decoration: underline;\" href=\"https:\/\/laplateforme.be\" target=\"_blank\" rel=\"noopener\">La Plateforme.be<\/a> (Centre du Cin\u00e9ma et de l&#8217;Audiovisuel de Belgique), along with a catalog of educational and thematic sheets.<\/p>\n<p>Of course, we are not the only ones who have worked on these topics. We hope that over time we will be able to include films from other directors and audiovisual production companies in our toolkit.<\/p>\t\t\t\t\t\t<\/div>\n\t\t\t\t<\/div>\n\t\t\t\t\t<\/div>\n\t\t<\/div>\n\t\t\t\t\t\t\t<\/div>\n\t\t<\/section>\n\t\t\t\t\t<\/div>\n\t\t<\/div>\n\t\t\t\t\t\t\t<\/div>\n\t\t<\/section>\n\t\t\t\t<section class=\"elementor-section elementor-top-section elementor-element elementor-element-4da80a2 elementor-section-full_width elementor-section-stretched elementor-section-height-default elementor-section-height-default qodef-elementor-content-no\" data-id=\"4da80a2\" data-element_type=\"section\" data-settings=\"{&quot;stretch_section&quot;:&quot;section-stretched&quot;}\">\n\t\t\t\t\t\t<div class=\"elementor-container elementor-column-gap-wide\">\n\t\t\t\t\t<div class=\"elementor-column elementor-col-100 elementor-top-column elementor-element elementor-element-fd8162e\" data-id=\"fd8162e\" data-element_type=\"column\">\n\t\t\t<div class=\"elementor-widget-wrap elementor-element-populated\">\n\t\t\t\t\t\t\t\t<section class=\"elementor-section elementor-inner-section elementor-element elementor-element-a227e4a elementor-section-boxed elementor-section-height-default elementor-section-height-default qodef-elementor-content-no\" data-id=\"a227e4a\" data-element_type=\"section\">\n\t\t\t\t\t\t<div class=\"elementor-container elementor-column-gap-default\">\n\t\t\t\t\t<div class=\"elementor-column elementor-col-50 elementor-inner-column elementor-element elementor-element-f06c56f\" data-id=\"f06c56f\" data-element_type=\"column\">\n\t\t\t<div class=\"elementor-widget-wrap elementor-element-populated\">\n\t\t\t\t\t\t\t\t<div class=\"elementor-element elementor-element-e6de1b3 elementor-widget elementor-widget-heading\" data-id=\"e6de1b3\" data-element_type=\"widget\" data-widget_type=\"heading.default\">\n\t\t\t\t<div class=\"elementor-widget-container\">\n\t\t\t<h4 class=\"elementor-heading-title elementor-size-default\">OBJECTIVES<\/h4>\t\t<\/div>\n\t\t\t\t<\/div>\n\t\t\t\t<div class=\"elementor-element elementor-element-3202e6d elementor-widget elementor-widget-text-editor\" data-id=\"3202e6d\" data-element_type=\"widget\" data-widget_type=\"text-editor.default\">\n\t\t\t\t<div class=\"elementor-widget-container\">\n\t\t\t\t\t\t\t<p>The Holocaust is a very important and at the same time difficult topic to convey. For over 35 years, we have produced numerous films, documents and exhibitions on various topics: Genocide, Jewish resistance, death, survival and resilience. In short: PATRIMOINE.<\/p><p>As a first step, our main objective is to provide the entire educational community with a high-quality tool for a comprehensive and diverse approach to the Holocaust and its context. Initially in Belgium and Luxembourg in French language.<\/p><p>Our second objective is to ensure that these films and our tools are accessible and used by as many people as possible in Europe and the rest of the world.<\/p><p>We want to help ensure that our past is not forgotten and to anchor the basic ideas of democracy and freedom.<\/p>\t\t\t\t\t\t<\/div>\n\t\t\t\t<\/div>\n\t\t\t\t\t<\/div>\n\t\t<\/div>\n\t\t\t\t<div class=\"elementor-column elementor-col-50 elementor-inner-column elementor-element elementor-element-7ba1c64\" data-id=\"7ba1c64\" data-element_type=\"column\" data-settings=\"{&quot;background_background&quot;:&quot;classic&quot;}\">\n\t\t\t<div class=\"elementor-widget-wrap elementor-element-populated\">\n\t\t\t\t\t\t\t\t<div class=\"elementor-element elementor-element-3eee55f elementor-widget elementor-widget-image\" data-id=\"3eee55f\" data-element_type=\"widget\" data-widget_type=\"image.default\">\n\t\t\t\t<div class=\"elementor-widget-container\">\n\t\t\t\t\t\t\t\t\t\t\t\t\t\t\t<img loading=\"lazy\" decoding=\"async\" width=\"1300\" height=\"1080\" src=\"https:\/\/www.lesfilmsdelamemoire.be\/wp-content\/uploads\/2023\/02\/Patrimoine-2-1300x1080.jpg\" class=\"attachment-pelicula_image_size_huge-square size-pelicula_image_size_huge-square wp-image-6966\" alt=\"\" \/>\t\t\t\t\t\t\t\t\t\t\t\t\t\t\t<\/div>\n\t\t\t\t<\/div>\n\t\t\t\t\t<\/div>\n\t\t<\/div>\n\t\t\t\t\t\t\t<\/div>\n\t\t<\/section>\n\t\t\t\t\t<\/div>\n\t\t<\/div>\n\t\t\t\t\t\t\t<\/div>\n\t\t<\/section>\n\t\t\t\t<section class=\"elementor-section elementor-top-section elementor-element elementor-element-ab278f4 elementor-section-full_width elementor-section-stretched elementor-section-height-default elementor-section-height-default qodef-elementor-content-no\" data-id=\"ab278f4\" data-element_type=\"section\" data-settings=\"{&quot;stretch_section&quot;:&quot;section-stretched&quot;,&quot;background_background&quot;:&quot;classic&quot;}\">\n\t\t\t\t\t\t<div class=\"elementor-container elementor-column-gap-no\">\n\t\t\t\t\t<div class=\"elementor-column elementor-col-100 elementor-top-column elementor-element elementor-element-8e79719\" data-id=\"8e79719\" data-element_type=\"column\">\n\t\t\t<div class=\"elementor-widget-wrap elementor-element-populated\">\n\t\t\t\t\t\t\t\t<section class=\"elementor-section elementor-inner-section elementor-element elementor-element-e17a996 elementor-section-full_width elementor-section-height-default elementor-section-height-default qodef-elementor-content-no\" data-id=\"e17a996\" data-element_type=\"section\">\n\t\t\t\t\t\t<div class=\"elementor-container elementor-column-gap-default\">\n\t\t\t\t\t<div class=\"elementor-column elementor-col-33 elementor-inner-column elementor-element elementor-element-d4151ff\" data-id=\"d4151ff\" data-element_type=\"column\">\n\t\t\t<div class=\"elementor-widget-wrap\">\n\t\t\t\t\t\t\t\t\t<\/div>\n\t\t<\/div>\n\t\t\t\t<div class=\"elementor-column elementor-col-33 elementor-inner-column elementor-element elementor-element-36290cb\" data-id=\"36290cb\" data-element_type=\"column\">\n\t\t\t<div class=\"elementor-widget-wrap elementor-element-populated\">\n\t\t\t\t\t\t\t\t<div class=\"elementor-element elementor-element-8f4fe78 fdlm-button elementor-widget elementor-widget-pelicula_core_button\" data-id=\"8f4fe78\" data-element_type=\"widget\" data-widget_type=\"pelicula_core_button.default\">\n\t\t\t\t<div class=\"elementor-widget-container\">\n\t\t\t<a class=\"qodef-shortcode qodef-m  qodef-button qodef-layout--filled  qodef-html--link\" href=\"https:\/\/www.dropbox.com\/scl\/fi\/zavcvpyxjxzolq66m5f2x\/Les-Films-de-la-Memoire-Patrimoine.pdf?rlkey=w1dzeowzmw9ceifirdrs0hk5z&#038;dl=0\" target=\"_blank\" data-hover-color=\"#FFFFFF\" data-hover-background-color=\"#000000\" data-background-color=\"#FF9934\" style=\"color: #000000;background-color: #FF9934\">\n\t<span class=\"qodef-m-text\">Download the catalogue in French<\/span>\n<\/a>\t\t<\/div>\n\t\t\t\t<\/div>\n\t\t\t\t\t<\/div>\n\t\t<\/div>\n\t\t\t\t<div class=\"elementor-column elementor-col-33 elementor-inner-column elementor-element elementor-element-4c6e72c\" data-id=\"4c6e72c\" data-element_type=\"column\">\n\t\t\t<div class=\"elementor-widget-wrap\">\n\t\t\t\t\t\t\t\t\t<\/div>\n\t\t<\/div>\n\t\t\t\t\t\t\t<\/div>\n\t\t<\/section>\n\t\t\t\t\t<\/div>\n\t\t<\/div>\n\t\t\t\t\t\t\t<\/div>\n\t\t<\/section>\n\t\t\t\t<section class=\"elementor-section elementor-top-section elementor-element elementor-element-6931f90 elementor-section-boxed elementor-section-height-default elementor-section-height-default qodef-elementor-content-no\" data-id=\"6931f90\" data-element_type=\"section\">\n\t\t\t\t\t\t<div class=\"elementor-container elementor-column-gap-default\">\n\t\t\t\t\t<div class=\"elementor-column elementor-col-100 elementor-top-column elementor-element elementor-element-7b3f2db\" data-id=\"7b3f2db\" data-element_type=\"column\">\n\t\t\t<div class=\"elementor-widget-wrap elementor-element-populated\">\n\t\t\t\t\t\t\t\t<div class=\"elementor-element elementor-element-9b616c9 elementor-widget elementor-widget-heading\" data-id=\"9b616c9\" data-element_type=\"widget\" data-widget_type=\"heading.default\">\n\t\t\t\t<div class=\"elementor-widget-container\">\n\t\t\t<h3 class=\"elementor-heading-title elementor-size-default\">The Collection<\/h3>\t\t<\/div>\n\t\t\t\t<\/div>\n\t\t\t\t<section class=\"elementor-section elementor-inner-section elementor-element elementor-element-8afa01f elementor-section-boxed elementor-section-height-default elementor-section-height-default qodef-elementor-content-no\" data-id=\"8afa01f\" data-element_type=\"section\">\n\t\t\t\t\t\t<div class=\"elementor-container elementor-column-gap-default\">\n\t\t\t\t\t<div class=\"elementor-column elementor-col-50 elementor-inner-column elementor-element elementor-element-efc594a\" data-id=\"efc594a\" data-element_type=\"column\">\n\t\t\t<div class=\"elementor-widget-wrap elementor-element-populated\">\n\t\t\t\t\t\t\t\t<div class=\"elementor-element elementor-element-64bc5c0 elementor-invisible elementor-widget elementor-widget-image\" data-id=\"64bc5c0\" data-element_type=\"widget\" data-settings=\"{&quot;_animation&quot;:&quot;fadeInUp&quot;}\" data-widget_type=\"image.default\">\n\t\t\t\t<div class=\"elementor-widget-container\">\n\t\t\t\t\t\t\t\t\t\t\t\t\t\t\t<img loading=\"lazy\" decoding=\"async\" width=\"960\" height=\"540\" src=\"https:\/\/www.lesfilmsdelamemoire.be\/wp-content\/uploads\/2021\/06\/Ashcan-Featured-Image.jpg\" class=\"attachment-large size-large wp-image-6581\" alt=\"\" srcset=\"https:\/\/www.lesfilmsdelamemoire.be\/wp-content\/uploads\/2021\/06\/Ashcan-Featured-Image.jpg 960w, https:\/\/www.lesfilmsdelamemoire.be\/wp-content\/uploads\/2021\/06\/Ashcan-Featured-Image-300x169.jpg 300w, https:\/\/www.lesfilmsdelamemoire.be\/wp-content\/uploads\/2021\/06\/Ashcan-Featured-Image-768x432.jpg 768w, https:\/\/www.lesfilmsdelamemoire.be\/wp-content\/uploads\/2021\/06\/Ashcan-Featured-Image-600x338.jpg 600w\" sizes=\"auto, (max-width: 960px) 100vw, 960px\" \/>\t\t\t\t\t\t\t\t\t\t\t\t\t\t\t<\/div>\n\t\t\t\t<\/div>\n\t\t\t\t\t<\/div>\n\t\t<\/div>\n\t\t\t\t<div class=\"elementor-column elementor-col-50 elementor-inner-column elementor-element elementor-element-5928d8e\" data-id=\"5928d8e\" data-element_type=\"column\">\n\t\t\t<div class=\"elementor-widget-wrap elementor-element-populated\">\n\t\t\t\t\t\t\t\t<div class=\"elementor-element elementor-element-c028074 elementor-invisible elementor-widget elementor-widget-heading\" data-id=\"c028074\" data-element_type=\"widget\" data-settings=\"{&quot;_animation&quot;:&quot;fadeInUp&quot;}\" data-widget_type=\"heading.default\">\n\t\t\t\t<div class=\"elementor-widget-container\">\n\t\t\t<h4 class=\"elementor-heading-title elementor-size-default\">Ashcan The Secret Prison<\/h4>\t\t<\/div>\n\t\t\t\t<\/div>\n\t\t\t\t<div class=\"elementor-element elementor-element-f5fa657 elementor-invisible elementor-widget elementor-widget-heading\" data-id=\"f5fa657\" data-element_type=\"widget\" data-settings=\"{&quot;_animation&quot;:&quot;fadeInUp&quot;}\" data-widget_type=\"heading.default\">\n\t\t\t\t<div class=\"elementor-widget-container\">\n\t\t\t<h6 class=\"elementor-heading-title elementor-size-small\">2018<\/h6>\t\t<\/div>\n\t\t\t\t<\/div>\n\t\t\t\t<div class=\"elementor-element elementor-element-aa42fcc elementor-invisible elementor-widget elementor-widget-text-editor\" data-id=\"aa42fcc\" data-element_type=\"widget\" data-settings=\"{&quot;_animation&quot;:&quot;fadeInUp&quot;}\" data-widget_type=\"text-editor.default\">\n\t\t\t\t<div class=\"elementor-widget-container\">\n\t\t\t\t\t\t\t<p>This is the story of a unique prison. From May 8, 1945 to August 10, 1945, the main Nazi leaders were held in the greatest secrecy at Ashcan, a prison administered by the American army in Luxembourg: Goering, Doenitz, Keitel, Rosenberg, Ley, Frank, Streicher, Seyss-Inquart, Lutz von Krosigk, von Papen&#8230;<\/p>\t\t\t\t\t\t<\/div>\n\t\t\t\t<\/div>\n\t\t\t\t<div class=\"elementor-element elementor-element-fac0f29 elementor-invisible elementor-widget elementor-widget-text-editor\" data-id=\"fac0f29\" data-element_type=\"widget\" data-settings=\"{&quot;_animation&quot;:&quot;fadeInUp&quot;}\" data-widget_type=\"text-editor.default\">\n\t\t\t\t<div class=\"elementor-widget-container\">\n\t\t\t\t\t\t\t<p>Topics: World War II, Nazi Regime, Prison, Nazi Dignitaries, Testimony, Theater<\/p>\t\t\t\t\t\t<\/div>\n\t\t\t\t<\/div>\n\t\t\t\t<div class=\"elementor-element elementor-element-b1e1e15 elementor-widget__width-auto elementor-invisible elementor-widget elementor-widget-pelicula_core_button\" data-id=\"b1e1e15\" data-element_type=\"widget\" data-settings=\"{&quot;_animation&quot;:&quot;fadeInUp&quot;}\" data-widget_type=\"pelicula_core_button.default\">\n\t\t\t\t<div class=\"elementor-widget-container\">\n\t\t\t<a class=\"qodef-shortcode qodef-m  qodef-button qodef-layout--filled  qodef-html--link\" href=\"https:\/\/www.lesfilmsdelahttps:\/\/www.lesfilmsdelamemoire.be\/en\/films\/film-en-ashcan\/\" target=\"_self\" data-hover-color=\"#000000\" data-hover-background-color=\"#FFFFFF\" data-background-color=\"#000000\" style=\"background-color: #000000\">\n\t<span class=\"qodef-m-text\">Learn More<\/span>\n<\/a>\t\t<\/div>\n\t\t\t\t<\/div>\n\t\t\t\t\t<\/div>\n\t\t<\/div>\n\t\t\t\t\t\t\t<\/div>\n\t\t<\/section>\n\t\t\t\t<div class=\"elementor-element elementor-element-873eaa3 elementor-widget-divider--view-line elementor-widget elementor-widget-divider\" data-id=\"873eaa3\" data-element_type=\"widget\" data-widget_type=\"divider.default\">\n\t\t\t\t<div class=\"elementor-widget-container\">\n\t\t\t\t\t<div class=\"elementor-divider\">\n\t\t\t<span class=\"elementor-divider-separator\">\n\t\t\t\t\t\t<\/span>\n\t\t<\/div>\n\t\t\t\t<\/div>\n\t\t\t\t<\/div>\n\t\t\t\t<section class=\"elementor-section elementor-inner-section elementor-element elementor-element-4b6fe5d elementor-section-boxed elementor-section-height-default elementor-section-height-default qodef-elementor-content-no\" data-id=\"4b6fe5d\" data-element_type=\"section\">\n\t\t\t\t\t\t<div class=\"elementor-container elementor-column-gap-default\">\n\t\t\t\t\t<div class=\"elementor-column elementor-col-50 elementor-inner-column elementor-element elementor-element-1eeeaac\" data-id=\"1eeeaac\" data-element_type=\"column\">\n\t\t\t<div class=\"elementor-widget-wrap elementor-element-populated\">\n\t\t\t\t\t\t\t\t<div class=\"elementor-element elementor-element-e54eb5a elementor-invisible elementor-widget elementor-widget-image\" data-id=\"e54eb5a\" data-element_type=\"widget\" data-settings=\"{&quot;_animation&quot;:&quot;fadeInUp&quot;}\" data-widget_type=\"image.default\">\n\t\t\t\t<div class=\"elementor-widget-container\">\n\t\t\t\t\t\t\t\t\t\t\t\t\t\t\t<img loading=\"lazy\" decoding=\"async\" width=\"960\" height=\"540\" src=\"https:\/\/www.lesfilmsdelamemoire.be\/wp-content\/uploads\/2021\/06\/Codename-Ashcan-Featured-Image.jpg\" class=\"attachment-large size-large wp-image-6584\" alt=\"\" srcset=\"https:\/\/www.lesfilmsdelamemoire.be\/wp-content\/uploads\/2021\/06\/Codename-Ashcan-Featured-Image.jpg 960w, https:\/\/www.lesfilmsdelamemoire.be\/wp-content\/uploads\/2021\/06\/Codename-Ashcan-Featured-Image-300x169.jpg 300w, https:\/\/www.lesfilmsdelamemoire.be\/wp-content\/uploads\/2021\/06\/Codename-Ashcan-Featured-Image-768x432.jpg 768w, https:\/\/www.lesfilmsdelamemoire.be\/wp-content\/uploads\/2021\/06\/Codename-Ashcan-Featured-Image-600x338.jpg 600w\" sizes=\"auto, (max-width: 960px) 100vw, 960px\" \/>\t\t\t\t\t\t\t\t\t\t\t\t\t\t\t<\/div>\n\t\t\t\t<\/div>\n\t\t\t\t\t<\/div>\n\t\t<\/div>\n\t\t\t\t<div class=\"elementor-column elementor-col-50 elementor-inner-column elementor-element elementor-element-5322802\" data-id=\"5322802\" data-element_type=\"column\">\n\t\t\t<div class=\"elementor-widget-wrap elementor-element-populated\">\n\t\t\t\t\t\t\t\t<div class=\"elementor-element elementor-element-7c9607e elementor-invisible elementor-widget elementor-widget-heading\" data-id=\"7c9607e\" data-element_type=\"widget\" data-settings=\"{&quot;_animation&quot;:&quot;fadeInUp&quot;}\" data-widget_type=\"heading.default\">\n\t\t\t\t<div class=\"elementor-widget-container\">\n\t\t\t<h4 class=\"elementor-heading-title elementor-size-default\">Codename: Ashcan<\/h4>\t\t<\/div>\n\t\t\t\t<\/div>\n\t\t\t\t<div class=\"elementor-element elementor-element-1c5cc57 elementor-invisible elementor-widget elementor-widget-heading\" data-id=\"1c5cc57\" data-element_type=\"widget\" data-settings=\"{&quot;_animation&quot;:&quot;fadeInUp&quot;}\" data-widget_type=\"heading.default\">\n\t\t\t\t<div class=\"elementor-widget-container\">\n\t\t\t<h6 class=\"elementor-heading-title elementor-size-small\">2020<\/h6>\t\t<\/div>\n\t\t\t\t<\/div>\n\t\t\t\t<div class=\"elementor-element elementor-element-b333781 elementor-invisible elementor-widget elementor-widget-text-editor\" data-id=\"b333781\" data-element_type=\"widget\" data-settings=\"{&quot;_animation&quot;:&quot;fadeInUp&quot;}\" data-widget_type=\"text-editor.default\">\n\t\t\t\t<div class=\"elementor-widget-container\">\n\t\t\t\t\t\t\t<p>From May 8, 1945 to August 10, 1945, the main Nazi leaders were held at Ashcan, a secret prison in Luxembourg. This is the story of the metamorphosis of Nazi leaders from mere prisoners of war to those accused of the worst crimes in human history.<\/p>\t\t\t\t\t\t<\/div>\n\t\t\t\t<\/div>\n\t\t\t\t<div class=\"elementor-element elementor-element-c2f9e9c elementor-invisible elementor-widget elementor-widget-text-editor\" data-id=\"c2f9e9c\" data-element_type=\"widget\" data-settings=\"{&quot;_animation&quot;:&quot;fadeInUp&quot;}\" data-widget_type=\"text-editor.default\">\n\t\t\t\t<div class=\"elementor-widget-container\">\n\t\t\t\t\t\t\t<p>Topics: World War II, Nazi Regime, Prison, Nazi Dignitaries, Testimony, Theater<\/p>\t\t\t\t\t\t<\/div>\n\t\t\t\t<\/div>\n\t\t\t\t<div class=\"elementor-element elementor-element-0ac1b47 elementor-widget__width-auto elementor-invisible elementor-widget elementor-widget-pelicula_core_button\" data-id=\"0ac1b47\" data-element_type=\"widget\" data-settings=\"{&quot;_animation&quot;:&quot;fadeInUp&quot;}\" data-widget_type=\"pelicula_core_button.default\">\n\t\t\t\t<div class=\"elementor-widget-container\">\n\t\t\t<a class=\"qodef-shortcode qodef-m  qodef-button qodef-layout--filled  qodef-html--link\" href=\"https:\/\/www.lesfilmsdelamemoire.be\/en\/films\/codename-ashcan\/\" target=\"_self\" data-hover-color=\"#000000\" data-hover-background-color=\"#FFFFFF\" data-background-color=\"#000000\" style=\"background-color: #000000\">\n\t<span class=\"qodef-m-text\">Learn More<\/span>\n<\/a>\t\t<\/div>\n\t\t\t\t<\/div>\n\t\t\t\t\t<\/div>\n\t\t<\/div>\n\t\t\t\t\t\t\t<\/div>\n\t\t<\/section>\n\t\t\t\t<div class=\"elementor-element elementor-element-282ca56 elementor-widget-divider--view-line elementor-widget elementor-widget-divider\" data-id=\"282ca56\" data-element_type=\"widget\" data-widget_type=\"divider.default\">\n\t\t\t\t<div class=\"elementor-widget-container\">\n\t\t\t\t\t<div class=\"elementor-divider\">\n\t\t\t<span class=\"elementor-divider-separator\">\n\t\t\t\t\t\t<\/span>\n\t\t<\/div>\n\t\t\t\t<\/div>\n\t\t\t\t<\/div>\n\t\t\t\t<section class=\"elementor-section elementor-inner-section elementor-element elementor-element-7ff9347 elementor-section-boxed elementor-section-height-default elementor-section-height-default qodef-elementor-content-no\" data-id=\"7ff9347\" data-element_type=\"section\">\n\t\t\t\t\t\t<div class=\"elementor-container elementor-column-gap-default\">\n\t\t\t\t\t<div class=\"elementor-column elementor-col-50 elementor-inner-column elementor-element elementor-element-b09c6f9\" data-id=\"b09c6f9\" data-element_type=\"column\">\n\t\t\t<div class=\"elementor-widget-wrap elementor-element-populated\">\n\t\t\t\t\t\t\t\t<div class=\"elementor-element elementor-element-d57ed76 elementor-invisible elementor-widget elementor-widget-image\" data-id=\"d57ed76\" data-element_type=\"widget\" data-settings=\"{&quot;_animation&quot;:&quot;fadeInUp&quot;}\" data-widget_type=\"image.default\">\n\t\t\t\t<div class=\"elementor-widget-container\">\n\t\t\t\t\t\t\t\t\t\t\t\t\t\t\t<img loading=\"lazy\" decoding=\"async\" width=\"960\" height=\"540\" src=\"https:\/\/www.lesfilmsdelamemoire.be\/wp-content\/uploads\/2023\/01\/Concert-Featured-Image.jpg\" class=\"attachment-large size-large wp-image-6846\" alt=\"\" srcset=\"https:\/\/www.lesfilmsdelamemoire.be\/wp-content\/uploads\/2023\/01\/Concert-Featured-Image.jpg 960w, https:\/\/www.lesfilmsdelamemoire.be\/wp-content\/uploads\/2023\/01\/Concert-Featured-Image-300x169.jpg 300w, https:\/\/www.lesfilmsdelamemoire.be\/wp-content\/uploads\/2023\/01\/Concert-Featured-Image-768x432.jpg 768w, https:\/\/www.lesfilmsdelamemoire.be\/wp-content\/uploads\/2023\/01\/Concert-Featured-Image-600x338.jpg 600w\" sizes=\"auto, (max-width: 960px) 100vw, 960px\" \/>\t\t\t\t\t\t\t\t\t\t\t\t\t\t\t<\/div>\n\t\t\t\t<\/div>\n\t\t\t\t\t<\/div>\n\t\t<\/div>\n\t\t\t\t<div class=\"elementor-column elementor-col-50 elementor-inner-column elementor-element elementor-element-f1fef6a\" data-id=\"f1fef6a\" data-element_type=\"column\">\n\t\t\t<div class=\"elementor-widget-wrap elementor-element-populated\">\n\t\t\t\t\t\t\t\t<div class=\"elementor-element elementor-element-89e820e elementor-invisible elementor-widget elementor-widget-heading\" data-id=\"89e820e\" data-element_type=\"widget\" data-settings=\"{&quot;_animation&quot;:&quot;fadeInUp&quot;}\" data-widget_type=\"heading.default\">\n\t\t\t\t<div class=\"elementor-widget-container\">\n\t\t\t<h4 class=\"elementor-heading-title elementor-size-default\">Concert Yiddish Soul<\/h4>\t\t<\/div>\n\t\t\t\t<\/div>\n\t\t\t\t<div class=\"elementor-element elementor-element-42c2bee elementor-invisible elementor-widget elementor-widget-heading\" data-id=\"42c2bee\" data-element_type=\"widget\" data-settings=\"{&quot;_animation&quot;:&quot;fadeInUp&quot;}\" data-widget_type=\"heading.default\">\n\t\t\t\t<div class=\"elementor-widget-container\">\n\t\t\t<h6 class=\"elementor-heading-title elementor-size-small\">2006<\/h6>\t\t<\/div>\n\t\t\t\t<\/div>\n\t\t\t\t<div class=\"elementor-element elementor-element-ce2d7c5 elementor-invisible elementor-widget elementor-widget-text-editor\" data-id=\"ce2d7c5\" data-element_type=\"widget\" data-settings=\"{&quot;_animation&quot;:&quot;fadeInUp&quot;}\" data-widget_type=\"text-editor.default\">\n\t\t\t\t<div class=\"elementor-widget-container\">\n\t\t\t\t\t\t\t<p>The Concert Yiddish Soul on March 16, 2005 in Brussels embodies the renaissance of Yiddish song. Hosted by Myriam Fuks, Karsten Troyke, Shura Lipovsky and the KlezRoym revive an almost forgotten art form. Concert Yiddish Soul goes hand in hand with Yiddish Soul.<\/p>\t\t\t\t\t\t<\/div>\n\t\t\t\t<\/div>\n\t\t\t\t<div class=\"elementor-element elementor-element-131304e elementor-invisible elementor-widget elementor-widget-text-editor\" data-id=\"131304e\" data-element_type=\"widget\" data-settings=\"{&quot;_animation&quot;:&quot;fadeInUp&quot;}\" data-widget_type=\"text-editor.default\">\n\t\t\t\t<div class=\"elementor-widget-container\">\n\t\t\t\t\t\t\t<p>Topics: Music, Songs, Yiddish Jewish Culture, Concerts, Europe<\/p>\t\t\t\t\t\t<\/div>\n\t\t\t\t<\/div>\n\t\t\t\t<div class=\"elementor-element elementor-element-733daae elementor-widget__width-auto elementor-invisible elementor-widget elementor-widget-pelicula_core_button\" data-id=\"733daae\" data-element_type=\"widget\" data-settings=\"{&quot;_animation&quot;:&quot;fadeInUp&quot;}\" data-widget_type=\"pelicula_core_button.default\">\n\t\t\t\t<div class=\"elementor-widget-container\">\n\t\t\t<a class=\"qodef-shortcode qodef-m  qodef-button qodef-layout--filled  qodef-html--link\" href=\"https:\/\/www.lesfilmsdelamemoire.be\/en\/films\/concert-yiddish-soul\/\" target=\"_self\" data-hover-color=\"#000000\" data-hover-background-color=\"#FFFFFF\" data-background-color=\"#000000\" style=\"background-color: #000000\">\n\t<span class=\"qodef-m-text\">Learn More<\/span>\n<\/a>\t\t<\/div>\n\t\t\t\t<\/div>\n\t\t\t\t\t<\/div>\n\t\t<\/div>\n\t\t\t\t\t\t\t<\/div>\n\t\t<\/section>\n\t\t\t\t<div class=\"elementor-element elementor-element-a5662b7 elementor-widget-divider--view-line elementor-widget elementor-widget-divider\" data-id=\"a5662b7\" data-element_type=\"widget\" data-widget_type=\"divider.default\">\n\t\t\t\t<div class=\"elementor-widget-container\">\n\t\t\t\t\t<div class=\"elementor-divider\">\n\t\t\t<span class=\"elementor-divider-separator\">\n\t\t\t\t\t\t<\/span>\n\t\t<\/div>\n\t\t\t\t<\/div>\n\t\t\t\t<\/div>\n\t\t\t\t<section class=\"elementor-section elementor-inner-section elementor-element elementor-element-3de29ae elementor-section-boxed elementor-section-height-default elementor-section-height-default qodef-elementor-content-no\" data-id=\"3de29ae\" data-element_type=\"section\">\n\t\t\t\t\t\t<div class=\"elementor-container elementor-column-gap-default\">\n\t\t\t\t\t<div class=\"elementor-column elementor-col-50 elementor-inner-column elementor-element elementor-element-13ec38d\" data-id=\"13ec38d\" data-element_type=\"column\">\n\t\t\t<div class=\"elementor-widget-wrap elementor-element-populated\">\n\t\t\t\t\t\t\t\t<div class=\"elementor-element elementor-element-4c0280a elementor-invisible elementor-widget elementor-widget-image\" data-id=\"4c0280a\" data-element_type=\"widget\" data-settings=\"{&quot;_animation&quot;:&quot;fadeInUp&quot;}\" data-widget_type=\"image.default\">\n\t\t\t\t<div class=\"elementor-widget-container\">\n\t\t\t\t\t\t\t\t\t\t\t\t\t\t\t<img loading=\"lazy\" decoding=\"async\" width=\"960\" height=\"540\" src=\"https:\/\/www.lesfilmsdelamemoire.be\/wp-content\/uploads\/2023\/01\/David-Susskind-Featured-Image.jpg\" class=\"attachment-large size-large wp-image-6762\" alt=\"\" srcset=\"https:\/\/www.lesfilmsdelamemoire.be\/wp-content\/uploads\/2023\/01\/David-Susskind-Featured-Image.jpg 960w, https:\/\/www.lesfilmsdelamemoire.be\/wp-content\/uploads\/2023\/01\/David-Susskind-Featured-Image-300x169.jpg 300w, https:\/\/www.lesfilmsdelamemoire.be\/wp-content\/uploads\/2023\/01\/David-Susskind-Featured-Image-768x432.jpg 768w, https:\/\/www.lesfilmsdelamemoire.be\/wp-content\/uploads\/2023\/01\/David-Susskind-Featured-Image-600x338.jpg 600w\" sizes=\"auto, (max-width: 960px) 100vw, 960px\" \/>\t\t\t\t\t\t\t\t\t\t\t\t\t\t\t<\/div>\n\t\t\t\t<\/div>\n\t\t\t\t\t<\/div>\n\t\t<\/div>\n\t\t\t\t<div class=\"elementor-column elementor-col-50 elementor-inner-column elementor-element elementor-element-a677257\" data-id=\"a677257\" data-element_type=\"column\">\n\t\t\t<div class=\"elementor-widget-wrap elementor-element-populated\">\n\t\t\t\t\t\t\t\t<div class=\"elementor-element elementor-element-8b560b2 elementor-invisible elementor-widget elementor-widget-heading\" data-id=\"8b560b2\" data-element_type=\"widget\" data-settings=\"{&quot;_animation&quot;:&quot;fadeInUp&quot;}\" data-widget_type=\"heading.default\">\n\t\t\t\t<div class=\"elementor-widget-container\">\n\t\t\t<h4 class=\"elementor-heading-title elementor-size-default\">David Susskind<br>Story of a Mensch<\/h4>\t\t<\/div>\n\t\t\t\t<\/div>\n\t\t\t\t<div class=\"elementor-element elementor-element-21e1635 elementor-invisible elementor-widget elementor-widget-heading\" data-id=\"21e1635\" data-element_type=\"widget\" data-settings=\"{&quot;_animation&quot;:&quot;fadeInUp&quot;}\" data-widget_type=\"heading.default\">\n\t\t\t\t<div class=\"elementor-widget-container\">\n\t\t\t<h6 class=\"elementor-heading-title elementor-size-small\">2007<\/h6>\t\t<\/div>\n\t\t\t\t<\/div>\n\t\t\t\t<div class=\"elementor-element elementor-element-c8613db elementor-invisible elementor-widget elementor-widget-text-editor\" data-id=\"c8613db\" data-element_type=\"widget\" data-settings=\"{&quot;_animation&quot;:&quot;fadeInUp&quot;}\" data-widget_type=\"text-editor.default\">\n\t\t\t\t<div class=\"elementor-widget-container\">\n\t\t\t\t\t\t\t<p>Story of a Mensch is the portrait of David Susskind, player and witness to all the great struggles of Judaism over the last 60 years for Israel, for secular Judaism, for a solution of Peace between Israelis and Palestinians.<\/p>\t\t\t\t\t\t<\/div>\n\t\t\t\t<\/div>\n\t\t\t\t<div class=\"elementor-element elementor-element-569ddcd elementor-invisible elementor-widget elementor-widget-text-editor\" data-id=\"569ddcd\" data-element_type=\"widget\" data-settings=\"{&quot;_animation&quot;:&quot;fadeInUp&quot;}\" data-widget_type=\"text-editor.default\">\n\t\t\t\t<div class=\"elementor-widget-container\">\n\t\t\t\t\t\t\t<p>Topics: Portrait, Secular Judaism, Activism, Communism, Shoah Remembrance<\/p>\t\t\t\t\t\t<\/div>\n\t\t\t\t<\/div>\n\t\t\t\t<div class=\"elementor-element elementor-element-eb8af75 elementor-widget__width-auto elementor-invisible elementor-widget elementor-widget-pelicula_core_button\" data-id=\"eb8af75\" data-element_type=\"widget\" data-settings=\"{&quot;_animation&quot;:&quot;fadeInUp&quot;}\" data-widget_type=\"pelicula_core_button.default\">\n\t\t\t\t<div class=\"elementor-widget-container\">\n\t\t\t<a class=\"qodef-shortcode qodef-m  qodef-button qodef-layout--filled  qodef-html--link\" href=\"https:\/\/www.lesfilmsdelamemoire.be\/en\/films\/david-susskind-story-of-a-mensch\/\" target=\"_self\" data-hover-color=\"#000000\" data-hover-background-color=\"#FFFFFF\" data-background-color=\"#000000\" style=\"background-color: #000000\">\n\t<span class=\"qodef-m-text\">Learn More<\/span>\n<\/a>\t\t<\/div>\n\t\t\t\t<\/div>\n\t\t\t\t\t<\/div>\n\t\t<\/div>\n\t\t\t\t\t\t\t<\/div>\n\t\t<\/section>\n\t\t\t\t<div class=\"elementor-element elementor-element-c15ed5a elementor-widget-divider--view-line elementor-widget elementor-widget-divider\" data-id=\"c15ed5a\" data-element_type=\"widget\" data-widget_type=\"divider.default\">\n\t\t\t\t<div class=\"elementor-widget-container\">\n\t\t\t\t\t<div class=\"elementor-divider\">\n\t\t\t<span class=\"elementor-divider-separator\">\n\t\t\t\t\t\t<\/span>\n\t\t<\/div>\n\t\t\t\t<\/div>\n\t\t\t\t<\/div>\n\t\t\t\t<section class=\"elementor-section elementor-inner-section elementor-element elementor-element-461e783 elementor-section-boxed elementor-section-height-default elementor-section-height-default qodef-elementor-content-no\" data-id=\"461e783\" data-element_type=\"section\">\n\t\t\t\t\t\t<div class=\"elementor-container elementor-column-gap-default\">\n\t\t\t\t\t<div class=\"elementor-column elementor-col-50 elementor-inner-column elementor-element elementor-element-7b8b6e5\" data-id=\"7b8b6e5\" data-element_type=\"column\">\n\t\t\t<div class=\"elementor-widget-wrap elementor-element-populated\">\n\t\t\t\t\t\t\t\t<div class=\"elementor-element elementor-element-0ef7ed0 elementor-invisible elementor-widget elementor-widget-image\" data-id=\"0ef7ed0\" data-element_type=\"widget\" data-settings=\"{&quot;_animation&quot;:&quot;fadeInUp&quot;}\" data-widget_type=\"image.default\">\n\t\t\t\t<div class=\"elementor-widget-container\">\n\t\t\t\t\t\t\t\t\t\t\t\t\t\t\t<img loading=\"lazy\" decoding=\"async\" width=\"960\" height=\"540\" src=\"https:\/\/www.lesfilmsdelamemoire.be\/wp-content\/uploads\/2023\/01\/Survivre-a-Shanghai-Featured-Image.jpg\" class=\"attachment-large size-large wp-image-6787\" alt=\"\" srcset=\"https:\/\/www.lesfilmsdelamemoire.be\/wp-content\/uploads\/2023\/01\/Survivre-a-Shanghai-Featured-Image.jpg 960w, https:\/\/www.lesfilmsdelamemoire.be\/wp-content\/uploads\/2023\/01\/Survivre-a-Shanghai-Featured-Image-300x169.jpg 300w, https:\/\/www.lesfilmsdelamemoire.be\/wp-content\/uploads\/2023\/01\/Survivre-a-Shanghai-Featured-Image-768x432.jpg 768w, https:\/\/www.lesfilmsdelamemoire.be\/wp-content\/uploads\/2023\/01\/Survivre-a-Shanghai-Featured-Image-600x338.jpg 600w\" sizes=\"auto, (max-width: 960px) 100vw, 960px\" \/>\t\t\t\t\t\t\t\t\t\t\t\t\t\t\t<\/div>\n\t\t\t\t<\/div>\n\t\t\t\t\t<\/div>\n\t\t<\/div>\n\t\t\t\t<div class=\"elementor-column elementor-col-50 elementor-inner-column elementor-element elementor-element-c5d423b\" data-id=\"c5d423b\" data-element_type=\"column\">\n\t\t\t<div class=\"elementor-widget-wrap elementor-element-populated\">\n\t\t\t\t\t\t\t\t<div class=\"elementor-element elementor-element-37a75c7 elementor-invisible elementor-widget elementor-widget-heading\" data-id=\"37a75c7\" data-element_type=\"widget\" data-settings=\"{&quot;_animation&quot;:&quot;fadeInUp&quot;}\" data-widget_type=\"heading.default\">\n\t\t\t\t<div class=\"elementor-widget-container\">\n\t\t\t<h4 class=\"elementor-heading-title elementor-size-default\">Escape to the Rising Sun<\/h4>\t\t<\/div>\n\t\t\t\t<\/div>\n\t\t\t\t<div class=\"elementor-element elementor-element-03a917b elementor-invisible elementor-widget elementor-widget-heading\" data-id=\"03a917b\" data-element_type=\"widget\" data-settings=\"{&quot;_animation&quot;:&quot;fadeInUp&quot;}\" data-widget_type=\"heading.default\">\n\t\t\t\t<div class=\"elementor-widget-container\">\n\t\t\t<h6 class=\"elementor-heading-title elementor-size-small\">1990<\/h6>\t\t<\/div>\n\t\t\t\t<\/div>\n\t\t\t\t<div class=\"elementor-element elementor-element-85ae24f elementor-invisible elementor-widget elementor-widget-text-editor\" data-id=\"85ae24f\" data-element_type=\"widget\" data-settings=\"{&quot;_animation&quot;:&quot;fadeInUp&quot;}\" data-widget_type=\"text-editor.default\">\n\t\t\t\t<div class=\"elementor-widget-container\">\n\t\t\t\t\t\t\t<p>20,000 Jews fled Nazi persecution to find refuge in Shanghai, China. The film tells the story of the long exodus of 5,000 Jews who crossed the entire USSR and Japan before finally finding refuge in Shanghai.<\/p>\t\t\t\t\t\t<\/div>\n\t\t\t\t<\/div>\n\t\t\t\t<div class=\"elementor-element elementor-element-a2bad31 elementor-invisible elementor-widget elementor-widget-text-editor\" data-id=\"a2bad31\" data-element_type=\"widget\" data-settings=\"{&quot;_animation&quot;:&quot;fadeInUp&quot;}\" data-widget_type=\"text-editor.default\">\n\t\t\t\t<div class=\"elementor-widget-container\">\n\t\t\t\t\t\t\t<p>Topics: World War II, Shoah, Exile, Shanghai, Ghetto<\/p>\t\t\t\t\t\t<\/div>\n\t\t\t\t<\/div>\n\t\t\t\t<div class=\"elementor-element elementor-element-97f8a45 elementor-widget__width-auto elementor-invisible elementor-widget elementor-widget-pelicula_core_button\" data-id=\"97f8a45\" data-element_type=\"widget\" data-settings=\"{&quot;_animation&quot;:&quot;fadeInUp&quot;}\" data-widget_type=\"pelicula_core_button.default\">\n\t\t\t\t<div class=\"elementor-widget-container\">\n\t\t\t<a class=\"qodef-shortcode qodef-m  qodef-button qodef-layout--filled  qodef-html--link\" href=\"https:\/\/www.lesfilmsdelamemoire.be\/en\/films\/escape-to-the-rising-sun\/\" target=\"_self\" data-hover-color=\"#000000\" data-hover-background-color=\"#FFFFFF\" data-background-color=\"#000000\" style=\"background-color: #000000\">\n\t<span class=\"qodef-m-text\">Learn More<\/span>\n<\/a>\t\t<\/div>\n\t\t\t\t<\/div>\n\t\t\t\t\t<\/div>\n\t\t<\/div>\n\t\t\t\t\t\t\t<\/div>\n\t\t<\/section>\n\t\t\t\t<div class=\"elementor-element elementor-element-30f1a7a elementor-widget-divider--view-line elementor-widget elementor-widget-divider\" data-id=\"30f1a7a\" data-element_type=\"widget\" data-widget_type=\"divider.default\">\n\t\t\t\t<div class=\"elementor-widget-container\">\n\t\t\t\t\t<div class=\"elementor-divider\">\n\t\t\t<span class=\"elementor-divider-separator\">\n\t\t\t\t\t\t<\/span>\n\t\t<\/div>\n\t\t\t\t<\/div>\n\t\t\t\t<\/div>\n\t\t\t\t<section class=\"elementor-section elementor-inner-section elementor-element elementor-element-6080d4e elementor-section-boxed elementor-section-height-default elementor-section-height-default qodef-elementor-content-no\" data-id=\"6080d4e\" data-element_type=\"section\">\n\t\t\t\t\t\t<div class=\"elementor-container elementor-column-gap-default\">\n\t\t\t\t\t<div class=\"elementor-column elementor-col-50 elementor-inner-column elementor-element elementor-element-c15b094\" data-id=\"c15b094\" data-element_type=\"column\">\n\t\t\t<div class=\"elementor-widget-wrap elementor-element-populated\">\n\t\t\t\t\t\t\t\t<div class=\"elementor-element elementor-element-e9888eb elementor-invisible elementor-widget elementor-widget-image\" data-id=\"e9888eb\" data-element_type=\"widget\" data-settings=\"{&quot;_animation&quot;:&quot;fadeInUp&quot;}\" data-widget_type=\"image.default\">\n\t\t\t\t<div class=\"elementor-widget-container\">\n\t\t\t\t\t\t\t\t\t\t\t\t\t\t\t<img loading=\"lazy\" decoding=\"async\" width=\"960\" height=\"540\" src=\"https:\/\/www.lesfilmsdelamemoire.be\/wp-content\/uploads\/2023\/01\/Auschwitz-Jerusalem-Featured.jpg\" class=\"attachment-large size-large wp-image-6845\" alt=\"\" srcset=\"https:\/\/www.lesfilmsdelamemoire.be\/wp-content\/uploads\/2023\/01\/Auschwitz-Jerusalem-Featured.jpg 960w, https:\/\/www.lesfilmsdelamemoire.be\/wp-content\/uploads\/2023\/01\/Auschwitz-Jerusalem-Featured-300x169.jpg 300w, https:\/\/www.lesfilmsdelamemoire.be\/wp-content\/uploads\/2023\/01\/Auschwitz-Jerusalem-Featured-768x432.jpg 768w, https:\/\/www.lesfilmsdelamemoire.be\/wp-content\/uploads\/2023\/01\/Auschwitz-Jerusalem-Featured-600x338.jpg 600w\" sizes=\"auto, (max-width: 960px) 100vw, 960px\" \/>\t\t\t\t\t\t\t\t\t\t\t\t\t\t\t<\/div>\n\t\t\t\t<\/div>\n\t\t\t\t\t<\/div>\n\t\t<\/div>\n\t\t\t\t<div class=\"elementor-column elementor-col-50 elementor-inner-column elementor-element elementor-element-8d38fd9\" data-id=\"8d38fd9\" data-element_type=\"column\">\n\t\t\t<div class=\"elementor-widget-wrap elementor-element-populated\">\n\t\t\t\t\t\t\t\t<div class=\"elementor-element elementor-element-fb6f320 elementor-invisible elementor-widget elementor-widget-heading\" data-id=\"fb6f320\" data-element_type=\"widget\" data-settings=\"{&quot;_animation&quot;:&quot;fadeInUp&quot;}\" data-widget_type=\"heading.default\">\n\t\t\t\t<div class=\"elementor-widget-container\">\n\t\t\t<h4 class=\"elementor-heading-title elementor-size-default\">From Auschwitz to Jerusalem<\/h4>\t\t<\/div>\n\t\t\t\t<\/div>\n\t\t\t\t<div class=\"elementor-element elementor-element-a11b5b6 elementor-invisible elementor-widget elementor-widget-heading\" data-id=\"a11b5b6\" data-element_type=\"widget\" data-settings=\"{&quot;_animation&quot;:&quot;fadeInUp&quot;}\" data-widget_type=\"heading.default\">\n\t\t\t\t<div class=\"elementor-widget-container\">\n\t\t\t<h6 class=\"elementor-heading-title elementor-size-small\">1998<\/h6>\t\t<\/div>\n\t\t\t\t<\/div>\n\t\t\t\t<div class=\"elementor-element elementor-element-a302ccb elementor-invisible elementor-widget elementor-widget-text-editor\" data-id=\"a302ccb\" data-element_type=\"widget\" data-settings=\"{&quot;_animation&quot;:&quot;fadeInUp&quot;}\" data-widget_type=\"text-editor.default\">\n\t\t\t\t<div class=\"elementor-widget-container\">\n\t\t\t\t\t\t\t<p>This is the story of Jewish children hidden in Belgium to survive the genocide. After the war, they were orphaned and taken in by the Jewish Agency. They left clandestinely to emigrate to Palestine.<\/p>\t\t\t\t\t\t<\/div>\n\t\t\t\t<\/div>\n\t\t\t\t<div class=\"elementor-element elementor-element-ca869a7 elementor-invisible elementor-widget elementor-widget-text-editor\" data-id=\"ca869a7\" data-element_type=\"widget\" data-settings=\"{&quot;_animation&quot;:&quot;fadeInUp&quot;}\" data-widget_type=\"text-editor.default\">\n\t\t\t\t<div class=\"elementor-widget-container\">\n\t\t\t\t\t\t\t<p>Topics: Belgium, Hidden Children, Shoah, Judaism, Home, Travel, World War II<\/p>\t\t\t\t\t\t<\/div>\n\t\t\t\t<\/div>\n\t\t\t\t<div class=\"elementor-element elementor-element-47db1f7 elementor-widget__width-auto elementor-invisible elementor-widget elementor-widget-pelicula_core_button\" data-id=\"47db1f7\" data-element_type=\"widget\" data-settings=\"{&quot;_animation&quot;:&quot;fadeInUp&quot;}\" data-widget_type=\"pelicula_core_button.default\">\n\t\t\t\t<div class=\"elementor-widget-container\">\n\t\t\t<a class=\"qodef-shortcode qodef-m  qodef-button qodef-layout--filled  qodef-html--link\" href=\"https:\/\/www.lesfilmsdelamemoire.be\/en\/films\/from-auschwitz-to-jerusalem\/\" target=\"_self\" data-hover-color=\"#000000\" data-hover-background-color=\"#FFFFFF\" data-background-color=\"#000000\" style=\"background-color: #000000\">\n\t<span class=\"qodef-m-text\">Learn More<\/span>\n<\/a>\t\t<\/div>\n\t\t\t\t<\/div>\n\t\t\t\t\t<\/div>\n\t\t<\/div>\n\t\t\t\t\t\t\t<\/div>\n\t\t<\/section>\n\t\t\t\t<div class=\"elementor-element elementor-element-4557a99 elementor-widget-divider--view-line elementor-widget elementor-widget-divider\" data-id=\"4557a99\" data-element_type=\"widget\" data-widget_type=\"divider.default\">\n\t\t\t\t<div class=\"elementor-widget-container\">\n\t\t\t\t\t<div class=\"elementor-divider\">\n\t\t\t<span class=\"elementor-divider-separator\">\n\t\t\t\t\t\t<\/span>\n\t\t<\/div>\n\t\t\t\t<\/div>\n\t\t\t\t<\/div>\n\t\t\t\t<section class=\"elementor-section elementor-inner-section elementor-element elementor-element-a670c4f elementor-section-boxed elementor-section-height-default elementor-section-height-default qodef-elementor-content-no\" data-id=\"a670c4f\" data-element_type=\"section\">\n\t\t\t\t\t\t<div class=\"elementor-container elementor-column-gap-default\">\n\t\t\t\t\t<div class=\"elementor-column elementor-col-50 elementor-inner-column elementor-element elementor-element-1647a6d\" data-id=\"1647a6d\" data-element_type=\"column\">\n\t\t\t<div class=\"elementor-widget-wrap elementor-element-populated\">\n\t\t\t\t\t\t\t\t<div class=\"elementor-element elementor-element-e5e5a97 elementor-invisible elementor-widget elementor-widget-image\" data-id=\"e5e5a97\" data-element_type=\"widget\" data-settings=\"{&quot;_animation&quot;:&quot;fadeInUp&quot;}\" data-widget_type=\"image.default\">\n\t\t\t\t<div class=\"elementor-widget-container\">\n\t\t\t\t\t\t\t\t\t\t\t\t\t\t\t<img loading=\"lazy\" decoding=\"async\" width=\"960\" height=\"540\" src=\"https:\/\/www.lesfilmsdelamemoire.be\/wp-content\/uploads\/2023\/01\/Heim-ins-Reich-Featured-Image.jpg\" class=\"attachment-large size-large wp-image-6719\" alt=\"\" srcset=\"https:\/\/www.lesfilmsdelamemoire.be\/wp-content\/uploads\/2023\/01\/Heim-ins-Reich-Featured-Image.jpg 960w, https:\/\/www.lesfilmsdelamemoire.be\/wp-content\/uploads\/2023\/01\/Heim-ins-Reich-Featured-Image-300x169.jpg 300w, https:\/\/www.lesfilmsdelamemoire.be\/wp-content\/uploads\/2023\/01\/Heim-ins-Reich-Featured-Image-768x432.jpg 768w, https:\/\/www.lesfilmsdelamemoire.be\/wp-content\/uploads\/2023\/01\/Heim-ins-Reich-Featured-Image-600x338.jpg 600w\" sizes=\"auto, (max-width: 960px) 100vw, 960px\" \/>\t\t\t\t\t\t\t\t\t\t\t\t\t\t\t<\/div>\n\t\t\t\t<\/div>\n\t\t\t\t\t<\/div>\n\t\t<\/div>\n\t\t\t\t<div class=\"elementor-column elementor-col-50 elementor-inner-column elementor-element elementor-element-3192007\" data-id=\"3192007\" data-element_type=\"column\">\n\t\t\t<div class=\"elementor-widget-wrap elementor-element-populated\">\n\t\t\t\t\t\t\t\t<div class=\"elementor-element elementor-element-011203e elementor-invisible elementor-widget elementor-widget-heading\" data-id=\"011203e\" data-element_type=\"widget\" data-settings=\"{&quot;_animation&quot;:&quot;fadeInUp&quot;}\" data-widget_type=\"heading.default\">\n\t\t\t\t<div class=\"elementor-widget-container\">\n\t\t\t<h4 class=\"elementor-heading-title elementor-size-default\">Heim ins Reich<\/h4>\t\t<\/div>\n\t\t\t\t<\/div>\n\t\t\t\t<div class=\"elementor-element elementor-element-8d0a3a6 elementor-invisible elementor-widget elementor-widget-heading\" data-id=\"8d0a3a6\" data-element_type=\"widget\" data-settings=\"{&quot;_animation&quot;:&quot;fadeInUp&quot;}\" data-widget_type=\"heading.default\">\n\t\t\t\t<div class=\"elementor-widget-container\">\n\t\t\t<h6 class=\"elementor-heading-title elementor-size-small\">2004<\/h6>\t\t<\/div>\n\t\t\t\t<\/div>\n\t\t\t\t<div class=\"elementor-element elementor-element-7a5931f elementor-invisible elementor-widget elementor-widget-text-editor\" data-id=\"7a5931f\" data-element_type=\"widget\" data-settings=\"{&quot;_animation&quot;:&quot;fadeInUp&quot;}\" data-widget_type=\"text-editor.default\">\n\t\t\t\t<div class=\"elementor-widget-container\">\n\t\t\t\t\t\t\t<p>Heim ins Reich (&#8220;Back to the Reich&#8221;), recounts the failure of the annexation of the Grand Duchy of Luxembourg to Nazi Germany from 1940 to 1944.<\/p>\t\t\t\t\t\t<\/div>\n\t\t\t\t<\/div>\n\t\t\t\t<div class=\"elementor-element elementor-element-bbc3102 elementor-invisible elementor-widget elementor-widget-text-editor\" data-id=\"bbc3102\" data-element_type=\"widget\" data-settings=\"{&quot;_animation&quot;:&quot;fadeInUp&quot;}\" data-widget_type=\"text-editor.default\">\n\t\t\t\t<div class=\"elementor-widget-container\">\n\t\t\t\t\t\t\t<p>Topics: Second World War, Luxembourg, Occupation, Resistance, Collaboration, Shoah, Personal History<\/p>\t\t\t\t\t\t<\/div>\n\t\t\t\t<\/div>\n\t\t\t\t<div class=\"elementor-element elementor-element-3c296a9 elementor-widget__width-auto elementor-invisible elementor-widget elementor-widget-pelicula_core_button\" data-id=\"3c296a9\" data-element_type=\"widget\" data-settings=\"{&quot;_animation&quot;:&quot;fadeInUp&quot;}\" data-widget_type=\"pelicula_core_button.default\">\n\t\t\t\t<div class=\"elementor-widget-container\">\n\t\t\t<a class=\"qodef-shortcode qodef-m  qodef-button qodef-layout--filled  qodef-html--link\" href=\"https:\/\/www.lesfilmsdelamemoire.be\/en\/films\/heim-ins-reich\/\" target=\"_self\" data-hover-color=\"#000000\" data-hover-background-color=\"#FFFFFF\" data-background-color=\"#000000\" style=\"background-color: #000000\">\n\t<span class=\"qodef-m-text\">Learn More<\/span>\n<\/a>\t\t<\/div>\n\t\t\t\t<\/div>\n\t\t\t\t\t<\/div>\n\t\t<\/div>\n\t\t\t\t\t\t\t<\/div>\n\t\t<\/section>\n\t\t\t\t<div class=\"elementor-element elementor-element-6e62593 elementor-widget-divider--view-line elementor-widget elementor-widget-divider\" data-id=\"6e62593\" data-element_type=\"widget\" data-widget_type=\"divider.default\">\n\t\t\t\t<div class=\"elementor-widget-container\">\n\t\t\t\t\t<div class=\"elementor-divider\">\n\t\t\t<span class=\"elementor-divider-separator\">\n\t\t\t\t\t\t<\/span>\n\t\t<\/div>\n\t\t\t\t<\/div>\n\t\t\t\t<\/div>\n\t\t\t\t<section class=\"elementor-section elementor-inner-section elementor-element elementor-element-c1afdb7 elementor-section-boxed elementor-section-height-default elementor-section-height-default qodef-elementor-content-no\" data-id=\"c1afdb7\" data-element_type=\"section\">\n\t\t\t\t\t\t<div class=\"elementor-container elementor-column-gap-default\">\n\t\t\t\t\t<div class=\"elementor-column elementor-col-50 elementor-inner-column elementor-element elementor-element-6f85bf5\" data-id=\"6f85bf5\" data-element_type=\"column\">\n\t\t\t<div class=\"elementor-widget-wrap elementor-element-populated\">\n\t\t\t\t\t\t\t\t<div class=\"elementor-element elementor-element-f4e2209 elementor-invisible elementor-widget elementor-widget-image\" data-id=\"f4e2209\" data-element_type=\"widget\" data-settings=\"{&quot;_animation&quot;:&quot;fadeInUp&quot;}\" data-widget_type=\"image.default\">\n\t\t\t\t<div class=\"elementor-widget-container\">\n\t\t\t\t\t\t\t\t\t\t\t\t\t\t\t<img loading=\"lazy\" decoding=\"async\" width=\"960\" height=\"540\" src=\"https:\/\/www.lesfilmsdelamemoire.be\/wp-content\/uploads\/2021\/06\/Un-Simple-Maillon-Featured-Image.jpg\" class=\"attachment-large size-large wp-image-6626\" alt=\"\" srcset=\"https:\/\/www.lesfilmsdelamemoire.be\/wp-content\/uploads\/2021\/06\/Un-Simple-Maillon-Featured-Image.jpg 960w, https:\/\/www.lesfilmsdelamemoire.be\/wp-content\/uploads\/2021\/06\/Un-Simple-Maillon-Featured-Image-300x169.jpg 300w, https:\/\/www.lesfilmsdelamemoire.be\/wp-content\/uploads\/2021\/06\/Un-Simple-Maillon-Featured-Image-768x432.jpg 768w, https:\/\/www.lesfilmsdelamemoire.be\/wp-content\/uploads\/2021\/06\/Un-Simple-Maillon-Featured-Image-600x338.jpg 600w\" sizes=\"auto, (max-width: 960px) 100vw, 960px\" \/>\t\t\t\t\t\t\t\t\t\t\t\t\t\t\t<\/div>\n\t\t\t\t<\/div>\n\t\t\t\t\t<\/div>\n\t\t<\/div>\n\t\t\t\t<div class=\"elementor-column elementor-col-50 elementor-inner-column elementor-element elementor-element-ad40f37\" data-id=\"ad40f37\" data-element_type=\"column\">\n\t\t\t<div class=\"elementor-widget-wrap elementor-element-populated\">\n\t\t\t\t\t\t\t\t<div class=\"elementor-element elementor-element-cd44e35 elementor-invisible elementor-widget elementor-widget-heading\" data-id=\"cd44e35\" data-element_type=\"widget\" data-settings=\"{&quot;_animation&quot;:&quot;fadeInUp&quot;}\" data-widget_type=\"heading.default\">\n\t\t\t\t<div class=\"elementor-widget-container\">\n\t\t\t<h4 class=\"elementor-heading-title elementor-size-default\">Just A Link<\/h4>\t\t<\/div>\n\t\t\t\t<\/div>\n\t\t\t\t<div class=\"elementor-element elementor-element-654a62f elementor-invisible elementor-widget elementor-widget-heading\" data-id=\"654a62f\" data-element_type=\"widget\" data-settings=\"{&quot;_animation&quot;:&quot;fadeInUp&quot;}\" data-widget_type=\"heading.default\">\n\t\t\t\t<div class=\"elementor-widget-container\">\n\t\t\t<h6 class=\"elementor-heading-title elementor-size-small\">2003<\/h6>\t\t<\/div>\n\t\t\t\t<\/div>\n\t\t\t\t<div class=\"elementor-element elementor-element-9da7715 elementor-invisible elementor-widget elementor-widget-text-editor\" data-id=\"9da7715\" data-element_type=\"widget\" data-settings=\"{&quot;_animation&quot;:&quot;fadeInUp&quot;}\" data-widget_type=\"text-editor.default\">\n\t\t\t\t<div class=\"elementor-widget-container\">\n\t\t\t\t\t\t\t<p>A unique message of humanism and humanity from Resistance fighter Andr\u00e9e Geulen. The story of 12 women from the Comit\u00e9 de D\u00e9fense des Juifs, how they organized themselves in occupied Belgium to save thousands of children.<\/p>\t\t\t\t\t\t<\/div>\n\t\t\t\t<\/div>\n\t\t\t\t<div class=\"elementor-element elementor-element-b58189c elementor-invisible elementor-widget elementor-widget-text-editor\" data-id=\"b58189c\" data-element_type=\"widget\" data-settings=\"{&quot;_animation&quot;:&quot;fadeInUp&quot;}\" data-widget_type=\"text-editor.default\">\n\t\t\t\t<div class=\"elementor-widget-container\">\n\t\t\t\t\t\t\t<p>Topics: World War II, Belgium, Portrait, Shoah, Hidden Children, Resistance, Committee for the Defence of Jews<\/p>\t\t\t\t\t\t<\/div>\n\t\t\t\t<\/div>\n\t\t\t\t<div class=\"elementor-element elementor-element-e62b9f2 elementor-widget__width-auto elementor-invisible elementor-widget elementor-widget-pelicula_core_button\" data-id=\"e62b9f2\" data-element_type=\"widget\" data-settings=\"{&quot;_animation&quot;:&quot;fadeInUp&quot;}\" data-widget_type=\"pelicula_core_button.default\">\n\t\t\t\t<div class=\"elementor-widget-container\">\n\t\t\t<a class=\"qodef-shortcode qodef-m  qodef-button qodef-layout--filled  qodef-html--link\" href=\"https:\/\/www.lesfilmsdelamemoire.be\/en\/films\/just-a-link\/\" target=\"_self\" data-hover-color=\"#000000\" data-hover-background-color=\"#FFFFFF\" data-background-color=\"#000000\" style=\"background-color: #000000\">\n\t<span class=\"qodef-m-text\">Learn More<\/span>\n<\/a>\t\t<\/div>\n\t\t\t\t<\/div>\n\t\t\t\t\t<\/div>\n\t\t<\/div>\n\t\t\t\t\t\t\t<\/div>\n\t\t<\/section>\n\t\t\t\t<div class=\"elementor-element elementor-element-19d60a5 elementor-widget-divider--view-line elementor-widget elementor-widget-divider\" data-id=\"19d60a5\" data-element_type=\"widget\" data-widget_type=\"divider.default\">\n\t\t\t\t<div class=\"elementor-widget-container\">\n\t\t\t\t\t<div class=\"elementor-divider\">\n\t\t\t<span class=\"elementor-divider-separator\">\n\t\t\t\t\t\t<\/span>\n\t\t<\/div>\n\t\t\t\t<\/div>\n\t\t\t\t<\/div>\n\t\t\t\t<section class=\"elementor-section elementor-inner-section elementor-element elementor-element-5afc01c elementor-section-boxed elementor-section-height-default elementor-section-height-default qodef-elementor-content-no\" data-id=\"5afc01c\" data-element_type=\"section\">\n\t\t\t\t\t\t<div class=\"elementor-container elementor-column-gap-default\">\n\t\t\t\t\t<div class=\"elementor-column elementor-col-50 elementor-inner-column elementor-element elementor-element-1d79535\" data-id=\"1d79535\" data-element_type=\"column\">\n\t\t\t<div class=\"elementor-widget-wrap elementor-element-populated\">\n\t\t\t\t\t\t\t\t<div class=\"elementor-element elementor-element-250435c elementor-invisible elementor-widget elementor-widget-image\" data-id=\"250435c\" data-element_type=\"widget\" data-settings=\"{&quot;_animation&quot;:&quot;fadeInUp&quot;}\" data-widget_type=\"image.default\">\n\t\t\t\t<div class=\"elementor-widget-container\">\n\t\t\t\t\t\t\t\t\t\t\t\t\t\t\t<img loading=\"lazy\" decoding=\"async\" width=\"1024\" height=\"576\" src=\"https:\/\/www.lesfilmsdelamemoire.be\/wp-content\/uploads\/2021\/06\/Modus-Operandi-03-1024x576.jpg\" class=\"attachment-large size-large wp-image-6563\" alt=\"\" srcset=\"https:\/\/www.lesfilmsdelamemoire.be\/wp-content\/uploads\/2021\/06\/Modus-Operandi-03-1024x576.jpg 1024w, https:\/\/www.lesfilmsdelamemoire.be\/wp-content\/uploads\/2021\/06\/Modus-Operandi-03-300x169.jpg 300w, https:\/\/www.lesfilmsdelamemoire.be\/wp-content\/uploads\/2021\/06\/Modus-Operandi-03-768x432.jpg 768w, https:\/\/www.lesfilmsdelamemoire.be\/wp-content\/uploads\/2021\/06\/Modus-Operandi-03-1536x864.jpg 1536w, https:\/\/www.lesfilmsdelamemoire.be\/wp-content\/uploads\/2021\/06\/Modus-Operandi-03-600x338.jpg 600w, https:\/\/www.lesfilmsdelamemoire.be\/wp-content\/uploads\/2021\/06\/Modus-Operandi-03.jpg 1920w\" sizes=\"auto, (max-width: 1024px) 100vw, 1024px\" \/>\t\t\t\t\t\t\t\t\t\t\t\t\t\t\t<\/div>\n\t\t\t\t<\/div>\n\t\t\t\t\t<\/div>\n\t\t<\/div>\n\t\t\t\t<div class=\"elementor-column elementor-col-50 elementor-inner-column elementor-element elementor-element-9f6a0c5\" data-id=\"9f6a0c5\" data-element_type=\"column\">\n\t\t\t<div class=\"elementor-widget-wrap elementor-element-populated\">\n\t\t\t\t\t\t\t\t<div class=\"elementor-element elementor-element-d8c5788 elementor-invisible elementor-widget elementor-widget-heading\" data-id=\"d8c5788\" data-element_type=\"widget\" data-settings=\"{&quot;_animation&quot;:&quot;fadeInUp&quot;}\" data-widget_type=\"heading.default\">\n\t\t\t\t<div class=\"elementor-widget-container\">\n\t\t\t<h4 class=\"elementor-heading-title elementor-size-default\">Modus Operandi<\/h4>\t\t<\/div>\n\t\t\t\t<\/div>\n\t\t\t\t<div class=\"elementor-element elementor-element-8b77047 elementor-invisible elementor-widget elementor-widget-heading\" data-id=\"8b77047\" data-element_type=\"widget\" data-settings=\"{&quot;_animation&quot;:&quot;fadeInUp&quot;}\" data-widget_type=\"heading.default\">\n\t\t\t\t<div class=\"elementor-widget-container\">\n\t\t\t<h6 class=\"elementor-heading-title elementor-size-small\">2008<\/h6>\t\t<\/div>\n\t\t\t\t<\/div>\n\t\t\t\t<div class=\"elementor-element elementor-element-38bfe55 elementor-invisible elementor-widget elementor-widget-text-editor\" data-id=\"38bfe55\" data-element_type=\"widget\" data-settings=\"{&quot;_animation&quot;:&quot;fadeInUp&quot;}\" data-widget_type=\"text-editor.default\">\n\t\t\t\t<div class=\"elementor-widget-container\">\n\t\t\t\t\t\t\t<p>Between 1942 and 1944, 24,916 Jewish men, women and children were deported from Belgium to Auschwitz. Only 1,206 returned. Modus Operandi describes the operating mode of the genocide committed by the Nazis.<\/p>\t\t\t\t\t\t<\/div>\n\t\t\t\t<\/div>\n\t\t\t\t<div class=\"elementor-element elementor-element-eff7aa5 elementor-invisible elementor-widget elementor-widget-text-editor\" data-id=\"eff7aa5\" data-element_type=\"widget\" data-settings=\"{&quot;_animation&quot;:&quot;fadeInUp&quot;}\" data-widget_type=\"text-editor.default\">\n\t\t\t\t<div class=\"elementor-widget-container\">\n\t\t\t\t\t\t\t<p>Topics: Belgium, Shoah, Repression, Occupation, Testimonies, World War II<\/p>\t\t\t\t\t\t<\/div>\n\t\t\t\t<\/div>\n\t\t\t\t<div class=\"elementor-element elementor-element-0ca743b elementor-widget__width-auto elementor-invisible elementor-widget elementor-widget-pelicula_core_button\" data-id=\"0ca743b\" data-element_type=\"widget\" data-settings=\"{&quot;_animation&quot;:&quot;fadeInUp&quot;}\" data-widget_type=\"pelicula_core_button.default\">\n\t\t\t\t<div class=\"elementor-widget-container\">\n\t\t\t<a class=\"qodef-shortcode qodef-m  qodef-button qodef-layout--filled  qodef-html--link\" href=\"https:\/\/www.lesfilmsdelamemoire.be\/en\/films\/modus-operandi\/\" target=\"_self\" data-hover-color=\"#000000\" data-hover-background-color=\"#FFFFFF\" data-background-color=\"#000000\" style=\"background-color: #000000\">\n\t<span class=\"qodef-m-text\">Learn More<\/span>\n<\/a>\t\t<\/div>\n\t\t\t\t<\/div>\n\t\t\t\t\t<\/div>\n\t\t<\/div>\n\t\t\t\t\t\t\t<\/div>\n\t\t<\/section>\n\t\t\t\t<div class=\"elementor-element elementor-element-73091ca elementor-widget-divider--view-line elementor-widget elementor-widget-divider\" data-id=\"73091ca\" data-element_type=\"widget\" data-widget_type=\"divider.default\">\n\t\t\t\t<div class=\"elementor-widget-container\">\n\t\t\t\t\t<div class=\"elementor-divider\">\n\t\t\t<span class=\"elementor-divider-separator\">\n\t\t\t\t\t\t<\/span>\n\t\t<\/div>\n\t\t\t\t<\/div>\n\t\t\t\t<\/div>\n\t\t\t\t<section class=\"elementor-section elementor-inner-section elementor-element elementor-element-06a9710 elementor-section-boxed elementor-section-height-default elementor-section-height-default qodef-elementor-content-no\" data-id=\"06a9710\" data-element_type=\"section\">\n\t\t\t\t\t\t<div class=\"elementor-container elementor-column-gap-default\">\n\t\t\t\t\t<div class=\"elementor-column elementor-col-50 elementor-inner-column elementor-element elementor-element-fc37286\" data-id=\"fc37286\" data-element_type=\"column\">\n\t\t\t<div class=\"elementor-widget-wrap elementor-element-populated\">\n\t\t\t\t\t\t\t\t<div class=\"elementor-element elementor-element-7a82ac0 elementor-invisible elementor-widget elementor-widget-image\" data-id=\"7a82ac0\" data-element_type=\"widget\" data-settings=\"{&quot;_animation&quot;:&quot;fadeInUp&quot;}\" data-widget_type=\"image.default\">\n\t\t\t\t<div class=\"elementor-widget-container\">\n\t\t\t\t\t\t\t\t\t\t\t\t\t\t\t<img loading=\"lazy\" decoding=\"async\" width=\"960\" height=\"540\" src=\"https:\/\/www.lesfilmsdelamemoire.be\/wp-content\/uploads\/2023\/01\/Brigade-Featured-Image.jpg\" class=\"attachment-large size-large wp-image-6732\" alt=\"\" srcset=\"https:\/\/www.lesfilmsdelamemoire.be\/wp-content\/uploads\/2023\/01\/Brigade-Featured-Image.jpg 960w, https:\/\/www.lesfilmsdelamemoire.be\/wp-content\/uploads\/2023\/01\/Brigade-Featured-Image-300x169.jpg 300w, https:\/\/www.lesfilmsdelamemoire.be\/wp-content\/uploads\/2023\/01\/Brigade-Featured-Image-768x432.jpg 768w, https:\/\/www.lesfilmsdelamemoire.be\/wp-content\/uploads\/2023\/01\/Brigade-Featured-Image-600x338.jpg 600w\" sizes=\"auto, (max-width: 960px) 100vw, 960px\" \/>\t\t\t\t\t\t\t\t\t\t\t\t\t\t\t<\/div>\n\t\t\t\t<\/div>\n\t\t\t\t\t<\/div>\n\t\t<\/div>\n\t\t\t\t<div class=\"elementor-column elementor-col-50 elementor-inner-column elementor-element elementor-element-33f5d52\" data-id=\"33f5d52\" data-element_type=\"column\">\n\t\t\t<div class=\"elementor-widget-wrap elementor-element-populated\">\n\t\t\t\t\t\t\t\t<div class=\"elementor-element elementor-element-bf69a4a elementor-invisible elementor-widget elementor-widget-heading\" data-id=\"bf69a4a\" data-element_type=\"widget\" data-settings=\"{&quot;_animation&quot;:&quot;fadeInUp&quot;}\" data-widget_type=\"heading.default\">\n\t\t\t\t<div class=\"elementor-widget-container\">\n\t\t\t<h4 class=\"elementor-heading-title elementor-size-default\">The Paper Brigade<\/h4>\t\t<\/div>\n\t\t\t\t<\/div>\n\t\t\t\t<div class=\"elementor-element elementor-element-fc1c7a4 elementor-invisible elementor-widget elementor-widget-heading\" data-id=\"fc1c7a4\" data-element_type=\"widget\" data-settings=\"{&quot;_animation&quot;:&quot;fadeInUp&quot;}\" data-widget_type=\"heading.default\">\n\t\t\t\t<div class=\"elementor-widget-container\">\n\t\t\t<h6 class=\"elementor-heading-title elementor-size-small\">2018<\/h6>\t\t<\/div>\n\t\t\t\t<\/div>\n\t\t\t\t<div class=\"elementor-element elementor-element-f3e2a40 elementor-invisible elementor-widget elementor-widget-text-editor\" data-id=\"f3e2a40\" data-element_type=\"widget\" data-settings=\"{&quot;_animation&quot;:&quot;fadeInUp&quot;}\" data-widget_type=\"text-editor.default\">\n\t\t\t\t<div class=\"elementor-widget-container\">\n\t\t\t\t\t\t\t<p>Saving the books! During the Nazi occupation of Vilnius, Lithuania, 40 Jewish poets, writers and intellectuals risked their lives to fight the Shoah of culture. They succeeded in saving tens of thousands of books.<\/p>\t\t\t\t\t\t<\/div>\n\t\t\t\t<\/div>\n\t\t\t\t<div class=\"elementor-element elementor-element-df5a879 elementor-invisible elementor-widget elementor-widget-text-editor\" data-id=\"df5a879\" data-element_type=\"widget\" data-settings=\"{&quot;_animation&quot;:&quot;fadeInUp&quot;}\" data-widget_type=\"text-editor.default\">\n\t\t\t\t<div class=\"elementor-widget-container\">\n\t\t\t\t\t\t\t<p>Topics: World War II, Vilna, Shoah, Occupation, Resistance, Yiddish Culture, Ghetto, Books<\/p>\t\t\t\t\t\t<\/div>\n\t\t\t\t<\/div>\n\t\t\t\t<div class=\"elementor-element elementor-element-e963d30 elementor-widget__width-auto elementor-invisible elementor-widget elementor-widget-pelicula_core_button\" data-id=\"e963d30\" data-element_type=\"widget\" data-settings=\"{&quot;_animation&quot;:&quot;fadeInUp&quot;}\" data-widget_type=\"pelicula_core_button.default\">\n\t\t\t\t<div class=\"elementor-widget-container\">\n\t\t\t<a class=\"qodef-shortcode qodef-m  qodef-button qodef-layout--filled  qodef-html--link\" href=\"https:\/\/www.lesfilmsdelamemoire.be\/en\/films\/the-paper-brigade\/\" target=\"_self\" data-hover-color=\"#000000\" data-hover-background-color=\"#FFFFFF\" data-background-color=\"#000000\" style=\"background-color: #000000\">\n\t<span class=\"qodef-m-text\">Learn More<\/span>\n<\/a>\t\t<\/div>\n\t\t\t\t<\/div>\n\t\t\t\t\t<\/div>\n\t\t<\/div>\n\t\t\t\t\t\t\t<\/div>\n\t\t<\/section>\n\t\t\t\t<div class=\"elementor-element elementor-element-bd3ebb0 elementor-widget-divider--view-line elementor-widget elementor-widget-divider\" data-id=\"bd3ebb0\" data-element_type=\"widget\" data-widget_type=\"divider.default\">\n\t\t\t\t<div class=\"elementor-widget-container\">\n\t\t\t\t\t<div class=\"elementor-divider\">\n\t\t\t<span class=\"elementor-divider-separator\">\n\t\t\t\t\t\t<\/span>\n\t\t<\/div>\n\t\t\t\t<\/div>\n\t\t\t\t<\/div>\n\t\t\t\t<section class=\"elementor-section elementor-inner-section elementor-element elementor-element-c266d02 elementor-section-boxed elementor-section-height-default elementor-section-height-default qodef-elementor-content-no\" data-id=\"c266d02\" data-element_type=\"section\">\n\t\t\t\t\t\t<div class=\"elementor-container elementor-column-gap-default\">\n\t\t\t\t\t<div class=\"elementor-column elementor-col-50 elementor-inner-column elementor-element elementor-element-209b023\" data-id=\"209b023\" data-element_type=\"column\">\n\t\t\t<div class=\"elementor-widget-wrap elementor-element-populated\">\n\t\t\t\t\t\t\t\t<div class=\"elementor-element elementor-element-8b6226e elementor-invisible elementor-widget elementor-widget-image\" data-id=\"8b6226e\" data-element_type=\"widget\" data-settings=\"{&quot;_animation&quot;:&quot;fadeInUp&quot;}\" data-widget_type=\"image.default\">\n\t\t\t\t<div class=\"elementor-widget-container\">\n\t\t\t\t\t\t\t\t\t\t\t\t\t\t\t<img loading=\"lazy\" decoding=\"async\" width=\"960\" height=\"540\" src=\"https:\/\/www.lesfilmsdelamemoire.be\/wp-content\/uploads\/2023\/01\/Paul-et-Sophie-Featured-Image.jpg\" class=\"attachment-large size-large wp-image-6784\" alt=\"\" srcset=\"https:\/\/www.lesfilmsdelamemoire.be\/wp-content\/uploads\/2023\/01\/Paul-et-Sophie-Featured-Image.jpg 960w, https:\/\/www.lesfilmsdelamemoire.be\/wp-content\/uploads\/2023\/01\/Paul-et-Sophie-Featured-Image-300x169.jpg 300w, https:\/\/www.lesfilmsdelamemoire.be\/wp-content\/uploads\/2023\/01\/Paul-et-Sophie-Featured-Image-768x432.jpg 768w, https:\/\/www.lesfilmsdelamemoire.be\/wp-content\/uploads\/2023\/01\/Paul-et-Sophie-Featured-Image-600x338.jpg 600w\" sizes=\"auto, (max-width: 960px) 100vw, 960px\" \/>\t\t\t\t\t\t\t\t\t\t\t\t\t\t\t<\/div>\n\t\t\t\t<\/div>\n\t\t\t\t\t<\/div>\n\t\t<\/div>\n\t\t\t\t<div class=\"elementor-column elementor-col-50 elementor-inner-column elementor-element elementor-element-40dbf4d\" data-id=\"40dbf4d\" data-element_type=\"column\">\n\t\t\t<div class=\"elementor-widget-wrap elementor-element-populated\">\n\t\t\t\t\t\t\t\t<div class=\"elementor-element elementor-element-3f44a03 elementor-invisible elementor-widget elementor-widget-heading\" data-id=\"3f44a03\" data-element_type=\"widget\" data-settings=\"{&quot;_animation&quot;:&quot;fadeInUp&quot;}\" data-widget_type=\"heading.default\">\n\t\t\t\t<div class=\"elementor-widget-container\">\n\t\t\t<h4 class=\"elementor-heading-title elementor-size-default\">Paul & Sophie<\/h4>\t\t<\/div>\n\t\t\t\t<\/div>\n\t\t\t\t<div class=\"elementor-element elementor-element-8b73973 elementor-invisible elementor-widget elementor-widget-heading\" data-id=\"8b73973\" data-element_type=\"widget\" data-settings=\"{&quot;_animation&quot;:&quot;fadeInUp&quot;}\" data-widget_type=\"heading.default\">\n\t\t\t\t<div class=\"elementor-widget-container\">\n\t\t\t<h6 class=\"elementor-heading-title elementor-size-small\">2013<\/h6>\t\t<\/div>\n\t\t\t\t<\/div>\n\t\t\t\t<div class=\"elementor-element elementor-element-2a21de9 elementor-invisible elementor-widget elementor-widget-text-editor\" data-id=\"2a21de9\" data-element_type=\"widget\" data-settings=\"{&quot;_animation&quot;:&quot;fadeInUp&quot;}\" data-widget_type=\"text-editor.default\">\n\t\t\t\t<div class=\"elementor-widget-container\">\n\t\t\t\t\t\t\t<p>Sophie Rechtman and Paul Sobol are two survivors of the Holocaust, she a hidden child and he a deportee to Auschwitz. Both tell their stories.<\/p>\t\t\t\t\t\t<\/div>\n\t\t\t\t<\/div>\n\t\t\t\t<div class=\"elementor-element elementor-element-3a37b68 elementor-invisible elementor-widget elementor-widget-text-editor\" data-id=\"3a37b68\" data-element_type=\"widget\" data-settings=\"{&quot;_animation&quot;:&quot;fadeInUp&quot;}\" data-widget_type=\"text-editor.default\">\n\t\t\t\t<div class=\"elementor-widget-container\">\n\t\t\t\t\t\t\t<p>Topics: World War II, Belgium, Shoah, Hidden Children, Deportations, Auschwitz, Testimonies<\/p>\t\t\t\t\t\t<\/div>\n\t\t\t\t<\/div>\n\t\t\t\t<div class=\"elementor-element elementor-element-3b53c5d elementor-widget__width-auto elementor-invisible elementor-widget elementor-widget-pelicula_core_button\" data-id=\"3b53c5d\" data-element_type=\"widget\" data-settings=\"{&quot;_animation&quot;:&quot;fadeInUp&quot;}\" data-widget_type=\"pelicula_core_button.default\">\n\t\t\t\t<div class=\"elementor-widget-container\">\n\t\t\t<a class=\"qodef-shortcode qodef-m  qodef-button qodef-layout--filled  qodef-html--link\" href=\"https:\/\/www.lesfilmsdelamemoire.be\/en\/films\/paul-and-sophie\/\" target=\"_self\" data-hover-color=\"#000000\" data-hover-background-color=\"#FFFFFF\" data-background-color=\"#000000\" style=\"background-color: #000000\">\n\t<span class=\"qodef-m-text\">Learn More<\/span>\n<\/a>\t\t<\/div>\n\t\t\t\t<\/div>\n\t\t\t\t\t<\/div>\n\t\t<\/div>\n\t\t\t\t\t\t\t<\/div>\n\t\t<\/section>\n\t\t\t\t<div class=\"elementor-element elementor-element-35399b5 elementor-widget-divider--view-line elementor-widget elementor-widget-divider\" data-id=\"35399b5\" data-element_type=\"widget\" data-widget_type=\"divider.default\">\n\t\t\t\t<div class=\"elementor-widget-container\">\n\t\t\t\t\t<div class=\"elementor-divider\">\n\t\t\t<span class=\"elementor-divider-separator\">\n\t\t\t\t\t\t<\/span>\n\t\t<\/div>\n\t\t\t\t<\/div>\n\t\t\t\t<\/div>\n\t\t\t\t<section class=\"elementor-section elementor-inner-section elementor-element elementor-element-e826eaf elementor-section-boxed elementor-section-height-default elementor-section-height-default qodef-elementor-content-no\" data-id=\"e826eaf\" data-element_type=\"section\">\n\t\t\t\t\t\t<div class=\"elementor-container elementor-column-gap-default\">\n\t\t\t\t\t<div class=\"elementor-column elementor-col-50 elementor-inner-column elementor-element elementor-element-d7b5a88\" data-id=\"d7b5a88\" data-element_type=\"column\">\n\t\t\t<div class=\"elementor-widget-wrap elementor-element-populated\">\n\t\t\t\t\t\t\t\t<div class=\"elementor-element elementor-element-663ed82 elementor-invisible elementor-widget elementor-widget-image\" data-id=\"663ed82\" data-element_type=\"widget\" data-settings=\"{&quot;_animation&quot;:&quot;fadeInUp&quot;}\" data-widget_type=\"image.default\">\n\t\t\t\t<div class=\"elementor-widget-container\">\n\t\t\t\t\t\t\t\t\t\t\t\t\t\t\t<img loading=\"lazy\" decoding=\"async\" width=\"960\" height=\"540\" src=\"https:\/\/www.lesfilmsdelamemoire.be\/wp-content\/uploads\/2023\/01\/Rhodes-Nostalgies-Featured-Image.jpg\" class=\"attachment-large size-large wp-image-6848\" alt=\"\" srcset=\"https:\/\/www.lesfilmsdelamemoire.be\/wp-content\/uploads\/2023\/01\/Rhodes-Nostalgies-Featured-Image.jpg 960w, https:\/\/www.lesfilmsdelamemoire.be\/wp-content\/uploads\/2023\/01\/Rhodes-Nostalgies-Featured-Image-300x169.jpg 300w, https:\/\/www.lesfilmsdelamemoire.be\/wp-content\/uploads\/2023\/01\/Rhodes-Nostalgies-Featured-Image-768x432.jpg 768w, https:\/\/www.lesfilmsdelamemoire.be\/wp-content\/uploads\/2023\/01\/Rhodes-Nostalgies-Featured-Image-600x338.jpg 600w\" sizes=\"auto, (max-width: 960px) 100vw, 960px\" \/>\t\t\t\t\t\t\t\t\t\t\t\t\t\t\t<\/div>\n\t\t\t\t<\/div>\n\t\t\t\t\t<\/div>\n\t\t<\/div>\n\t\t\t\t<div class=\"elementor-column elementor-col-50 elementor-inner-column elementor-element elementor-element-59e2c1a\" data-id=\"59e2c1a\" data-element_type=\"column\">\n\t\t\t<div class=\"elementor-widget-wrap elementor-element-populated\">\n\t\t\t\t\t\t\t\t<div class=\"elementor-element elementor-element-ccdc852 elementor-invisible elementor-widget elementor-widget-heading\" data-id=\"ccdc852\" data-element_type=\"widget\" data-settings=\"{&quot;_animation&quot;:&quot;fadeInUp&quot;}\" data-widget_type=\"heading.default\">\n\t\t\t\t<div class=\"elementor-widget-container\">\n\t\t\t<h4 class=\"elementor-heading-title elementor-size-default\">Rhodes Forever<\/h4>\t\t<\/div>\n\t\t\t\t<\/div>\n\t\t\t\t<div class=\"elementor-element elementor-element-26eba1f elementor-invisible elementor-widget elementor-widget-heading\" data-id=\"26eba1f\" data-element_type=\"widget\" data-settings=\"{&quot;_animation&quot;:&quot;fadeInUp&quot;}\" data-widget_type=\"heading.default\">\n\t\t\t\t<div class=\"elementor-widget-container\">\n\t\t\t<h6 class=\"elementor-heading-title elementor-size-small\">1995<\/h6>\t\t<\/div>\n\t\t\t\t<\/div>\n\t\t\t\t<div class=\"elementor-element elementor-element-0a55896 elementor-invisible elementor-widget elementor-widget-text-editor\" data-id=\"0a55896\" data-element_type=\"widget\" data-settings=\"{&quot;_animation&quot;:&quot;fadeInUp&quot;}\" data-widget_type=\"text-editor.default\">\n\t\t\t\t<div class=\"elementor-widget-container\">\n\t\t\t\t\t\t\t<p>It&#8217;s a contemporary portrait, weaving imaginary family ties between the Jews of Rhodes and their descendants. The film recounts the survival of this community marked by the Shoah and its revival in the Belgian Congo.<\/p>\t\t\t\t\t\t<\/div>\n\t\t\t\t<\/div>\n\t\t\t\t<div class=\"elementor-element elementor-element-e8ae661 elementor-invisible elementor-widget elementor-widget-text-editor\" data-id=\"e8ae661\" data-element_type=\"widget\" data-settings=\"{&quot;_animation&quot;:&quot;fadeInUp&quot;}\" data-widget_type=\"text-editor.default\">\n\t\t\t\t<div class=\"elementor-widget-container\">\n\t\t\t\t\t\t\t<p>Topics: Jewish Community, Sephardic Jews, Rhodes, Migration, World War II, Shoah, Deportation, Testimonies<\/p>\t\t\t\t\t\t<\/div>\n\t\t\t\t<\/div>\n\t\t\t\t<div class=\"elementor-element elementor-element-9ba6ec3 elementor-widget__width-auto elementor-invisible elementor-widget elementor-widget-pelicula_core_button\" data-id=\"9ba6ec3\" data-element_type=\"widget\" data-settings=\"{&quot;_animation&quot;:&quot;fadeInUp&quot;}\" data-widget_type=\"pelicula_core_button.default\">\n\t\t\t\t<div class=\"elementor-widget-container\">\n\t\t\t<a class=\"qodef-shortcode qodef-m  qodef-button qodef-layout--filled  qodef-html--link\" href=\"https:\/\/www.lesfilmsdelamemoire.be\/en\/films\/rhodes-forever\/\" target=\"_self\" data-hover-color=\"#000000\" data-hover-background-color=\"#FFFFFF\" data-background-color=\"#000000\" style=\"background-color: #000000\">\n\t<span class=\"qodef-m-text\">Learn More<\/span>\n<\/a>\t\t<\/div>\n\t\t\t\t<\/div>\n\t\t\t\t\t<\/div>\n\t\t<\/div>\n\t\t\t\t\t\t\t<\/div>\n\t\t<\/section>\n\t\t\t\t<div class=\"elementor-element elementor-element-e19b655 elementor-widget-divider--view-line elementor-widget elementor-widget-divider\" data-id=\"e19b655\" data-element_type=\"widget\" data-widget_type=\"divider.default\">\n\t\t\t\t<div class=\"elementor-widget-container\">\n\t\t\t\t\t<div class=\"elementor-divider\">\n\t\t\t<span class=\"elementor-divider-separator\">\n\t\t\t\t\t\t<\/span>\n\t\t<\/div>\n\t\t\t\t<\/div>\n\t\t\t\t<\/div>\n\t\t\t\t<section class=\"elementor-section elementor-inner-section elementor-element elementor-element-ab561ad elementor-section-boxed elementor-section-height-default elementor-section-height-default qodef-elementor-content-no\" data-id=\"ab561ad\" data-element_type=\"section\">\n\t\t\t\t\t\t<div class=\"elementor-container elementor-column-gap-default\">\n\t\t\t\t\t<div class=\"elementor-column elementor-col-50 elementor-inner-column elementor-element elementor-element-1a7ace5\" data-id=\"1a7ace5\" data-element_type=\"column\">\n\t\t\t<div class=\"elementor-widget-wrap elementor-element-populated\">\n\t\t\t\t\t\t\t\t<div class=\"elementor-element elementor-element-f73406a elementor-invisible elementor-widget elementor-widget-image\" data-id=\"f73406a\" data-element_type=\"widget\" data-settings=\"{&quot;_animation&quot;:&quot;fadeInUp&quot;}\" data-widget_type=\"image.default\">\n\t\t\t\t<div class=\"elementor-widget-container\">\n\t\t\t\t\t\t\t\t\t\t\t\t\t\t\t<img loading=\"lazy\" decoding=\"async\" width=\"960\" height=\"540\" src=\"https:\/\/www.lesfilmsdelamemoire.be\/wp-content\/uploads\/2023\/01\/Royals-Featured-Image.jpg\" class=\"attachment-large size-large wp-image-6850\" alt=\"\" srcset=\"https:\/\/www.lesfilmsdelamemoire.be\/wp-content\/uploads\/2023\/01\/Royals-Featured-Image.jpg 960w, https:\/\/www.lesfilmsdelamemoire.be\/wp-content\/uploads\/2023\/01\/Royals-Featured-Image-300x169.jpg 300w, https:\/\/www.lesfilmsdelamemoire.be\/wp-content\/uploads\/2023\/01\/Royals-Featured-Image-768x432.jpg 768w, https:\/\/www.lesfilmsdelamemoire.be\/wp-content\/uploads\/2023\/01\/Royals-Featured-Image-600x338.jpg 600w\" sizes=\"auto, (max-width: 960px) 100vw, 960px\" \/>\t\t\t\t\t\t\t\t\t\t\t\t\t\t\t<\/div>\n\t\t\t\t<\/div>\n\t\t\t\t\t<\/div>\n\t\t<\/div>\n\t\t\t\t<div class=\"elementor-column elementor-col-50 elementor-inner-column elementor-element elementor-element-a4fdcae\" data-id=\"a4fdcae\" data-element_type=\"column\">\n\t\t\t<div class=\"elementor-widget-wrap elementor-element-populated\">\n\t\t\t\t\t\t\t\t<div class=\"elementor-element elementor-element-ff764fa elementor-invisible elementor-widget elementor-widget-heading\" data-id=\"ff764fa\" data-element_type=\"widget\" data-settings=\"{&quot;_animation&quot;:&quot;fadeInUp&quot;}\" data-widget_type=\"heading.default\">\n\t\t\t\t<div class=\"elementor-widget-container\">\n\t\t\t<h4 class=\"elementor-heading-title elementor-size-default\">Royals at War<\/h4>\t\t<\/div>\n\t\t\t\t<\/div>\n\t\t\t\t<div class=\"elementor-element elementor-element-e68bb40 elementor-invisible elementor-widget elementor-widget-heading\" data-id=\"e68bb40\" data-element_type=\"widget\" data-settings=\"{&quot;_animation&quot;:&quot;fadeInUp&quot;}\" data-widget_type=\"heading.default\">\n\t\t\t\t<div class=\"elementor-widget-container\">\n\t\t\t<h6 class=\"elementor-heading-title elementor-size-small\">2020<\/h6>\t\t<\/div>\n\t\t\t\t<\/div>\n\t\t\t\t<div class=\"elementor-element elementor-element-d4fb1de elementor-invisible elementor-widget elementor-widget-text-editor\" data-id=\"d4fb1de\" data-element_type=\"widget\" data-settings=\"{&quot;_animation&quot;:&quot;fadeInUp&quot;}\" data-widget_type=\"text-editor.default\">\n\t\t\t\t<div class=\"elementor-widget-container\">\n\t\t\t\t\t\t\t<p>Confronted with Hitler and Mussolini, how will Europe&#8217;s monarchs react? To save their throne, they had to make a choice: resist or collaborate.<\/p>\t\t\t\t\t\t<\/div>\n\t\t\t\t<\/div>\n\t\t\t\t<div class=\"elementor-element elementor-element-ee1ffc7 elementor-invisible elementor-widget elementor-widget-text-editor\" data-id=\"ee1ffc7\" data-element_type=\"widget\" data-settings=\"{&quot;_animation&quot;:&quot;fadeInUp&quot;}\" data-widget_type=\"text-editor.default\">\n\t\t\t\t<div class=\"elementor-widget-container\">\n\t\t\t\t\t\t\t<p>Topics: World War II, Europe, Monarchies, Resistance, Collaboration<\/p>\t\t\t\t\t\t<\/div>\n\t\t\t\t<\/div>\n\t\t\t\t<div class=\"elementor-element elementor-element-20fd983 elementor-widget__width-auto elementor-invisible elementor-widget elementor-widget-pelicula_core_button\" data-id=\"20fd983\" data-element_type=\"widget\" data-settings=\"{&quot;_animation&quot;:&quot;fadeInUp&quot;}\" data-widget_type=\"pelicula_core_button.default\">\n\t\t\t\t<div class=\"elementor-widget-container\">\n\t\t\t<a class=\"qodef-shortcode qodef-m  qodef-button qodef-layout--filled  qodef-html--link\" href=\"https:\/\/www.lesfilmsdelamemoire.be\/en\/films\/royals-at-war\/\" target=\"_self\" data-hover-color=\"#000000\" data-hover-background-color=\"#FFFFFF\" data-background-color=\"#000000\" style=\"background-color: #000000\">\n\t<span class=\"qodef-m-text\">Learn More<\/span>\n<\/a>\t\t<\/div>\n\t\t\t\t<\/div>\n\t\t\t\t\t<\/div>\n\t\t<\/div>\n\t\t\t\t\t\t\t<\/div>\n\t\t<\/section>\n\t\t\t\t<div class=\"elementor-element elementor-element-4f40b07 elementor-widget-divider--view-line elementor-widget elementor-widget-divider\" data-id=\"4f40b07\" data-element_type=\"widget\" data-widget_type=\"divider.default\">\n\t\t\t\t<div class=\"elementor-widget-container\">\n\t\t\t\t\t<div class=\"elementor-divider\">\n\t\t\t<span class=\"elementor-divider-separator\">\n\t\t\t\t\t\t<\/span>\n\t\t<\/div>\n\t\t\t\t<\/div>\n\t\t\t\t<\/div>\n\t\t\t\t<section class=\"elementor-section elementor-inner-section elementor-element elementor-element-678b133 elementor-section-boxed elementor-section-height-default elementor-section-height-default qodef-elementor-content-no\" data-id=\"678b133\" data-element_type=\"section\">\n\t\t\t\t\t\t<div class=\"elementor-container elementor-column-gap-default\">\n\t\t\t\t\t<div class=\"elementor-column elementor-col-50 elementor-inner-column elementor-element elementor-element-13fcd84\" data-id=\"13fcd84\" data-element_type=\"column\">\n\t\t\t<div class=\"elementor-widget-wrap elementor-element-populated\">\n\t\t\t\t\t\t\t\t<div class=\"elementor-element elementor-element-494caf9 elementor-invisible elementor-widget elementor-widget-image\" data-id=\"494caf9\" data-element_type=\"widget\" data-settings=\"{&quot;_animation&quot;:&quot;fadeInUp&quot;}\" data-widget_type=\"image.default\">\n\t\t\t\t<div class=\"elementor-widget-container\">\n\t\t\t\t\t\t\t\t\t\t\t\t\t\t\t<img loading=\"lazy\" decoding=\"async\" width=\"960\" height=\"540\" src=\"https:\/\/www.lesfilmsdelamemoire.be\/wp-content\/uploads\/2023\/01\/Vimeo-VOD-Featured-Siegi-Hirsch.jpg\" class=\"attachment-large size-large wp-image-6664\" alt=\"\" srcset=\"https:\/\/www.lesfilmsdelamemoire.be\/wp-content\/uploads\/2023\/01\/Vimeo-VOD-Featured-Siegi-Hirsch.jpg 960w, https:\/\/www.lesfilmsdelamemoire.be\/wp-content\/uploads\/2023\/01\/Vimeo-VOD-Featured-Siegi-Hirsch-300x169.jpg 300w, https:\/\/www.lesfilmsdelamemoire.be\/wp-content\/uploads\/2023\/01\/Vimeo-VOD-Featured-Siegi-Hirsch-768x432.jpg 768w, https:\/\/www.lesfilmsdelamemoire.be\/wp-content\/uploads\/2023\/01\/Vimeo-VOD-Featured-Siegi-Hirsch-600x338.jpg 600w\" sizes=\"auto, (max-width: 960px) 100vw, 960px\" \/>\t\t\t\t\t\t\t\t\t\t\t\t\t\t\t<\/div>\n\t\t\t\t<\/div>\n\t\t\t\t\t<\/div>\n\t\t<\/div>\n\t\t\t\t<div class=\"elementor-column elementor-col-50 elementor-inner-column elementor-element elementor-element-6d5eca6\" data-id=\"6d5eca6\" data-element_type=\"column\">\n\t\t\t<div class=\"elementor-widget-wrap elementor-element-populated\">\n\t\t\t\t\t\t\t\t<div class=\"elementor-element elementor-element-34003f7 elementor-invisible elementor-widget elementor-widget-heading\" data-id=\"34003f7\" data-element_type=\"widget\" data-settings=\"{&quot;_animation&quot;:&quot;fadeInUp&quot;}\" data-widget_type=\"heading.default\">\n\t\t\t\t<div class=\"elementor-widget-container\">\n\t\t\t<h4 class=\"elementor-heading-title elementor-size-default\">Siegi Hirsch <br>Weaving Human Relations<\/h4>\t\t<\/div>\n\t\t\t\t<\/div>\n\t\t\t\t<div class=\"elementor-element elementor-element-ec3aed6 elementor-invisible elementor-widget elementor-widget-heading\" data-id=\"ec3aed6\" data-element_type=\"widget\" data-settings=\"{&quot;_animation&quot;:&quot;fadeInUp&quot;}\" data-widget_type=\"heading.default\">\n\t\t\t\t<div class=\"elementor-widget-container\">\n\t\t\t<h6 class=\"elementor-heading-title elementor-size-small\">2005<\/h6>\t\t<\/div>\n\t\t\t\t<\/div>\n\t\t\t\t<div class=\"elementor-element elementor-element-f206b70 elementor-invisible elementor-widget elementor-widget-text-editor\" data-id=\"f206b70\" data-element_type=\"widget\" data-settings=\"{&quot;_animation&quot;:&quot;fadeInUp&quot;}\" data-widget_type=\"text-editor.default\">\n\t\t\t\t<div class=\"elementor-widget-container\">\n\t\t\t\t\t\t\t<p>Siegi Hirsch has had a major influence on European psychiatry and psychotherapy. Educator, trainer, therapist, he lives to help others live better. He&#8217;s a thief of ideas, an &#8220;irreferent&#8221;!<\/p>\t\t\t\t\t\t<\/div>\n\t\t\t\t<\/div>\n\t\t\t\t<div class=\"elementor-element elementor-element-306e858 elementor-invisible elementor-widget elementor-widget-text-editor\" data-id=\"306e858\" data-element_type=\"widget\" data-settings=\"{&quot;_animation&quot;:&quot;fadeInUp&quot;}\" data-widget_type=\"text-editor.default\">\n\t\t\t\t<div class=\"elementor-widget-container\">\n\t\t\t\t\t\t\t<p>Topics: Portrait, Shoah, Auschwitz, Resilience, Therapist, Psychologist<\/p>\t\t\t\t\t\t<\/div>\n\t\t\t\t<\/div>\n\t\t\t\t<div class=\"elementor-element elementor-element-b4524f5 elementor-widget__width-auto elementor-invisible elementor-widget elementor-widget-pelicula_core_button\" data-id=\"b4524f5\" data-element_type=\"widget\" data-settings=\"{&quot;_animation&quot;:&quot;fadeInUp&quot;}\" data-widget_type=\"pelicula_core_button.default\">\n\t\t\t\t<div class=\"elementor-widget-container\">\n\t\t\t<a class=\"qodef-shortcode qodef-m  qodef-button qodef-layout--filled  qodef-html--link\" href=\"https:\/\/www.lesfilmsdelamemoire.be\/en\/films\/siegi-hirsch-weaving-human-relations\/\" target=\"_self\" data-hover-color=\"#000000\" data-hover-background-color=\"#FFFFFF\" data-background-color=\"#000000\" style=\"background-color: #000000\">\n\t<span class=\"qodef-m-text\">Learn More<\/span>\n<\/a>\t\t<\/div>\n\t\t\t\t<\/div>\n\t\t\t\t\t<\/div>\n\t\t<\/div>\n\t\t\t\t\t\t\t<\/div>\n\t\t<\/section>\n\t\t\t\t<div class=\"elementor-element elementor-element-4a23c2f elementor-widget-divider--view-line elementor-widget elementor-widget-divider\" data-id=\"4a23c2f\" data-element_type=\"widget\" data-widget_type=\"divider.default\">\n\t\t\t\t<div class=\"elementor-widget-container\">\n\t\t\t\t\t<div class=\"elementor-divider\">\n\t\t\t<span class=\"elementor-divider-separator\">\n\t\t\t\t\t\t<\/span>\n\t\t<\/div>\n\t\t\t\t<\/div>\n\t\t\t\t<\/div>\n\t\t\t\t<section class=\"elementor-section elementor-inner-section elementor-element elementor-element-5a8772e elementor-section-boxed elementor-section-height-default elementor-section-height-default qodef-elementor-content-no\" data-id=\"5a8772e\" data-element_type=\"section\">\n\t\t\t\t\t\t<div class=\"elementor-container elementor-column-gap-default\">\n\t\t\t\t\t<div class=\"elementor-column elementor-col-50 elementor-inner-column elementor-element elementor-element-18bf4d3\" data-id=\"18bf4d3\" data-element_type=\"column\">\n\t\t\t<div class=\"elementor-widget-wrap elementor-element-populated\">\n\t\t\t\t\t\t\t\t<div class=\"elementor-element elementor-element-119dfdc elementor-invisible elementor-widget elementor-widget-image\" data-id=\"119dfdc\" data-element_type=\"widget\" data-settings=\"{&quot;_animation&quot;:&quot;fadeInUp&quot;}\" data-widget_type=\"image.default\">\n\t\t\t\t<div class=\"elementor-widget-container\">\n\t\t\t\t\t\t\t\t\t\t\t\t\t\t\t<img loading=\"lazy\" decoding=\"async\" width=\"960\" height=\"540\" src=\"https:\/\/www.lesfilmsdelamemoire.be\/wp-content\/uploads\/2023\/01\/Victor-Martin-Featured-Image.jpg\" class=\"attachment-large size-large wp-image-6750\" alt=\"\" srcset=\"https:\/\/www.lesfilmsdelamemoire.be\/wp-content\/uploads\/2023\/01\/Victor-Martin-Featured-Image.jpg 960w, https:\/\/www.lesfilmsdelamemoire.be\/wp-content\/uploads\/2023\/01\/Victor-Martin-Featured-Image-300x169.jpg 300w, https:\/\/www.lesfilmsdelamemoire.be\/wp-content\/uploads\/2023\/01\/Victor-Martin-Featured-Image-768x432.jpg 768w, https:\/\/www.lesfilmsdelamemoire.be\/wp-content\/uploads\/2023\/01\/Victor-Martin-Featured-Image-600x338.jpg 600w\" sizes=\"auto, (max-width: 960px) 100vw, 960px\" \/>\t\t\t\t\t\t\t\t\t\t\t\t\t\t\t<\/div>\n\t\t\t\t<\/div>\n\t\t\t\t\t<\/div>\n\t\t<\/div>\n\t\t\t\t<div class=\"elementor-column elementor-col-50 elementor-inner-column elementor-element elementor-element-9f1c5a6\" data-id=\"9f1c5a6\" data-element_type=\"column\">\n\t\t\t<div class=\"elementor-widget-wrap elementor-element-populated\">\n\t\t\t\t\t\t\t\t<div class=\"elementor-element elementor-element-71747e9 elementor-invisible elementor-widget elementor-widget-heading\" data-id=\"71747e9\" data-element_type=\"widget\" data-settings=\"{&quot;_animation&quot;:&quot;fadeInUp&quot;}\" data-widget_type=\"heading.default\">\n\t\t\t\t<div class=\"elementor-widget-container\">\n\t\t\t<h4 class=\"elementor-heading-title elementor-size-default\">Victor Martin's Mission<\/h4>\t\t<\/div>\n\t\t\t\t<\/div>\n\t\t\t\t<div class=\"elementor-element elementor-element-a145c21 elementor-invisible elementor-widget elementor-widget-heading\" data-id=\"a145c21\" data-element_type=\"widget\" data-settings=\"{&quot;_animation&quot;:&quot;fadeInUp&quot;}\" data-widget_type=\"heading.default\">\n\t\t\t\t<div class=\"elementor-widget-container\">\n\t\t\t<h6 class=\"elementor-heading-title elementor-size-small\">2000<\/h6>\t\t<\/div>\n\t\t\t\t<\/div>\n\t\t\t\t<div class=\"elementor-element elementor-element-e616c40 elementor-invisible elementor-widget elementor-widget-text-editor\" data-id=\"e616c40\" data-element_type=\"widget\" data-settings=\"{&quot;_animation&quot;:&quot;fadeInUp&quot;}\" data-widget_type=\"text-editor.default\">\n\t\t\t\t<div class=\"elementor-widget-container\">\n\t\t\t\t\t\t\t<p>October 1942, Victor Martin is sent by the Belgian resistance to Germany to see with his own eyes where the trains deporting Belgium&#8217;s Jews go. His mission takes him to the gates of Auschwitz.<\/p>\t\t\t\t\t\t<\/div>\n\t\t\t\t<\/div>\n\t\t\t\t<div class=\"elementor-element elementor-element-3456b62 elementor-invisible elementor-widget elementor-widget-text-editor\" data-id=\"3456b62\" data-element_type=\"widget\" data-settings=\"{&quot;_animation&quot;:&quot;fadeInUp&quot;}\" data-widget_type=\"text-editor.default\">\n\t\t\t\t<div class=\"elementor-widget-container\">\n\t\t\t\t\t\t\t<p>Topics: Belgium, Deportation, Shoah, Resistance, Espionage, World War II<\/p>\t\t\t\t\t\t<\/div>\n\t\t\t\t<\/div>\n\t\t\t\t<div class=\"elementor-element elementor-element-669d7d7 elementor-widget__width-auto elementor-invisible elementor-widget elementor-widget-pelicula_core_button\" data-id=\"669d7d7\" data-element_type=\"widget\" data-settings=\"{&quot;_animation&quot;:&quot;fadeInUp&quot;}\" data-widget_type=\"pelicula_core_button.default\">\n\t\t\t\t<div class=\"elementor-widget-container\">\n\t\t\t<a class=\"qodef-shortcode qodef-m  qodef-button qodef-layout--filled  qodef-html--link\" href=\"https:\/\/www.lesfilmsdelamemoire.be\/en\/films\/victor-martins-mission\/\" target=\"_self\" data-hover-color=\"#000000\" data-hover-background-color=\"#FFFFFF\" data-background-color=\"#000000\" style=\"background-color: #000000\">\n\t<span class=\"qodef-m-text\">Learn More<\/span>\n<\/a>\t\t<\/div>\n\t\t\t\t<\/div>\n\t\t\t\t\t<\/div>\n\t\t<\/div>\n\t\t\t\t\t\t\t<\/div>\n\t\t<\/section>\n\t\t\t\t<div class=\"elementor-element elementor-element-87e47c9 elementor-widget-divider--view-line elementor-widget elementor-widget-divider\" data-id=\"87e47c9\" data-element_type=\"widget\" data-widget_type=\"divider.default\">\n\t\t\t\t<div class=\"elementor-widget-container\">\n\t\t\t\t\t<div class=\"elementor-divider\">\n\t\t\t<span class=\"elementor-divider-separator\">\n\t\t\t\t\t\t<\/span>\n\t\t<\/div>\n\t\t\t\t<\/div>\n\t\t\t\t<\/div>\n\t\t\t\t<section class=\"elementor-section elementor-inner-section elementor-element elementor-element-c9772cf elementor-section-boxed elementor-section-height-default elementor-section-height-default qodef-elementor-content-no\" data-id=\"c9772cf\" data-element_type=\"section\">\n\t\t\t\t\t\t<div class=\"elementor-container elementor-column-gap-default\">\n\t\t\t\t\t<div class=\"elementor-column elementor-col-50 elementor-inner-column elementor-element elementor-element-d49b4f4\" data-id=\"d49b4f4\" data-element_type=\"column\">\n\t\t\t<div class=\"elementor-widget-wrap elementor-element-populated\">\n\t\t\t\t\t\t\t\t<div class=\"elementor-element elementor-element-86b0967 elementor-invisible elementor-widget elementor-widget-image\" data-id=\"86b0967\" data-element_type=\"widget\" data-settings=\"{&quot;_animation&quot;:&quot;fadeInUp&quot;}\" data-widget_type=\"image.default\">\n\t\t\t\t<div class=\"elementor-widget-container\">\n\t\t\t\t\t\t\t\t\t\t\t\t\t\t\t<img loading=\"lazy\" decoding=\"async\" width=\"960\" height=\"540\" src=\"https:\/\/www.lesfilmsdelamemoire.be\/wp-content\/uploads\/2023\/01\/Yiddish-Soul-Featured-Image.jpg\" class=\"attachment-large size-large wp-image-6640\" alt=\"\" srcset=\"https:\/\/www.lesfilmsdelamemoire.be\/wp-content\/uploads\/2023\/01\/Yiddish-Soul-Featured-Image.jpg 960w, https:\/\/www.lesfilmsdelamemoire.be\/wp-content\/uploads\/2023\/01\/Yiddish-Soul-Featured-Image-300x169.jpg 300w, https:\/\/www.lesfilmsdelamemoire.be\/wp-content\/uploads\/2023\/01\/Yiddish-Soul-Featured-Image-768x432.jpg 768w, https:\/\/www.lesfilmsdelamemoire.be\/wp-content\/uploads\/2023\/01\/Yiddish-Soul-Featured-Image-600x338.jpg 600w\" sizes=\"auto, (max-width: 960px) 100vw, 960px\" \/>\t\t\t\t\t\t\t\t\t\t\t\t\t\t\t<\/div>\n\t\t\t\t<\/div>\n\t\t\t\t\t<\/div>\n\t\t<\/div>\n\t\t\t\t<div class=\"elementor-column elementor-col-50 elementor-inner-column elementor-element elementor-element-1144bf9\" data-id=\"1144bf9\" data-element_type=\"column\">\n\t\t\t<div class=\"elementor-widget-wrap elementor-element-populated\">\n\t\t\t\t\t\t\t\t<div class=\"elementor-element elementor-element-7437047 elementor-invisible elementor-widget elementor-widget-heading\" data-id=\"7437047\" data-element_type=\"widget\" data-settings=\"{&quot;_animation&quot;:&quot;fadeInUp&quot;}\" data-widget_type=\"heading.default\">\n\t\t\t\t<div class=\"elementor-widget-container\">\n\t\t\t<h4 class=\"elementor-heading-title elementor-size-default\">Yiddish Soul<\/h4>\t\t<\/div>\n\t\t\t\t<\/div>\n\t\t\t\t<div class=\"elementor-element elementor-element-36470f8 elementor-invisible elementor-widget elementor-widget-heading\" data-id=\"36470f8\" data-element_type=\"widget\" data-settings=\"{&quot;_animation&quot;:&quot;fadeInUp&quot;}\" data-widget_type=\"heading.default\">\n\t\t\t\t<div class=\"elementor-widget-container\">\n\t\t\t<h6 class=\"elementor-heading-title elementor-size-small\">2006<\/h6>\t\t<\/div>\n\t\t\t\t<\/div>\n\t\t\t\t<div class=\"elementor-element elementor-element-87c5192 elementor-invisible elementor-widget elementor-widget-text-editor\" data-id=\"87c5192\" data-element_type=\"widget\" data-settings=\"{&quot;_animation&quot;:&quot;fadeInUp&quot;}\" data-widget_type=\"text-editor.default\">\n\t\t\t\t<div class=\"elementor-widget-container\">\n\t\t\t\t\t\t\t<p>Yiddish Soul is a journey to the heart of the renaissance of Yiddish song, through the passion of Karsten Troyke, Shura Lipovsky, and the KlezRoym, young European artists.<\/p>\t\t\t\t\t\t<\/div>\n\t\t\t\t<\/div>\n\t\t\t\t<div class=\"elementor-element elementor-element-7fc507e elementor-invisible elementor-widget elementor-widget-text-editor\" data-id=\"7fc507e\" data-element_type=\"widget\" data-settings=\"{&quot;_animation&quot;:&quot;fadeInUp&quot;}\" data-widget_type=\"text-editor.default\">\n\t\t\t\t<div class=\"elementor-widget-container\">\n\t\t\t\t\t\t\t<p>Topics: Music, Songs, Yiddish Jewish Culture, Concerts, Europe<\/p>\t\t\t\t\t\t<\/div>\n\t\t\t\t<\/div>\n\t\t\t\t<div class=\"elementor-element elementor-element-60f29de elementor-widget__width-auto elementor-invisible elementor-widget elementor-widget-pelicula_core_button\" data-id=\"60f29de\" data-element_type=\"widget\" data-settings=\"{&quot;_animation&quot;:&quot;fadeInUp&quot;}\" data-widget_type=\"pelicula_core_button.default\">\n\t\t\t\t<div class=\"elementor-widget-container\">\n\t\t\t<a class=\"qodef-shortcode qodef-m  qodef-button qodef-layout--filled  qodef-html--link\" href=\"https:\/\/www.lesfilmsdelamemoire.be\/en\/films\/yiddish-soul\/\" target=\"_self\" data-hover-color=\"#000000\" data-hover-background-color=\"#FFFFFF\" data-background-color=\"#000000\" style=\"background-color: #000000\">\n\t<span class=\"qodef-m-text\">Learn More<\/span>\n<\/a>\t\t<\/div>\n\t\t\t\t<\/div>\n\t\t\t\t\t<\/div>\n\t\t<\/div>\n\t\t\t\t\t\t\t<\/div>\n\t\t<\/section>\n\t\t\t\t<div class=\"elementor-element elementor-element-abebb24 elementor-widget-divider--view-line elementor-widget elementor-widget-divider\" data-id=\"abebb24\" data-element_type=\"widget\" data-widget_type=\"divider.default\">\n\t\t\t\t<div class=\"elementor-widget-container\">\n\t\t\t\t\t<div class=\"elementor-divider\">\n\t\t\t<span class=\"elementor-divider-separator\">\n\t\t\t\t\t\t<\/span>\n\t\t<\/div>\n\t\t\t\t<\/div>\n\t\t\t\t<\/div>\n\t\t\t\t\t<\/div>\n\t\t<\/div>\n\t\t\t\t\t\t\t<\/div>\n\t\t<\/section>\n\t\t\t\t\t\t\t<\/div>\n\t\t","protected":false},"excerpt":{"rendered":"<p>Introduction ZAKHOR! REMEMBER! As a society, we must not forget the lessons we have learnt from the past. The substance of our democracies and civic education depend on it. Willy Perelsztejn and his sister Diane have dedicated their professional lives to developing tools that help people understand the past. In over 35 years of audiovisual [&hellip;]<\/p>\n","protected":false},"author":1,"featured_media":0,"parent":0,"menu_order":0,"comment_status":"closed","ping_status":"closed","template":"","meta":{"_themeisle_gutenberg_block_has_review":false,"footnotes":""},"class_list":["post-9032","page","type-page","status-publish","hentry"],"_links":{"self":[{"href":"https:\/\/www.lesfilmsdelamemoire.be\/en\/wp-json\/wp\/v2\/pages\/9032","targetHints":{"allow":["GET"]}}],"collection":[{"href":"https:\/\/www.lesfilmsdelamemoire.be\/en\/wp-json\/wp\/v2\/pages"}],"about":[{"href":"https:\/\/www.lesfilmsdelamemoire.be\/en\/wp-json\/wp\/v2\/types\/page"}],"author":[{"embeddable":true,"href":"https:\/\/www.lesfilmsdelamemoire.be\/en\/wp-json\/wp\/v2\/users\/1"}],"replies":[{"embeddable":true,"href":"https:\/\/www.lesfilmsdelamemoire.be\/en\/wp-json\/wp\/v2\/comments?post=9032"}],"version-history":[{"count":57,"href":"https:\/\/www.lesfilmsdelamemoire.be\/en\/wp-json\/wp\/v2\/pages\/9032\/revisions"}],"predecessor-version":[{"id":9944,"href":"https:\/\/www.lesfilmsdelamemoire.be\/en\/wp-json\/wp\/v2\/pages\/9032\/revisions\/9944"}],"wp:attachment":[{"href":"https:\/\/www.lesfilmsdelamemoire.be\/en\/wp-json\/wp\/v2\/media?parent=9032"}],"curies":[{"name":"wp","href":"https:\/\/api.w.org\/{rel}","templated":true}]}}